{"id":2787,"date":"2023-08-30T11:52:30","date_gmt":"2023-08-30T09:52:30","guid":{"rendered":"https:\/\/ebac-auto.be\/kia\/modelle\/niro\/"},"modified":"2026-01-01T17:49:13","modified_gmt":"2026-01-01T16:49:13","slug":"niro","status":"publish","type":"page","link":"https:\/\/ebac-auto.be\/de\/kia\/modelle\/niro\/","title":{"rendered":"Niro"},"content":{"rendered":"\t\t<div data-elementor-type=\"wp-page\" data-elementor-id=\"2787\" class=\"elementor elementor-2787 elementor-2348\" data-elementor-settings=\"{&quot;ha_cmc_init_switcher&quot;:&quot;no&quot;}\" data-elementor-post-type=\"page\">\n\t\t\t\t\t\t<section class=\"elementor-section elementor-top-section elementor-element elementor-element-a27df09 elementor-section-height-min-height elementor-section-boxed elementor-section-height-default elementor-section-items-middle\" data-id=\"a27df09\" data-element_type=\"section\" data-e-type=\"section\" data-settings=\"{&quot;background_background&quot;:&quot;classic&quot;,&quot;background_motion_fx_motion_fx_scrolling&quot;:&quot;yes&quot;,&quot;background_motion_fx_translateY_effect&quot;:&quot;yes&quot;,&quot;background_motion_fx_translateY_speed&quot;:{&quot;unit&quot;:&quot;px&quot;,&quot;size&quot;:4,&quot;sizes&quot;:[]},&quot;background_motion_fx_translateY_affectedRange&quot;:{&quot;unit&quot;:&quot;%&quot;,&quot;size&quot;:&quot;&quot;,&quot;sizes&quot;:{&quot;start&quot;:0,&quot;end&quot;:100}},&quot;background_motion_fx_devices&quot;:[&quot;desktop&quot;,&quot;tablet&quot;,&quot;mobile&quot;]}\">\n\t\t\t\t\t\t\t<div class=\"elementor-background-overlay\"><\/div>\n\t\t\t\t\t\t\t<div class=\"elementor-container elementor-column-gap-default\">\n\t\t\t\t\t<div class=\"elementor-column elementor-col-100 elementor-top-column elementor-element elementor-element-5469dea\" data-id=\"5469dea\" data-element_type=\"column\" data-e-type=\"column\">\n\t\t\t<div class=\"elementor-widget-wrap elementor-element-populated\">\n\t\t\t\t\t\t<div class=\"elementor-element elementor-element-048ec3e elementor-widget elementor-widget-heading\" data-id=\"048ec3e\" data-element_type=\"widget\" data-e-type=\"widget\" data-widget_type=\"heading.default\">\n\t\t\t\t<div class=\"elementor-widget-container\">\n\t\t\t\t\t<h1 class=\"elementor-heading-title elementor-size-default\">Niro<\/h1>\t\t\t\t<\/div>\n\t\t\t\t<\/div>\n\t\t\t\t<div class=\"elementor-element elementor-element-d594e30 elementor-widget elementor-widget-heading\" data-id=\"d594e30\" data-element_type=\"widget\" data-e-type=\"widget\" data-widget_type=\"heading.default\">\n\t\t\t\t<div class=\"elementor-widget-container\">\n\t\t\t\t\t<h2 class=\"elementor-heading-title elementor-size-default\">Machen Sie Platz f\u00fcr Gro\u00dfartiges.<\/h2>\t\t\t\t<\/div>\n\t\t\t\t<\/div>\n\t\t\t\t<div class=\"elementor-element elementor-element-5495f2f elementor-widget elementor-widget-shortcode\" data-id=\"5495f2f\" data-element_type=\"widget\" data-e-type=\"widget\" data-widget_type=\"shortcode.default\">\n\t\t\t\t<div class=\"elementor-widget-container\">\n\t\t\t\t\t\t\t<div class=\"elementor-shortcode\"><div class=\"elementor-element elementor-element-b775e88 elementor-align-center elementor-widget elementor-widget-button stock_cars_cta\" data-id=\"b775e88\" data-element_type=\"widget\" data-widget_type=\"button.default\"><div class=\"elementor-widget-container\"><div class=\"elementor-button-wrapper\"><a class=\"elementor-button elementor-button-link elementor-size-sm no-bg-color\" href=\"#stock\"><span class=\"elementor-button-content-wrapper\"><span class=\"elementor-button-text\">Entdecken Sie unseren Fahrzeugbestand<\/span><\/span><\/a><\/div><\/div><\/div><\/div>\n\t\t\t\t\t\t<\/div>\n\t\t\t\t<\/div>\n\t\t\t\t\t<\/div>\n\t\t<\/div>\n\t\t\t\t\t<\/div>\n\t\t<\/section>\n\t\t\t\t<section class=\"elementor-section elementor-top-section elementor-element elementor-element-392ce95 elementor-section-boxed elementor-section-height-default elementor-section-height-default\" data-id=\"392ce95\" data-element_type=\"section\" data-e-type=\"section\">\n\t\t\t\t\t\t<div class=\"elementor-container elementor-column-gap-default\">\n\t\t\t\t\t<div class=\"elementor-column elementor-col-100 elementor-top-column elementor-element elementor-element-96b60bd\" data-id=\"96b60bd\" data-element_type=\"column\" data-e-type=\"column\">\n\t\t\t<div class=\"elementor-widget-wrap elementor-element-populated\">\n\t\t\t\t\t\t<div class=\"elementor-element elementor-element-3f32f12 elementor-widget elementor-widget-heading\" data-id=\"3f32f12\" data-element_type=\"widget\" data-e-type=\"widget\" data-widget_type=\"heading.default\">\n\t\t\t\t<div class=\"elementor-widget-container\">\n\t\t\t\t\t<h2 class=\"elementor-heading-title elementor-size-default\">Entdecken Sie die Kia Niro-Reihe.<\/h2>\t\t\t\t<\/div>\n\t\t\t\t<\/div>\n\t\t\t\t<div class=\"elementor-element elementor-element-6465679 elementor-widget elementor-widget-text-editor\" data-id=\"6465679\" data-element_type=\"widget\" data-e-type=\"widget\" data-widget_type=\"text-editor.default\">\n\t\t\t\t<div class=\"elementor-widget-container\">\n\t\t\t\t\t\t\t\t\t<p><strong>F\u00fcr Zukunftsorientierte, die neugierig sind auf neue Dinge, die sinnvoll und nachhaltig sind.<\/strong><\/p>\n<p>Machen Sie Platz f\u00fcr einen Crossover mit einem Herz f\u00fcr Innovationen. Eine Karosserie mit robustem und selbstbewusstem Design. Ein ger\u00e4umiger, aber dennoch minimalistischer Innenraum. Und futuristisch in seiner fortschrittlichen Technologie, Konnektivit\u00e4t und Sicherheit. W\u00e4hlen Sie zwischen dem vollelektrischen Niro EV, dem Niro Hybrid und dem Niro Plug-in-Hybrid.<\/p>\n\t\t\t\t\t\t\t\t<\/div>\n\t\t\t\t<\/div>\n\t\t\t\t<div class=\"elementor-element elementor-element-8a154f0 elementor-widget elementor-widget-text-editor\" data-id=\"8a154f0\" data-element_type=\"widget\" data-e-type=\"widget\" data-widget_type=\"text-editor.default\">\n\t\t\t\t<div class=\"elementor-widget-container\">\n\t\t\t\t\t\t\t\t\t<p>EasyMove:<br \/><strong>ab 229 \u20ac \/ Monat*<\/strong><\/p><p>Letzte erh\u00f6hte Monatsrate: 12.225,00 \u20ac<\/p>\t\t\t\t\t\t\t\t<\/div>\n\t\t\t\t<\/div>\n\t\t\t\t<div class=\"elementor-element elementor-element-391c4f7 elementor-align-center elementor-widget elementor-widget-button\" data-id=\"391c4f7\" data-element_type=\"widget\" data-e-type=\"widget\" data-widget_type=\"button.default\">\n\t\t\t\t<div class=\"elementor-widget-container\">\n\t\t\t\t\t\t\t\t\t<div class=\"elementor-button-wrapper\">\n\t\t\t\t\t<a class=\"elementor-button elementor-button-link elementor-size-sm\" href=\"#form\">\n\t\t\t\t\t\t<span class=\"elementor-button-content-wrapper\">\n\t\t\t\t\t\t\t\t\t<span class=\"elementor-button-text\">Angebot erhalten<\/span>\n\t\t\t\t\t<\/span>\n\t\t\t\t\t<\/a>\n\t\t\t\t<\/div>\n\t\t\t\t\t\t\t\t<\/div>\n\t\t\t\t<\/div>\n\t\t\t\t\t<\/div>\n\t\t<\/div>\n\t\t\t\t\t<\/div>\n\t\t<\/section>\n\t\t\t\t<section class=\"elementor-section elementor-top-section elementor-element elementor-element-b4f8e13 elementor-section-boxed elementor-section-height-default elementor-section-height-default\" data-id=\"b4f8e13\" data-element_type=\"section\" data-e-type=\"section\">\n\t\t\t\t\t\t<div class=\"elementor-container elementor-column-gap-default\">\n\t\t\t\t\t<div class=\"elementor-column elementor-col-100 elementor-top-column elementor-element elementor-element-f7b4046\" data-id=\"f7b4046\" data-element_type=\"column\" data-e-type=\"column\">\n\t\t\t<div class=\"elementor-widget-wrap elementor-element-populated\">\n\t\t\t\t\t\t<section class=\"elementor-section elementor-inner-section elementor-element elementor-element-ecee5f5 elementor-section-boxed elementor-section-height-default elementor-section-height-default\" data-id=\"ecee5f5\" data-element_type=\"section\" data-e-type=\"section\">\n\t\t\t\t\t\t<div class=\"elementor-container elementor-column-gap-default\">\n\t\t\t\t\t<div class=\"elementor-column elementor-col-50 elementor-inner-column elementor-element elementor-element-462f3cb\" data-id=\"462f3cb\" data-element_type=\"column\" data-e-type=\"column\">\n\t\t\t<div class=\"elementor-widget-wrap elementor-element-populated\">\n\t\t\t\t\t\t<div class=\"elementor-element elementor-element-7a3085a elementor-widget elementor-widget-heading\" data-id=\"7a3085a\" data-element_type=\"widget\" data-e-type=\"widget\" data-widget_type=\"heading.default\">\n\t\t\t\t<div class=\"elementor-widget-container\">\n\t\t\t\t\t<h2 class=\"elementor-heading-title elementor-size-default\">Au\u00dfen<\/h2>\t\t\t\t<\/div>\n\t\t\t\t<\/div>\n\t\t\t\t<div class=\"elementor-element elementor-element-383cac0 elementor-arrows-position-inside elementor-widget elementor-widget-image-carousel\" data-id=\"383cac0\" data-element_type=\"widget\" data-e-type=\"widget\" data-settings=\"{&quot;slides_to_show&quot;:&quot;1&quot;,&quot;navigation&quot;:&quot;arrows&quot;,&quot;lazyload&quot;:&quot;yes&quot;,&quot;autoplay_speed&quot;:2000,&quot;autoplay&quot;:&quot;yes&quot;,&quot;pause_on_hover&quot;:&quot;yes&quot;,&quot;pause_on_interaction&quot;:&quot;yes&quot;,&quot;infinite&quot;:&quot;yes&quot;,&quot;effect&quot;:&quot;slide&quot;,&quot;speed&quot;:500}\" data-widget_type=\"image-carousel.default\">\n\t\t\t\t<div class=\"elementor-widget-container\">\n\t\t\t\t\t\t\t<div class=\"elementor-image-carousel-wrapper swiper\" role=\"region\" aria-roledescription=\"carousel\" aria-label=\"Carrousel d\u2019images\" dir=\"ltr\">\n\t\t\t<div class=\"elementor-image-carousel swiper-wrapper swiper-image-stretch\" aria-live=\"off\">\n\t\t\t\t\t\t\t\t<div class=\"swiper-slide\" role=\"group\" aria-roledescription=\"slide\" aria-label=\"1 von 5\"><figure class=\"swiper-slide-inner\"><img class=\"swiper-slide-image swiper-lazy\" data-src=\"https:\/\/ebac-auto.be\/wp-content\/uploads\/2023\/08\/kia-niro-exterieur-1-min-768x432.jpg\" alt=\"kia-niro-exterieur-1-min\" \/><div class=\"swiper-lazy-preloader\"><\/div><\/figure><\/div><div class=\"swiper-slide\" role=\"group\" aria-roledescription=\"slide\" aria-label=\"2 von 5\"><figure class=\"swiper-slide-inner\"><img class=\"swiper-slide-image swiper-lazy\" data-src=\"https:\/\/ebac-auto.be\/wp-content\/uploads\/2023\/08\/kia-niro-exterieur-2-min-768x432.jpg\" alt=\"kia-niro-exterieur-2-min\" \/><div class=\"swiper-lazy-preloader\"><\/div><\/figure><\/div><div class=\"swiper-slide\" role=\"group\" aria-roledescription=\"slide\" aria-label=\"3 von 5\"><figure class=\"swiper-slide-inner\"><img class=\"swiper-slide-image swiper-lazy\" data-src=\"https:\/\/ebac-auto.be\/wp-content\/uploads\/2023\/08\/kia-niro-exterieur-3-min-768x432.jpg\" alt=\"kia-niro-exterieur-3-min\" \/><div class=\"swiper-lazy-preloader\"><\/div><\/figure><\/div><div class=\"swiper-slide\" role=\"group\" aria-roledescription=\"slide\" aria-label=\"4 von 5\"><figure class=\"swiper-slide-inner\"><img class=\"swiper-slide-image swiper-lazy\" data-src=\"https:\/\/ebac-auto.be\/wp-content\/uploads\/2023\/08\/kia-niro-exterieur-4-min-768x432.jpg\" alt=\"kia-niro-exterieur-4-min\" \/><div class=\"swiper-lazy-preloader\"><\/div><\/figure><\/div><div class=\"swiper-slide\" role=\"group\" aria-roledescription=\"slide\" aria-label=\"5 von 5\"><figure class=\"swiper-slide-inner\"><img class=\"swiper-slide-image swiper-lazy\" data-src=\"https:\/\/ebac-auto.be\/wp-content\/uploads\/2023\/08\/kia-niro-exterieur-5-min-768x432.jpg\" alt=\"kia-niro-exterieur-5-min\" \/><div class=\"swiper-lazy-preloader\"><\/div><\/figure><\/div>\t\t\t<\/div>\n\t\t\t\t\t\t\t\t\t\t\t\t<div class=\"elementor-swiper-button elementor-swiper-button-prev\" role=\"button\" tabindex=\"0\">\n\t\t\t\t\t\t<i aria-hidden=\"true\" class=\"eicon-chevron-left\"><\/i>\t\t\t\t\t<\/div>\n\t\t\t\t\t<div class=\"elementor-swiper-button elementor-swiper-button-next\" role=\"button\" tabindex=\"0\">\n\t\t\t\t\t\t<i aria-hidden=\"true\" class=\"eicon-chevron-right\"><\/i>\t\t\t\t\t<\/div>\n\t\t\t\t\n\t\t\t\t\t\t\t\t\t<\/div>\n\t\t\t\t\t\t<\/div>\n\t\t\t\t<\/div>\n\t\t\t\t\t<\/div>\n\t\t<\/div>\n\t\t\t\t<div class=\"elementor-column elementor-col-50 elementor-inner-column elementor-element elementor-element-fc380d7\" data-id=\"fc380d7\" data-element_type=\"column\" data-e-type=\"column\">\n\t\t\t<div class=\"elementor-widget-wrap elementor-element-populated\">\n\t\t\t\t\t\t<div class=\"elementor-element elementor-element-f0bede6 elementor-widget elementor-widget-heading\" data-id=\"f0bede6\" data-element_type=\"widget\" data-e-type=\"widget\" data-widget_type=\"heading.default\">\n\t\t\t\t<div class=\"elementor-widget-container\">\n\t\t\t\t\t<h2 class=\"elementor-heading-title elementor-size-default\">Innen<\/h2>\t\t\t\t<\/div>\n\t\t\t\t<\/div>\n\t\t\t\t<div class=\"elementor-element elementor-element-6ae28cc elementor-arrows-position-inside elementor-widget elementor-widget-image-carousel\" data-id=\"6ae28cc\" data-element_type=\"widget\" data-e-type=\"widget\" data-settings=\"{&quot;slides_to_show&quot;:&quot;1&quot;,&quot;navigation&quot;:&quot;arrows&quot;,&quot;lazyload&quot;:&quot;yes&quot;,&quot;autoplay_speed&quot;:2000,&quot;autoplay&quot;:&quot;yes&quot;,&quot;pause_on_hover&quot;:&quot;yes&quot;,&quot;pause_on_interaction&quot;:&quot;yes&quot;,&quot;infinite&quot;:&quot;yes&quot;,&quot;effect&quot;:&quot;slide&quot;,&quot;speed&quot;:500}\" data-widget_type=\"image-carousel.default\">\n\t\t\t\t<div class=\"elementor-widget-container\">\n\t\t\t\t\t\t\t<div class=\"elementor-image-carousel-wrapper swiper\" role=\"region\" aria-roledescription=\"carousel\" aria-label=\"Carrousel d\u2019images\" dir=\"ltr\">\n\t\t\t<div class=\"elementor-image-carousel swiper-wrapper swiper-image-stretch\" aria-live=\"off\">\n\t\t\t\t\t\t\t\t<div class=\"swiper-slide\" role=\"group\" aria-roledescription=\"slide\" aria-label=\"1 von 5\"><figure class=\"swiper-slide-inner\"><img class=\"swiper-slide-image swiper-lazy\" data-src=\"https:\/\/ebac-auto.be\/wp-content\/uploads\/2023\/08\/kia-niro-interieur-1-min-768x432.jpg\" alt=\"kia-niro-interieur-1-min\" \/><div class=\"swiper-lazy-preloader\"><\/div><\/figure><\/div><div class=\"swiper-slide\" role=\"group\" aria-roledescription=\"slide\" aria-label=\"2 von 5\"><figure class=\"swiper-slide-inner\"><img class=\"swiper-slide-image swiper-lazy\" data-src=\"https:\/\/ebac-auto.be\/wp-content\/uploads\/2023\/08\/kia-niro-interieur-2-min-768x432.jpg\" alt=\"kia-niro-interieur-2-min\" \/><div class=\"swiper-lazy-preloader\"><\/div><\/figure><\/div><div class=\"swiper-slide\" role=\"group\" aria-roledescription=\"slide\" aria-label=\"3 von 5\"><figure class=\"swiper-slide-inner\"><img class=\"swiper-slide-image swiper-lazy\" data-src=\"https:\/\/ebac-auto.be\/wp-content\/uploads\/2023\/08\/kia-niro-interieur-3-min-768x432.jpg\" alt=\"kia-niro-interieur-3-min\" \/><div class=\"swiper-lazy-preloader\"><\/div><\/figure><\/div><div class=\"swiper-slide\" role=\"group\" aria-roledescription=\"slide\" aria-label=\"4 von 5\"><figure class=\"swiper-slide-inner\"><img class=\"swiper-slide-image swiper-lazy\" data-src=\"https:\/\/ebac-auto.be\/wp-content\/uploads\/2023\/08\/kia-niro-interieur-4-min-768x432.jpg\" alt=\"kia-niro-interieur-4-min\" \/><div class=\"swiper-lazy-preloader\"><\/div><\/figure><\/div><div class=\"swiper-slide\" role=\"group\" aria-roledescription=\"slide\" aria-label=\"5 von 5\"><figure class=\"swiper-slide-inner\"><img class=\"swiper-slide-image swiper-lazy\" data-src=\"https:\/\/ebac-auto.be\/wp-content\/uploads\/2023\/08\/kia-niro-interieur-5-min-768x432.jpg\" alt=\"kia-niro-interieur-5-min\" \/><div class=\"swiper-lazy-preloader\"><\/div><\/figure><\/div>\t\t\t<\/div>\n\t\t\t\t\t\t\t\t\t\t\t\t<div class=\"elementor-swiper-button elementor-swiper-button-prev\" role=\"button\" tabindex=\"0\">\n\t\t\t\t\t\t<i aria-hidden=\"true\" class=\"eicon-chevron-left\"><\/i>\t\t\t\t\t<\/div>\n\t\t\t\t\t<div class=\"elementor-swiper-button elementor-swiper-button-next\" role=\"button\" tabindex=\"0\">\n\t\t\t\t\t\t<i aria-hidden=\"true\" class=\"eicon-chevron-right\"><\/i>\t\t\t\t\t<\/div>\n\t\t\t\t\n\t\t\t\t\t\t\t\t\t<\/div>\n\t\t\t\t\t\t<\/div>\n\t\t\t\t<\/div>\n\t\t\t\t\t<\/div>\n\t\t<\/div>\n\t\t\t\t\t<\/div>\n\t\t<\/section>\n\t\t\t\t<div class=\"elementor-element elementor-element-fe127b2 elementor-align-center elementor-widget elementor-widget-button\" data-id=\"fe127b2\" data-element_type=\"widget\" data-e-type=\"widget\" data-widget_type=\"button.default\">\n\t\t\t\t<div class=\"elementor-widget-container\">\n\t\t\t\t\t\t\t\t\t<div class=\"elementor-button-wrapper\">\n\t\t\t\t\t<a class=\"elementor-button elementor-button-link elementor-size-sm\" href=\"#form\">\n\t\t\t\t\t\t<span class=\"elementor-button-content-wrapper\">\n\t\t\t\t\t\t\t\t\t<span class=\"elementor-button-text\">Das interessiert mich<\/span>\n\t\t\t\t\t<\/span>\n\t\t\t\t\t<\/a>\n\t\t\t\t<\/div>\n\t\t\t\t\t\t\t\t<\/div>\n\t\t\t\t<\/div>\n\t\t\t\t\t<\/div>\n\t\t<\/div>\n\t\t\t\t\t<\/div>\n\t\t<\/section>\n\t\t\t\t<section class=\"elementor-section elementor-top-section elementor-element elementor-element-2f9aeca elementor-section-boxed elementor-section-height-default elementor-section-height-default\" data-id=\"2f9aeca\" data-element_type=\"section\" data-e-type=\"section\">\n\t\t\t\t\t\t<div class=\"elementor-container elementor-column-gap-default\">\n\t\t\t\t\t<div class=\"elementor-column elementor-col-100 elementor-top-column elementor-element elementor-element-f7596f9\" data-id=\"f7596f9\" data-element_type=\"column\" data-e-type=\"column\">\n\t\t\t<div class=\"elementor-widget-wrap elementor-element-populated\">\n\t\t\t\t\t\t<div class=\"elementor-element elementor-element-3a5d0fc elementor-widget elementor-widget-shortcode\" data-id=\"3a5d0fc\" data-element_type=\"widget\" data-e-type=\"widget\" data-widget_type=\"shortcode.default\">\n\t\t\t\t<div class=\"elementor-widget-container\">\n\t\t\t\t\t\t\t<div class=\"elementor-shortcode\"><div id=\"stock\"><\/div><div class=\"car_stock\"><div class=\"elementor-element elementor-element-a8de58a elementor-widget elementor-widget-heading\" data-id=\"a8de58a\" data-element_type=\"widget\" data-widget_type=\"heading.default\"><div class=\"elementor-widget-container\"><h2 class=\"elementor-heading-title elementor-size-default\">Unsere Kia Niro auf Lager<\/h2><\/div><\/div><section class=\"elementor-section elementor-inner-section elementor-element elementor-element-28bf780 elementor-section-boxed elementor-section-height-default elementor-section-height-default\" data-id=\"28bf780\" data-element_type=\"section\"><div class=\"elementor-container elementor-column-gap-default\">    <a href=\"https:\/\/www.caralliance.be\/vehicule\/kia-niro-hev-pure-368535\/\" target=\"_blank\" class=\"car-link\">\n        <div class=\"elementor-column elementor-col-33 elementor-inner-column elementor-element animated fadeIn\" \n             data-settings=\"{&quot;animation&quot;:&quot;fadeIn&quot;,&quot;animation_delay&quot;:500}\">\n            <div class=\"elementor-widget-wrap elementor-element-populated\">\n                \n                <!-- Image du v\u00e9hicule -->\n                <div class=\"elementor-widget elementor-widget-image\">\n                    <div class=\"elementor-widget-container\">\n                        \n                                                            <img decoding=\"async\" \n                                src=\"https:\/\/www.caralliance.be\/wp-content\/uploads\/destockage-kia-30-1600x900.png\" \n                                title=\"KIA Niro HEV Pure\" \n                                alt=\"KIA Niro HEV Pure\" \n                                loading=\"lazy\">\n                            \n                        \n                        <div class=\"price\">31.490,00 \u20ac<\/div>\n                    <\/div>\n                <\/div>\n\n                <!-- Titre du v\u00e9hicule -->\n                <div class=\"elementor-widget elementor-widget-heading\">\n                    <div class=\"elementor-widget-container\">\n                        <h3 class=\"elementor-heading-title elementor-size-default\">\n                            KIA Niro Hybrid                                                            <br\/><span class=\"car-version\">PURE <\/span>\n                                                    <\/h3>\n                    <\/div>\n                <\/div>\n\n                <!-- Liste des \u00e9l\u00e9ments -->\n                <div class=\"elementor-widget-container infos\">\n                    <ul class=\"elementor-icon-list-items\">\n                        \n                        <!-- Moteur -->\n                        <li class=\"elementor-icon-list-item\">\n                            <span class=\"elementor-icon-list-icon\">\n                                <i aria-hidden=\"true\" class=\"fas fa-cogs\"><\/i> <!-- Ic\u00f4ne moteur -->\n                            <\/span>\n                            <span class=\"elementor-icon-list-text elementor-inline-editing\" \n                                  data-elementor-setting-key=\"icon_list.0.text\">\n                                  1.6 GDI Full Hybrid DCT                            <\/span>\n                        <\/li>\n                        \n                        <!-- Date d'immatriculation -->\n                        <li class=\"elementor-icon-list-item\">\n                            <span class=\"elementor-icon-list-icon\">\n                                <i aria-hidden=\"true\" class=\"fas fa-calendar-alt\"><\/i> <!-- Ic\u00f4ne date -->\n                            <\/span>\n                            <span class=\"elementor-icon-list-text elementor-inline-editing\" \n                                  data-elementor-setting-key=\"icon_list.1.text\">\n                                  30\/03\/2026                            <\/span>\n                        <\/li>\n\n                        <!-- Kilom\u00e9trage -->\n                        <li class=\"elementor-icon-list-item\">\n                            <span class=\"elementor-icon-list-icon\">\n                                <i aria-hidden=\"true\" class=\"fas fa-tachometer-alt\"><\/i> <!-- Ic\u00f4ne kilom\u00e9trage -->\n                            <\/span>\n                            <span class=\"elementor-icon-list-text elementor-inline-editing\" \n                                  data-elementor-setting-key=\"icon_list.2.text\">\n                                  10 km\n                            <\/span>\n                        <\/li>\n                    <\/ul>\n                <\/div>\n\n                <!-- Bouton -->\n                <div class=\"elementor-widget elementor-align-center elementor-widget-button\">\n                    <div class=\"elementor-widget-container\">\n                        <div class=\"elementor-button-wrapper\">\n                            <a class=\"elementor-button elementor-button-link elementor-size-sm\" \n                               href=\"https:\/\/www.caralliance.be\/vehicule\/kia-niro-hev-pure-368535\/\" target=\"_blank\">\n                                <span class=\"elementor-button-content-wrapper\">\n                                    <span class=\"elementor-button-text\">\n                                        Mehr erfahren                                    <\/span>\n                                <\/span>\n                            <\/a>\n                        <\/div>\n                    <\/div>\n                <\/div>\n            <\/div>\n        <\/div>\n    <\/a>\n    <a href=\"https:\/\/www.caralliance.be\/vehicule\/kia-niro-hev-pure-368537\/\" target=\"_blank\" class=\"car-link\">\n        <div class=\"elementor-column elementor-col-33 elementor-inner-column elementor-element animated fadeIn\" \n             data-settings=\"{&quot;animation&quot;:&quot;fadeIn&quot;,&quot;animation_delay&quot;:1000}\">\n            <div class=\"elementor-widget-wrap elementor-element-populated\">\n                \n                <!-- Image du v\u00e9hicule -->\n                <div class=\"elementor-widget elementor-widget-image\">\n                    <div class=\"elementor-widget-container\">\n                        \n                                                            <img decoding=\"async\" \n                                src=\"https:\/\/www.caralliance.be\/wp-content\/uploads\/21-2.png\" \n                                title=\"KIA Niro HEV Pure\" \n                                alt=\"KIA Niro HEV Pure\" \n                                loading=\"lazy\">\n                            \n                        \n                        <div class=\"price\">31.490,00 \u20ac<\/div>\n                    <\/div>\n                <\/div>\n\n                <!-- Titre du v\u00e9hicule -->\n                <div class=\"elementor-widget elementor-widget-heading\">\n                    <div class=\"elementor-widget-container\">\n                        <h3 class=\"elementor-heading-title elementor-size-default\">\n                            KIA Niro Hybrid                                                            <br\/><span class=\"car-version\">PURE <\/span>\n                                                    <\/h3>\n                    <\/div>\n                <\/div>\n\n                <!-- Liste des \u00e9l\u00e9ments -->\n                <div class=\"elementor-widget-container infos\">\n                    <ul class=\"elementor-icon-list-items\">\n                        \n                        <!-- Moteur -->\n                        <li class=\"elementor-icon-list-item\">\n                            <span class=\"elementor-icon-list-icon\">\n                                <i aria-hidden=\"true\" class=\"fas fa-cogs\"><\/i> <!-- Ic\u00f4ne moteur -->\n                            <\/span>\n                            <span class=\"elementor-icon-list-text elementor-inline-editing\" \n                                  data-elementor-setting-key=\"icon_list.0.text\">\n                                  1.6 GDI Full Hybrid DCT                            <\/span>\n                        <\/li>\n                        \n                        <!-- Date d'immatriculation -->\n                        <li class=\"elementor-icon-list-item\">\n                            <span class=\"elementor-icon-list-icon\">\n                                <i aria-hidden=\"true\" class=\"fas fa-calendar-alt\"><\/i> <!-- Ic\u00f4ne date -->\n                            <\/span>\n                            <span class=\"elementor-icon-list-text elementor-inline-editing\" \n                                  data-elementor-setting-key=\"icon_list.1.text\">\n                                  -                            <\/span>\n                        <\/li>\n\n                        <!-- Kilom\u00e9trage -->\n                        <li class=\"elementor-icon-list-item\">\n                            <span class=\"elementor-icon-list-icon\">\n                                <i aria-hidden=\"true\" class=\"fas fa-tachometer-alt\"><\/i> <!-- Ic\u00f4ne kilom\u00e9trage -->\n                            <\/span>\n                            <span class=\"elementor-icon-list-text elementor-inline-editing\" \n                                  data-elementor-setting-key=\"icon_list.2.text\">\n                                  10 km\n                            <\/span>\n                        <\/li>\n                    <\/ul>\n                <\/div>\n\n                <!-- Bouton -->\n                <div class=\"elementor-widget elementor-align-center elementor-widget-button\">\n                    <div class=\"elementor-widget-container\">\n                        <div class=\"elementor-button-wrapper\">\n                            <a class=\"elementor-button elementor-button-link elementor-size-sm\" \n                               href=\"https:\/\/www.caralliance.be\/vehicule\/kia-niro-hev-pure-368537\/\" target=\"_blank\">\n                                <span class=\"elementor-button-content-wrapper\">\n                                    <span class=\"elementor-button-text\">\n                                        Mehr erfahren                                    <\/span>\n                                <\/span>\n                            <\/a>\n                        <\/div>\n                    <\/div>\n                <\/div>\n            <\/div>\n        <\/div>\n    <\/a>\n    <a href=\"https:\/\/www.caralliance.be\/vehicule\/kia-niro-hev-pulse-1-6gdi-dct-6-340318\/\" target=\"_blank\" class=\"car-link\">\n        <div class=\"elementor-column elementor-col-33 elementor-inner-column elementor-element animated fadeIn\" \n             data-settings=\"{&quot;animation&quot;:&quot;fadeIn&quot;,&quot;animation_delay&quot;:1500}\">\n            <div class=\"elementor-widget-wrap elementor-element-populated\">\n                \n                <!-- Image du v\u00e9hicule -->\n                <div class=\"elementor-widget elementor-widget-image\">\n                    <div class=\"elementor-widget-container\">\n                        \n                                                            <img decoding=\"async\" \n                                src=\"https:\/\/www.caralliance.be\/wp-content\/uploads\/kia-niro-hev-sx-my23-klgsteelgrey-160005-1-1600x900.jpg\" \n                                title=\"KIA Niro HEV Pulse 1.6GDI DCT 6\" \n                                alt=\"KIA Niro HEV Pulse 1.6GDI DCT 6\" \n                                loading=\"lazy\">\n                            \n                        \n                        <div class=\"price\">33.890,00 \u20ac<\/div>\n                    <\/div>\n                <\/div>\n\n                <!-- Titre du v\u00e9hicule -->\n                <div class=\"elementor-widget elementor-widget-heading\">\n                    <div class=\"elementor-widget-container\">\n                        <h3 class=\"elementor-heading-title elementor-size-default\">\n                            KIA Niro Hybrid                                                            <br\/><span class=\"car-version\">Pulse <\/span>\n                                                    <\/h3>\n                    <\/div>\n                <\/div>\n\n                <!-- Liste des \u00e9l\u00e9ments -->\n                <div class=\"elementor-widget-container infos\">\n                    <ul class=\"elementor-icon-list-items\">\n                        \n                        <!-- Moteur -->\n                        <li class=\"elementor-icon-list-item\">\n                            <span class=\"elementor-icon-list-icon\">\n                                <i aria-hidden=\"true\" class=\"fas fa-cogs\"><\/i> <!-- Ic\u00f4ne moteur -->\n                            <\/span>\n                            <span class=\"elementor-icon-list-text elementor-inline-editing\" \n                                  data-elementor-setting-key=\"icon_list.0.text\">\n                                  1.6 GDI Full Hybrid DCT                            <\/span>\n                        <\/li>\n                        \n                        <!-- Date d'immatriculation -->\n                        <li class=\"elementor-icon-list-item\">\n                            <span class=\"elementor-icon-list-icon\">\n                                <i aria-hidden=\"true\" class=\"fas fa-calendar-alt\"><\/i> <!-- Ic\u00f4ne date -->\n                            <\/span>\n                            <span class=\"elementor-icon-list-text elementor-inline-editing\" \n                                  data-elementor-setting-key=\"icon_list.1.text\">\n                                  08\/01\/2026                            <\/span>\n                        <\/li>\n\n                        <!-- Kilom\u00e9trage -->\n                        <li class=\"elementor-icon-list-item\">\n                            <span class=\"elementor-icon-list-icon\">\n                                <i aria-hidden=\"true\" class=\"fas fa-tachometer-alt\"><\/i> <!-- Ic\u00f4ne kilom\u00e9trage -->\n                            <\/span>\n                            <span class=\"elementor-icon-list-text elementor-inline-editing\" \n                                  data-elementor-setting-key=\"icon_list.2.text\">\n                                  2925 km\n                            <\/span>\n                        <\/li>\n                    <\/ul>\n                <\/div>\n\n                <!-- Bouton -->\n                <div class=\"elementor-widget elementor-align-center elementor-widget-button\">\n                    <div class=\"elementor-widget-container\">\n                        <div class=\"elementor-button-wrapper\">\n                            <a class=\"elementor-button elementor-button-link elementor-size-sm\" \n                               href=\"https:\/\/www.caralliance.be\/vehicule\/kia-niro-hev-pulse-1-6gdi-dct-6-340318\/\" target=\"_blank\">\n                                <span class=\"elementor-button-content-wrapper\">\n                                    <span class=\"elementor-button-text\">\n                                        Mehr erfahren                                    <\/span>\n                                <\/span>\n                            <\/a>\n                        <\/div>\n                    <\/div>\n                <\/div>\n            <\/div>\n        <\/div>\n    <\/a>\n<\/div><\/section><section class=\"elementor-section elementor-inner-section elementor-element elementor-element-28bf780 elementor-section-boxed elementor-section-height-default elementor-section-height-default\" data-id=\"28bf780\" data-element_type=\"section\"><div class=\"elementor-container elementor-column-gap-default\">    <a href=\"https:\/\/www.caralliance.be\/vehicule\/kia-niro-phev-pace-648-kwh-204-300780\/\" target=\"_blank\" class=\"car-link\">\n        <div class=\"elementor-column elementor-col-33 elementor-inner-column elementor-element animated fadeIn\" \n             data-settings=\"{&quot;animation&quot;:&quot;fadeIn&quot;,&quot;animation_delay&quot;:2000}\">\n            <div class=\"elementor-widget-wrap elementor-element-populated\">\n                \n                <!-- Image du v\u00e9hicule -->\n                <div class=\"elementor-widget elementor-widget-image\">\n                    <div class=\"elementor-widget-container\">\n                        \n                            <img decoding=\"async\" \n                                src=\"https:\/\/assets.centracar.be\/displaydata\/20230824\/42\/121939_02ca4559-865e-4081-b419-84ea6d7cc6ad\/ClosedDoor\/EyeLevelCamera\/ColorPhoto\/EYELC_SCROP_CD_1350_079833fd.jpg\" \n                                title=\"KIA &#8211; Niro PHEV &#8211; Pace 64,8 kWh &#8211; 204\" \n                                alt=\"KIA &#8211; Niro PHEV &#8211; Pace 64,8 kWh &#8211; 204\" \n                                loading=\"lazy\">\n\n                        \n                        <div class=\"price\">34.990,00 \u20ac<\/div>\n                    <\/div>\n                <\/div>\n\n                <!-- Titre du v\u00e9hicule -->\n                <div class=\"elementor-widget elementor-widget-heading\">\n                    <div class=\"elementor-widget-container\">\n                        <h3 class=\"elementor-heading-title elementor-size-default\">\n                            KIA Niro EV                                                            <br\/><span class=\"car-version\">Pace 64,8 kWh - 204<\/span>\n                                                    <\/h3>\n                    <\/div>\n                <\/div>\n\n                <!-- Liste des \u00e9l\u00e9ments -->\n                <div class=\"elementor-widget-container infos\">\n                    <ul class=\"elementor-icon-list-items\">\n                        \n                        <!-- Moteur -->\n                        <li class=\"elementor-icon-list-item\">\n                            <span class=\"elementor-icon-list-icon\">\n                                <i aria-hidden=\"true\" class=\"fas fa-cogs\"><\/i> <!-- Ic\u00f4ne moteur -->\n                            <\/span>\n                            <span class=\"elementor-icon-list-text elementor-inline-editing\" \n                                  data-elementor-setting-key=\"icon_list.0.text\">\n                                  64.8 kWh                            <\/span>\n                        <\/li>\n                        \n                        <!-- Date d'immatriculation -->\n                        <li class=\"elementor-icon-list-item\">\n                            <span class=\"elementor-icon-list-icon\">\n                                <i aria-hidden=\"true\" class=\"fas fa-calendar-alt\"><\/i> <!-- Ic\u00f4ne date -->\n                            <\/span>\n                            <span class=\"elementor-icon-list-text elementor-inline-editing\" \n                                  data-elementor-setting-key=\"icon_list.1.text\">\n                                  28\/06\/2024                            <\/span>\n                        <\/li>\n\n                        <!-- Kilom\u00e9trage -->\n                        <li class=\"elementor-icon-list-item\">\n                            <span class=\"elementor-icon-list-icon\">\n                                <i aria-hidden=\"true\" class=\"fas fa-tachometer-alt\"><\/i> <!-- Ic\u00f4ne kilom\u00e9trage -->\n                            <\/span>\n                            <span class=\"elementor-icon-list-text elementor-inline-editing\" \n                                  data-elementor-setting-key=\"icon_list.2.text\">\n                                   km\n                            <\/span>\n                        <\/li>\n                    <\/ul>\n                <\/div>\n\n                <!-- Bouton -->\n                <div class=\"elementor-widget elementor-align-center elementor-widget-button\">\n                    <div class=\"elementor-widget-container\">\n                        <div class=\"elementor-button-wrapper\">\n                            <a class=\"elementor-button elementor-button-link elementor-size-sm\" \n                               href=\"https:\/\/www.caralliance.be\/vehicule\/kia-niro-phev-pace-648-kwh-204-300780\/\" target=\"_blank\">\n                                <span class=\"elementor-button-content-wrapper\">\n                                    <span class=\"elementor-button-text\">\n                                        Mehr erfahren                                    <\/span>\n                                <\/span>\n                            <\/a>\n                        <\/div>\n                    <\/div>\n                <\/div>\n            <\/div>\n        <\/div>\n    <\/a>\n    <a href=\"https:\/\/www.caralliance.be\/vehicule\/kia-niro-ev-pace-ev-64-8-kwh-285200\/\" target=\"_blank\" class=\"car-link\">\n        <div class=\"elementor-column elementor-col-33 elementor-inner-column elementor-element animated fadeIn\" \n             data-settings=\"{&quot;animation&quot;:&quot;fadeIn&quot;,&quot;animation_delay&quot;:2500}\">\n            <div class=\"elementor-widget-wrap elementor-element-populated\">\n                \n                <!-- Image du v\u00e9hicule -->\n                <div class=\"elementor-widget elementor-widget-image\">\n                    <div class=\"elementor-widget-container\">\n                        \n                            <img decoding=\"async\" \n                                src=\"https:\/\/assets.centracar.be\/displaydata\/20230116\/42\/141139_f22ac1cd-6e93-4e0b-9308-77563fd79479\/ClosedDoor\/EyeLevelCamera\/ColorPhoto\/EYELC_SCROP_CD_1350_197e430e.jpg\" \n                                title=\"KIA &#8211; Niro EV &#8211; Pace EV 64.8 kWh\" \n                                alt=\"KIA &#8211; Niro EV &#8211; Pace EV 64.8 kWh\" \n                                loading=\"lazy\">\n\n                        \n                        <div class=\"price\">34.990,00 \u20ac<\/div>\n                    <\/div>\n                <\/div>\n\n                <!-- Titre du v\u00e9hicule -->\n                <div class=\"elementor-widget elementor-widget-heading\">\n                    <div class=\"elementor-widget-container\">\n                        <h3 class=\"elementor-heading-title elementor-size-default\">\n                            KIA Niro EV                                                            <br\/><span class=\"car-version\">Pace EV 64.8 kWh<\/span>\n                                                    <\/h3>\n                    <\/div>\n                <\/div>\n\n                <!-- Liste des \u00e9l\u00e9ments -->\n                <div class=\"elementor-widget-container infos\">\n                    <ul class=\"elementor-icon-list-items\">\n                        \n                        <!-- Moteur -->\n                        <li class=\"elementor-icon-list-item\">\n                            <span class=\"elementor-icon-list-icon\">\n                                <i aria-hidden=\"true\" class=\"fas fa-cogs\"><\/i> <!-- Ic\u00f4ne moteur -->\n                            <\/span>\n                            <span class=\"elementor-icon-list-text elementor-inline-editing\" \n                                  data-elementor-setting-key=\"icon_list.0.text\">\n                                  64.8 kWh                            <\/span>\n                        <\/li>\n                        \n                        <!-- Date d'immatriculation -->\n                        <li class=\"elementor-icon-list-item\">\n                            <span class=\"elementor-icon-list-icon\">\n                                <i aria-hidden=\"true\" class=\"fas fa-calendar-alt\"><\/i> <!-- Ic\u00f4ne date -->\n                            <\/span>\n                            <span class=\"elementor-icon-list-text elementor-inline-editing\" \n                                  data-elementor-setting-key=\"icon_list.1.text\">\n                                  07\/07\/2025                            <\/span>\n                        <\/li>\n\n                        <!-- Kilom\u00e9trage -->\n                        <li class=\"elementor-icon-list-item\">\n                            <span class=\"elementor-icon-list-icon\">\n                                <i aria-hidden=\"true\" class=\"fas fa-tachometer-alt\"><\/i> <!-- Ic\u00f4ne kilom\u00e9trage -->\n                            <\/span>\n                            <span class=\"elementor-icon-list-text elementor-inline-editing\" \n                                  data-elementor-setting-key=\"icon_list.2.text\">\n                                  17 km\n                            <\/span>\n                        <\/li>\n                    <\/ul>\n                <\/div>\n\n                <!-- Bouton -->\n                <div class=\"elementor-widget elementor-align-center elementor-widget-button\">\n                    <div class=\"elementor-widget-container\">\n                        <div class=\"elementor-button-wrapper\">\n                            <a class=\"elementor-button elementor-button-link elementor-size-sm\" \n                               href=\"https:\/\/www.caralliance.be\/vehicule\/kia-niro-ev-pace-ev-64-8-kwh-285200\/\" target=\"_blank\">\n                                <span class=\"elementor-button-content-wrapper\">\n                                    <span class=\"elementor-button-text\">\n                                        Mehr erfahren                                    <\/span>\n                                <\/span>\n                            <\/a>\n                        <\/div>\n                    <\/div>\n                <\/div>\n            <\/div>\n        <\/div>\n    <\/a>\n<\/div><\/section><\/div><\/div>\n\t\t\t\t\t\t<\/div>\n\t\t\t\t<\/div>\n\t\t\t\t\t<\/div>\n\t\t<\/div>\n\t\t\t\t\t<\/div>\n\t\t<\/section>\n\t\t\t\t<section class=\"elementor-section elementor-top-section elementor-element elementor-element-3105263 elementor-section-boxed elementor-section-height-default elementor-section-height-default\" data-id=\"3105263\" data-element_type=\"section\" data-e-type=\"section\" id=\"form\" data-settings=\"{&quot;background_background&quot;:&quot;classic&quot;}\">\n\t\t\t\t\t\t<div class=\"elementor-container elementor-column-gap-default\">\n\t\t\t\t\t<div class=\"elementor-column elementor-col-100 elementor-top-column elementor-element elementor-element-0fe0c1d\" data-id=\"0fe0c1d\" data-element_type=\"column\" data-e-type=\"column\">\n\t\t\t<div class=\"elementor-widget-wrap elementor-element-populated\">\n\t\t\t\t\t\t<div class=\"elementor-element elementor-element-64e34cb elementor-widget elementor-widget-heading\" data-id=\"64e34cb\" data-element_type=\"widget\" data-e-type=\"widget\" data-widget_type=\"heading.default\">\n\t\t\t\t<div class=\"elementor-widget-container\">\n\t\t\t\t\t<h3 class=\"elementor-heading-title elementor-size-default\">Interessieren Sie sich f\u00fcr den Kia Niro ?<\/h3>\t\t\t\t<\/div>\n\t\t\t\t<\/div>\n\t\t\t\t<div class=\"elementor-element elementor-element-1fa7fee elementor-widget elementor-widget-text-editor\" data-id=\"1fa7fee\" data-element_type=\"widget\" data-e-type=\"widget\" data-widget_type=\"text-editor.default\">\n\t\t\t\t<div class=\"elementor-widget-container\">\n\t\t\t\t\t\t\t\t\t<p>Kontaktieren Sie uns jetzt, indem Sie das untenstehende Formular ausf\u00fcllen.<\/p>\n\t\t\t\t\t\t\t\t<\/div>\n\t\t\t\t<\/div>\n\t\t\t\t<div class=\"elementor-element elementor-element-68643c2 elementor-widget elementor-widget-html\" data-id=\"68643c2\" data-element_type=\"widget\" data-e-type=\"widget\" data-widget_type=\"html.default\">\n\t\t\t\t<div class=\"elementor-widget-container\">\n\t\t\t\t\t<script charset=\"utf-8\" type=\"text\/javascript\" src=\"\/\/js.hsforms.net\/forms\/embed\/v2.js\"><\/script><script>if (location.href.match(\"\/de\/\")) {\n      hbspt.forms.create({\n        region: \"na1\",\n        portalId: \"6672575\",\n        formId: \"668c0ce1-fac7-4874-a48d-c4e3566dfbff\"\n      });\n  }\n  else\n  {\n      hbspt.forms.create({\n        region: \"na1\",\n        portalId: \"6672575\",\n        formId: \"572fa933-b980-48f0-a271-f4585be81de0\"\n      });\n  }\n<\/script>\t\t\t\t<\/div>\n\t\t\t\t<\/div>\n\t\t\t\t<section class=\"elementor-section elementor-inner-section elementor-element elementor-element-49d72ec elementor-section-boxed elementor-section-height-default elementor-section-height-default\" data-id=\"49d72ec\" data-element_type=\"section\" data-e-type=\"section\">\n\t\t\t\t\t\t<div class=\"elementor-container elementor-column-gap-default\">\n\t\t\t\t\t<div class=\"elementor-column elementor-col-100 elementor-inner-column elementor-element elementor-element-66b2217\" data-id=\"66b2217\" data-element_type=\"column\" data-e-type=\"column\">\n\t\t\t<div class=\"elementor-widget-wrap elementor-element-populated\">\n\t\t\t\t\t\t<div class=\"elementor-element elementor-element-9847b35 elementor-widget-divider--view-line elementor-widget elementor-widget-divider\" data-id=\"9847b35\" data-element_type=\"widget\" data-e-type=\"widget\" data-widget_type=\"divider.default\">\n\t\t\t\t<div class=\"elementor-widget-container\">\n\t\t\t\t\t\t\t<div class=\"elementor-divider\">\n\t\t\t<span class=\"elementor-divider-separator\">\n\t\t\t\t\t\t<\/span>\n\t\t<\/div>\n\t\t\t\t\t\t<\/div>\n\t\t\t\t<\/div>\n\t\t\t\t<div class=\"elementor-element elementor-element-f08834c elementor-widget elementor-widget-heading\" data-id=\"f08834c\" data-element_type=\"widget\" data-e-type=\"widget\" data-widget_type=\"heading.default\">\n\t\t\t\t<div class=\"elementor-widget-container\">\n\t\t\t\t\t<h3 class=\"elementor-heading-title elementor-size-default\">Achtung: Geld leihen kostet auch Geld.<\/h3>\t\t\t\t<\/div>\n\t\t\t\t<\/div>\n\t\t\t\t<div class=\"elementor-element elementor-element-e58edaa elementor-widget elementor-widget-shortcode\" data-id=\"e58edaa\" data-element_type=\"widget\" data-e-type=\"widget\" data-widget_type=\"shortcode.default\">\n\t\t\t\t<div class=\"elementor-widget-container\">\n\t\t\t\t\t\t\t<div class=\"elementor-shortcode\"><div class=\"elementor-text-editor elementor-clearfix elementor-inline-editing credit-details\" data-elementor-setting-key=\"editor\" data-elementor-inline-editing-toolbar=\"advanced\">\n                            <p>*Niro Pure : Ratenkredit mit erh\u00f6hter letzter Monatsrate.<\/p>\n                            <p>Kreditbetrag : 21.593,91 \u20ac. Anzahlung (optional) : 9.606,08 \u20ac. Barpreis : 31.200,00 \u20ac. Effektiver Jahreszins : 4,19 %, fester j\u00e4hrlicher Sollzinssatz : 4,19 %. Laufzeit des Kredits : 48 mois.<\/p>\n                            <p>Abzahlbar in 47 monatlichen Raten von 249,00 \u20ac. Letzte erh\u00f6hte Monatsrate : 12.729,00 \u20ac. Ausstehender Gesambetrag : 24.432,00 \u20ac.<\/p>\n                        <\/div><\/div>\n\t\t\t\t\t\t<\/div>\n\t\t\t\t<\/div>\n\t\t\t\t\t<\/div>\n\t\t<\/div>\n\t\t\t\t\t<\/div>\n\t\t<\/section>\n\t\t\t\t\t<\/div>\n\t\t<\/div>\n\t\t\t\t\t<\/div>\n\t\t<\/section>\n\t\t\t\t<\/div>\n\t\t","protected":false},"excerpt":{"rendered":"<p>Machen Sie Platz f\u00fcr Gro\u00dfartiges. Entdecken Sie die Kia Niro-Reihe. F\u00fcr Zukunftsorientierte, die neugierig sind auf neue Dinge, die sinnvoll und nachhaltig sind. Machen Sie Platz f\u00fcr einen Crossover mit einem Herz f\u00fcr Innovationen. Eine Karosserie mit robustem und selbstbewusstem Design. Ein ger\u00e4umiger, aber dennoch minimalistischer Innenraum. Und futuristisch in seiner fortschrittlichen Technologie, Konnektivit\u00e4t und [&hellip;]<\/p>\n","protected":false},"author":6,"featured_media":0,"parent":2620,"menu_order":0,"comment_status":"closed","ping_status":"closed","template":"","meta":{"_acf_changed":false,"inline_featured_image":false,"footnotes":""},"class_list":["post-2787","page","type-page","status-publish","hentry"],"acf":[],"yoast_head":"<!-- This site is optimized with the Yoast SEO plugin v27.4 - https:\/\/yoast.com\/product\/yoast-seo-wordpress\/ -->\n<title>Niro - Ebac-Auto<\/title>\n<meta name=\"robots\" content=\"index, follow, max-snippet:-1, max-image-preview:large, max-video-preview:-1\" \/>\n<link rel=\"canonical\" href=\"https:\/\/ebac-auto.be\/de\/kia\/modelle\/niro\/\" \/>\n<meta property=\"og:locale\" content=\"de_DE\" \/>\n<meta property=\"og:type\" content=\"article\" \/>\n<meta property=\"og:title\" content=\"Niro - Ebac-Auto\" \/>\n<meta property=\"og:description\" content=\"Machen Sie Platz f\u00fcr Gro\u00dfartiges. Entdecken Sie die Kia Niro-Reihe. F\u00fcr Zukunftsorientierte, die neugierig sind auf neue Dinge, die sinnvoll und nachhaltig sind. Machen Sie Platz f\u00fcr einen Crossover mit einem Herz f\u00fcr Innovationen. Eine Karosserie mit robustem und selbstbewusstem Design. Ein ger\u00e4umiger, aber dennoch minimalistischer Innenraum. Und futuristisch in seiner fortschrittlichen Technologie, Konnektivit\u00e4t und [&hellip;]\" \/>\n<meta property=\"og:url\" content=\"https:\/\/ebac-auto.be\/de\/kia\/modelle\/niro\/\" \/>\n<meta property=\"og:site_name\" content=\"Ebac-Auto\" \/>\n<meta property=\"article:modified_time\" content=\"2026-01-01T16:49:13+00:00\" \/>\n<meta property=\"og:image\" content=\"https:\/\/ebac-auto.be\/wp-content\/uploads\/2023\/08\/kia-niro-exterieur-1-min-768x432.jpg\" \/>\n<meta name=\"twitter:card\" content=\"summary_large_image\" \/>\n<meta name=\"twitter:label1\" content=\"Gesch\u00e4tzte Lesezeit\" \/>\n\t<meta name=\"twitter:data1\" content=\"6\u00a0Minuten\" \/>\n<script type=\"application\/ld+json\" class=\"yoast-schema-graph\">{\"@context\":\"https:\\\/\\\/schema.org\",\"@graph\":[{\"@type\":\"WebPage\",\"@id\":\"https:\\\/\\\/ebac-auto.be\\\/de\\\/kia\\\/modelle\\\/niro\\\/\",\"url\":\"https:\\\/\\\/ebac-auto.be\\\/de\\\/kia\\\/modelle\\\/niro\\\/\",\"name\":\"Niro - Ebac-Auto\",\"isPartOf\":{\"@id\":\"https:\\\/\\\/ebac-auto.be\\\/de\\\/#website\"},\"primaryImageOfPage\":{\"@id\":\"https:\\\/\\\/ebac-auto.be\\\/de\\\/kia\\\/modelle\\\/niro\\\/#primaryimage\"},\"image\":{\"@id\":\"https:\\\/\\\/ebac-auto.be\\\/de\\\/kia\\\/modelle\\\/niro\\\/#primaryimage\"},\"thumbnailUrl\":\"https:\\\/\\\/ebac-auto.be\\\/wp-content\\\/uploads\\\/2023\\\/08\\\/kia-niro-exterieur-1-min-768x432.jpg\",\"datePublished\":\"2023-08-30T09:52:30+00:00\",\"dateModified\":\"2026-01-01T16:49:13+00:00\",\"breadcrumb\":{\"@id\":\"https:\\\/\\\/ebac-auto.be\\\/de\\\/kia\\\/modelle\\\/niro\\\/#breadcrumb\"},\"inLanguage\":\"de\",\"potentialAction\":[{\"@type\":\"ReadAction\",\"target\":[\"https:\\\/\\\/ebac-auto.be\\\/de\\\/kia\\\/modelle\\\/niro\\\/\"]}]},{\"@type\":\"ImageObject\",\"inLanguage\":\"de\",\"@id\":\"https:\\\/\\\/ebac-auto.be\\\/de\\\/kia\\\/modelle\\\/niro\\\/#primaryimage\",\"url\":\"https:\\\/\\\/ebac-auto.be\\\/wp-content\\\/uploads\\\/2023\\\/08\\\/kia-niro-exterieur-1-min-768x432.jpg\",\"contentUrl\":\"https:\\\/\\\/ebac-auto.be\\\/wp-content\\\/uploads\\\/2023\\\/08\\\/kia-niro-exterieur-1-min-768x432.jpg\"},{\"@type\":\"BreadcrumbList\",\"@id\":\"https:\\\/\\\/ebac-auto.be\\\/de\\\/kia\\\/modelle\\\/niro\\\/#breadcrumb\",\"itemListElement\":[{\"@type\":\"ListItem\",\"position\":1,\"name\":\"Accueil\",\"item\":\"https:\\\/\\\/ebac-auto.be\\\/de\\\/\"},{\"@type\":\"ListItem\",\"position\":2,\"name\":\"Kia\",\"item\":\"https:\\\/\\\/ebac-auto.be\\\/de\\\/kia\\\/\"},{\"@type\":\"ListItem\",\"position\":3,\"name\":\"Modelle\",\"item\":\"https:\\\/\\\/ebac-auto.be\\\/de\\\/kia\\\/modelle\\\/\"},{\"@type\":\"ListItem\",\"position\":4,\"name\":\"Niro\"}]},{\"@type\":\"WebSite\",\"@id\":\"https:\\\/\\\/ebac-auto.be\\\/de\\\/#website\",\"url\":\"https:\\\/\\\/ebac-auto.be\\\/de\\\/\",\"name\":\"Ebac-Auto\",\"description\":\"Partner f\u00fcr Ihre Mobilit\u00e4t in der Provinz L\u00fcttich\",\"publisher\":{\"@id\":\"https:\\\/\\\/ebac-auto.be\\\/de\\\/#organization\"},\"potentialAction\":[{\"@type\":\"SearchAction\",\"target\":{\"@type\":\"EntryPoint\",\"urlTemplate\":\"https:\\\/\\\/ebac-auto.be\\\/de\\\/?s={search_term_string}\"},\"query-input\":{\"@type\":\"PropertyValueSpecification\",\"valueRequired\":true,\"valueName\":\"search_term_string\"}}],\"inLanguage\":\"de\"},{\"@type\":\"Organization\",\"@id\":\"https:\\\/\\\/ebac-auto.be\\\/de\\\/#organization\",\"name\":\"Ebac\",\"url\":\"https:\\\/\\\/ebac-auto.be\\\/de\\\/\",\"logo\":{\"@type\":\"ImageObject\",\"inLanguage\":\"de\",\"@id\":\"https:\\\/\\\/ebac-auto.be\\\/de\\\/#\\\/schema\\\/logo\\\/image\\\/\",\"url\":\"\",\"contentUrl\":\"\",\"caption\":\"Ebac\"},\"image\":{\"@id\":\"https:\\\/\\\/ebac-auto.be\\\/de\\\/#\\\/schema\\\/logo\\\/image\\\/\"}}]}<\/script>\n<!-- \/ Yoast SEO plugin. -->","yoast_head_json":{"title":"Niro - Ebac-Auto","robots":{"index":"index","follow":"follow","max-snippet":"max-snippet:-1","max-image-preview":"max-image-preview:large","max-video-preview":"max-video-preview:-1"},"canonical":"https:\/\/ebac-auto.be\/de\/kia\/modelle\/niro\/","og_locale":"de_DE","og_type":"article","og_title":"Niro - Ebac-Auto","og_description":"Machen Sie Platz f\u00fcr Gro\u00dfartiges. Entdecken Sie die Kia Niro-Reihe. F\u00fcr Zukunftsorientierte, die neugierig sind auf neue Dinge, die sinnvoll und nachhaltig sind. Machen Sie Platz f\u00fcr einen Crossover mit einem Herz f\u00fcr Innovationen. Eine Karosserie mit robustem und selbstbewusstem Design. Ein ger\u00e4umiger, aber dennoch minimalistischer Innenraum. Und futuristisch in seiner fortschrittlichen Technologie, Konnektivit\u00e4t und [&hellip;]","og_url":"https:\/\/ebac-auto.be\/de\/kia\/modelle\/niro\/","og_site_name":"Ebac-Auto","article_modified_time":"2026-01-01T16:49:13+00:00","og_image":[{"url":"https:\/\/ebac-auto.be\/wp-content\/uploads\/2023\/08\/kia-niro-exterieur-1-min-768x432.jpg","type":"","width":"","height":""}],"twitter_card":"summary_large_image","twitter_misc":{"Gesch\u00e4tzte Lesezeit":"6\u00a0Minuten"},"schema":{"@context":"https:\/\/schema.org","@graph":[{"@type":"WebPage","@id":"https:\/\/ebac-auto.be\/de\/kia\/modelle\/niro\/","url":"https:\/\/ebac-auto.be\/de\/kia\/modelle\/niro\/","name":"Niro - Ebac-Auto","isPartOf":{"@id":"https:\/\/ebac-auto.be\/de\/#website"},"primaryImageOfPage":{"@id":"https:\/\/ebac-auto.be\/de\/kia\/modelle\/niro\/#primaryimage"},"image":{"@id":"https:\/\/ebac-auto.be\/de\/kia\/modelle\/niro\/#primaryimage"},"thumbnailUrl":"https:\/\/ebac-auto.be\/wp-content\/uploads\/2023\/08\/kia-niro-exterieur-1-min-768x432.jpg","datePublished":"2023-08-30T09:52:30+00:00","dateModified":"2026-01-01T16:49:13+00:00","breadcrumb":{"@id":"https:\/\/ebac-auto.be\/de\/kia\/modelle\/niro\/#breadcrumb"},"inLanguage":"de","potentialAction":[{"@type":"ReadAction","target":["https:\/\/ebac-auto.be\/de\/kia\/modelle\/niro\/"]}]},{"@type":"ImageObject","inLanguage":"de","@id":"https:\/\/ebac-auto.be\/de\/kia\/modelle\/niro\/#primaryimage","url":"https:\/\/ebac-auto.be\/wp-content\/uploads\/2023\/08\/kia-niro-exterieur-1-min-768x432.jpg","contentUrl":"https:\/\/ebac-auto.be\/wp-content\/uploads\/2023\/08\/kia-niro-exterieur-1-min-768x432.jpg"},{"@type":"BreadcrumbList","@id":"https:\/\/ebac-auto.be\/de\/kia\/modelle\/niro\/#breadcrumb","itemListElement":[{"@type":"ListItem","position":1,"name":"Accueil","item":"https:\/\/ebac-auto.be\/de\/"},{"@type":"ListItem","position":2,"name":"Kia","item":"https:\/\/ebac-auto.be\/de\/kia\/"},{"@type":"ListItem","position":3,"name":"Modelle","item":"https:\/\/ebac-auto.be\/de\/kia\/modelle\/"},{"@type":"ListItem","position":4,"name":"Niro"}]},{"@type":"WebSite","@id":"https:\/\/ebac-auto.be\/de\/#website","url":"https:\/\/ebac-auto.be\/de\/","name":"Ebac-Auto","description":"Partner f\u00fcr Ihre Mobilit\u00e4t in der Provinz L\u00fcttich","publisher":{"@id":"https:\/\/ebac-auto.be\/de\/#organization"},"potentialAction":[{"@type":"SearchAction","target":{"@type":"EntryPoint","urlTemplate":"https:\/\/ebac-auto.be\/de\/?s={search_term_string}"},"query-input":{"@type":"PropertyValueSpecification","valueRequired":true,"valueName":"search_term_string"}}],"inLanguage":"de"},{"@type":"Organization","@id":"https:\/\/ebac-auto.be\/de\/#organization","name":"Ebac","url":"https:\/\/ebac-auto.be\/de\/","logo":{"@type":"ImageObject","inLanguage":"de","@id":"https:\/\/ebac-auto.be\/de\/#\/schema\/logo\/image\/","url":"","contentUrl":"","caption":"Ebac"},"image":{"@id":"https:\/\/ebac-auto.be\/de\/#\/schema\/logo\/image\/"}}]}},"_links":{"self":[{"href":"https:\/\/ebac-auto.be\/de\/wp-json\/wp\/v2\/pages\/2787","targetHints":{"allow":["GET"]}}],"collection":[{"href":"https:\/\/ebac-auto.be\/de\/wp-json\/wp\/v2\/pages"}],"about":[{"href":"https:\/\/ebac-auto.be\/de\/wp-json\/wp\/v2\/types\/page"}],"author":[{"embeddable":true,"href":"https:\/\/ebac-auto.be\/de\/wp-json\/wp\/v2\/users\/6"}],"replies":[{"embeddable":true,"href":"https:\/\/ebac-auto.be\/de\/wp-json\/wp\/v2\/comments?post=2787"}],"version-history":[{"count":7,"href":"https:\/\/ebac-auto.be\/de\/wp-json\/wp\/v2\/pages\/2787\/revisions"}],"predecessor-version":[{"id":5236,"href":"https:\/\/ebac-auto.be\/de\/wp-json\/wp\/v2\/pages\/2787\/revisions\/5236"}],"up":[{"embeddable":true,"href":"https:\/\/ebac-auto.be\/de\/wp-json\/wp\/v2\/pages\/2620"}],"wp:attachment":[{"href":"https:\/\/ebac-auto.be\/de\/wp-json\/wp\/v2\/media?parent=2787"}],"curies":[{"name":"wp","href":"https:\/\/api.w.org\/{rel}","templated":true}]}}