{"id":3384,"date":"2024-01-09T14:35:46","date_gmt":"2024-01-09T13:35:46","guid":{"rendered":"https:\/\/ebac-auto.be\/kia\/modelle\/ev6\/kia-ev6-business-und-business-plus\/"},"modified":"2024-10-09T10:36:31","modified_gmt":"2024-10-09T08:36:31","slug":"business-und-business-plus","status":"publish","type":"page","link":"https:\/\/ebac-auto.be\/de\/kia\/modelle\/ev6\/business-und-business-plus\/","title":{"rendered":"Kia EV6 Business und Business Plus"},"content":{"rendered":"\t\t<div data-elementor-type=\"wp-page\" data-elementor-id=\"3384\" class=\"elementor elementor-3384 elementor-3357\" data-elementor-settings=\"{&quot;ha_cmc_init_switcher&quot;:&quot;no&quot;}\" data-elementor-post-type=\"page\">\n\t\t\t\t\t\t<section class=\"elementor-section elementor-top-section elementor-element elementor-element-20f1c62 elementor-section-height-min-height elementor-section-boxed elementor-section-height-default elementor-section-items-middle\" data-id=\"20f1c62\" data-element_type=\"section\" data-e-type=\"section\" data-settings=\"{&quot;background_background&quot;:&quot;classic&quot;}\">\n\t\t\t\t\t\t\t<div class=\"elementor-background-overlay\"><\/div>\n\t\t\t\t\t\t\t<div class=\"elementor-container elementor-column-gap-default\">\n\t\t\t\t\t<div class=\"elementor-column elementor-col-100 elementor-top-column elementor-element elementor-element-e40e297\" data-id=\"e40e297\" data-element_type=\"column\" data-e-type=\"column\">\n\t\t\t<div class=\"elementor-widget-wrap elementor-element-populated\">\n\t\t\t\t\t\t<div class=\"elementor-element elementor-element-de9ba63 elementor-widget elementor-widget-heading\" data-id=\"de9ba63\" data-element_type=\"widget\" data-e-type=\"widget\" data-widget_type=\"heading.default\">\n\t\t\t\t<div class=\"elementor-widget-container\">\n\t\t\t\t\t<h1 class=\"elementor-heading-title elementor-size-default\">Kia EV6 Business und Business Plus<\/h1>\t\t\t\t<\/div>\n\t\t\t\t<\/div>\n\t\t\t\t<div class=\"elementor-element elementor-element-c306b7f elementor-widget elementor-widget-heading\" data-id=\"c306b7f\" data-element_type=\"widget\" data-e-type=\"widget\" data-widget_type=\"heading.default\">\n\t\t\t\t<div class=\"elementor-widget-container\">\n\t\t\t\t\t<h2 class=\"elementor-heading-title elementor-size-default\">Willkommen in der Business-Klasse.<\/h2>\t\t\t\t<\/div>\n\t\t\t\t<\/div>\n\t\t\t\t<div class=\"elementor-element elementor-element-1d9094b elementor-widget elementor-widget-shortcode\" data-id=\"1d9094b\" data-element_type=\"widget\" data-e-type=\"widget\" data-widget_type=\"shortcode.default\">\n\t\t\t\t<div class=\"elementor-widget-container\">\n\t\t\t\t\t\t\t<div class=\"elementor-shortcode\"><div class=\"elementor-element elementor-element-b775e88 elementor-align-center elementor-widget elementor-widget-button stock_cars_cta\" data-id=\"b775e88\" data-element_type=\"widget\" data-widget_type=\"button.default\"><div class=\"elementor-widget-container\"><div class=\"elementor-button-wrapper\"><a class=\"elementor-button elementor-button-link elementor-size-sm no-bg-color\" href=\"#stock\"><span class=\"elementor-button-content-wrapper\"><span class=\"elementor-button-text\">Entdecken Sie unseren Fahrzeugbestand<\/span><\/span><\/a><\/div><\/div><\/div><\/div>\n\t\t\t\t\t\t<\/div>\n\t\t\t\t<\/div>\n\t\t\t\t\t<\/div>\n\t\t<\/div>\n\t\t\t\t\t<\/div>\n\t\t<\/section>\n\t\t\t\t<section class=\"elementor-section elementor-top-section elementor-element elementor-element-3ab0d88 elementor-section-boxed elementor-section-height-default elementor-section-height-default\" data-id=\"3ab0d88\" data-element_type=\"section\" data-e-type=\"section\">\n\t\t\t\t\t\t<div class=\"elementor-container elementor-column-gap-default\">\n\t\t\t\t\t<div class=\"elementor-column elementor-col-100 elementor-top-column elementor-element elementor-element-61fd4dc\" data-id=\"61fd4dc\" data-element_type=\"column\" data-e-type=\"column\">\n\t\t\t<div class=\"elementor-widget-wrap elementor-element-populated\">\n\t\t\t\t\t\t<div class=\"elementor-element elementor-element-f266695 elementor-widget elementor-widget-heading\" data-id=\"f266695\" data-element_type=\"widget\" data-e-type=\"widget\" data-widget_type=\"heading.default\">\n\t\t\t\t<div class=\"elementor-widget-container\">\n\t\t\t\t\t<h2 class=\"elementor-heading-title elementor-size-default\">Die Kia EV6 Business und Business Plus<\/h2>\t\t\t\t<\/div>\n\t\t\t\t<\/div>\n\t\t\t\t<div class=\"elementor-element elementor-element-70bc75c elementor-widget elementor-widget-text-editor\" data-id=\"70bc75c\" data-element_type=\"widget\" data-e-type=\"widget\" data-widget_type=\"text-editor.default\">\n\t\t\t\t<div class=\"elementor-widget-container\">\n\t\t\t\t\t\t\t\t\t<p>Die Essenz des elektrischen Fahrens, Business-Upgrade inklusive.<\/p>\n\t\t\t\t\t\t\t\t<\/div>\n\t\t\t\t<\/div>\n\t\t\t\t<div class=\"elementor-element elementor-element-5d7d214 elementor-widget elementor-widget-text-editor\" data-id=\"5d7d214\" data-element_type=\"widget\" data-e-type=\"widget\" data-widget_type=\"text-editor.default\">\n\t\t\t\t<div class=\"elementor-widget-container\">\n\t\t\t\t\t\t\t\t\t<p>Ein Crossover mit auff\u00e4lligem Design, ein innovativer Innenraum mit zwei gebogenen 12,3-Zoll-Bildschirmen und integriertem Navigationssystem: Der Kia EV6 bringt Sie direkt an einen anderen Ort. Dank der 800V-Technologie kann der EV6 in nur 18 Minuten von 20 auf 80 % Akkulaufzeit beschleunigt werden. Vollgeladen kann er 528 Kilometer weit fahren. Zur Kr\u00f6nung des Ganzen: Die Sonderserie Business verw\u00f6hnt Sie mit Ausstattungsmerkmalen zu einem mehr als attraktiven Preis. Ganz zu schweigen von der Business Plus-Serie, die sich den Luxus g\u00f6nnt, die Konkurrenz zu \u00fcbertrumpfen&#8230;<\/p>\n\t\t\t\t\t\t\t\t<\/div>\n\t\t\t\t<\/div>\n\t\t\t\t<section class=\"elementor-section elementor-inner-section elementor-element elementor-element-6d234ef elementor-section-boxed elementor-section-height-default elementor-section-height-default\" data-id=\"6d234ef\" data-element_type=\"section\" data-e-type=\"section\">\n\t\t\t\t\t\t<div class=\"elementor-container elementor-column-gap-default\">\n\t\t\t\t\t<div class=\"elementor-column elementor-col-50 elementor-inner-column elementor-element elementor-element-496e035\" data-id=\"496e035\" data-element_type=\"column\" data-e-type=\"column\">\n\t\t\t<div class=\"elementor-widget-wrap elementor-element-populated\">\n\t\t\t\t\t\t<div class=\"elementor-element elementor-element-e3660b2 elementor-widget elementor-widget-image\" data-id=\"e3660b2\" data-element_type=\"widget\" data-e-type=\"widget\" data-widget_type=\"image.default\">\n\t\t\t\t<div class=\"elementor-widget-container\">\n\t\t\t\t\t\t\t\t\t\t\t\t\t\t\t<img fetchpriority=\"high\" decoding=\"async\" width=\"768\" height=\"512\" src=\"https:\/\/ebac-auto.be\/wp-content\/uploads\/2024\/01\/kia-ev6-interieur-1-min-768x512.jpg\" class=\"attachment-medium_large size-medium_large wp-image-3372\" alt=\"Kia EV6 Business et Business Plus - Ebac Kia Verviers Eupen\" srcset=\"https:\/\/ebac-auto.be\/wp-content\/uploads\/2024\/01\/kia-ev6-interieur-1-min-768x512.jpg 768w, https:\/\/ebac-auto.be\/wp-content\/uploads\/2024\/01\/kia-ev6-interieur-1-min-300x200.jpg 300w, https:\/\/ebac-auto.be\/wp-content\/uploads\/2024\/01\/kia-ev6-interieur-1-min-1024x683.jpg 1024w, https:\/\/ebac-auto.be\/wp-content\/uploads\/2024\/01\/kia-ev6-interieur-1-min-1536x1024.jpg 1536w, https:\/\/ebac-auto.be\/wp-content\/uploads\/2024\/01\/kia-ev6-interieur-1-min.jpg 1920w\" sizes=\"(max-width: 768px) 100vw, 768px\" \/>\t\t\t\t\t\t\t\t\t\t\t\t\t\t\t<\/div>\n\t\t\t\t<\/div>\n\t\t\t\t\t<\/div>\n\t\t<\/div>\n\t\t\t\t<div class=\"elementor-column elementor-col-50 elementor-inner-column elementor-element elementor-element-b883e32\" data-id=\"b883e32\" data-element_type=\"column\" data-e-type=\"column\">\n\t\t\t<div class=\"elementor-widget-wrap elementor-element-populated\">\n\t\t\t\t\t\t<div class=\"elementor-element elementor-element-b2ff470 elementor-widget elementor-widget-image\" data-id=\"b2ff470\" data-element_type=\"widget\" data-e-type=\"widget\" data-widget_type=\"image.default\">\n\t\t\t\t<div class=\"elementor-widget-container\">\n\t\t\t\t\t\t\t\t\t\t\t\t\t\t\t<img decoding=\"async\" width=\"768\" height=\"512\" src=\"https:\/\/ebac-auto.be\/wp-content\/uploads\/2024\/01\/kia-ev6-interieur-2-min-768x512.jpg\" class=\"attachment-medium_large size-medium_large wp-image-3374\" alt=\"Kia EV6 Business et Business Plus - Ebac Kia Verviers Eupen\" srcset=\"https:\/\/ebac-auto.be\/wp-content\/uploads\/2024\/01\/kia-ev6-interieur-2-min-768x512.jpg 768w, https:\/\/ebac-auto.be\/wp-content\/uploads\/2024\/01\/kia-ev6-interieur-2-min-300x200.jpg 300w, https:\/\/ebac-auto.be\/wp-content\/uploads\/2024\/01\/kia-ev6-interieur-2-min-1024x683.jpg 1024w, https:\/\/ebac-auto.be\/wp-content\/uploads\/2024\/01\/kia-ev6-interieur-2-min-1536x1024.jpg 1536w, https:\/\/ebac-auto.be\/wp-content\/uploads\/2024\/01\/kia-ev6-interieur-2-min.jpg 1920w\" sizes=\"(max-width: 768px) 100vw, 768px\" \/>\t\t\t\t\t\t\t\t\t\t\t\t\t\t\t<\/div>\n\t\t\t\t<\/div>\n\t\t\t\t\t<\/div>\n\t\t<\/div>\n\t\t\t\t\t<\/div>\n\t\t<\/section>\n\t\t\t\t<div class=\"elementor-element elementor-element-88ba4b0 elementor-align-center elementor-widget elementor-widget-button\" data-id=\"88ba4b0\" data-element_type=\"widget\" data-e-type=\"widget\" data-widget_type=\"button.default\">\n\t\t\t\t<div class=\"elementor-widget-container\">\n\t\t\t\t\t\t\t\t\t<div class=\"elementor-button-wrapper\">\n\t\t\t\t\t<a class=\"elementor-button elementor-button-link elementor-size-sm\" href=\"#form\">\n\t\t\t\t\t\t<span class=\"elementor-button-content-wrapper\">\n\t\t\t\t\t\t\t\t\t<span class=\"elementor-button-text\">Angebot erhalten<\/span>\n\t\t\t\t\t<\/span>\n\t\t\t\t\t<\/a>\n\t\t\t\t<\/div>\n\t\t\t\t\t\t\t\t<\/div>\n\t\t\t\t<\/div>\n\t\t\t\t\t<\/div>\n\t\t<\/div>\n\t\t\t\t\t<\/div>\n\t\t<\/section>\n\t\t\t\t<section class=\"elementor-section elementor-top-section elementor-element elementor-element-a1a6a4d elementor-section-boxed elementor-section-height-default elementor-section-height-default\" data-id=\"a1a6a4d\" data-element_type=\"section\" data-e-type=\"section\">\n\t\t\t\t\t\t<div class=\"elementor-container elementor-column-gap-default\">\n\t\t\t\t\t<div class=\"elementor-column elementor-col-100 elementor-top-column elementor-element elementor-element-9d70ce0\" data-id=\"9d70ce0\" data-element_type=\"column\" data-e-type=\"column\">\n\t\t\t<div class=\"elementor-widget-wrap elementor-element-populated\">\n\t\t\t\t\t\t<section class=\"elementor-section elementor-inner-section elementor-element elementor-element-84d53d1 elementor-section-boxed elementor-section-height-default elementor-section-height-default\" data-id=\"84d53d1\" data-element_type=\"section\" data-e-type=\"section\">\n\t\t\t\t\t\t<div class=\"elementor-container elementor-column-gap-default\">\n\t\t\t\t\t<div class=\"elementor-column elementor-col-50 elementor-inner-column elementor-element elementor-element-4e2ad6b\" data-id=\"4e2ad6b\" data-element_type=\"column\" data-e-type=\"column\">\n\t\t\t<div class=\"elementor-widget-wrap elementor-element-populated\">\n\t\t\t\t\t\t<div class=\"elementor-element elementor-element-aabbf2c elementor-widget elementor-widget-heading\" data-id=\"aabbf2c\" data-element_type=\"widget\" data-e-type=\"widget\" data-widget_type=\"heading.default\">\n\t\t\t\t<div class=\"elementor-widget-container\">\n\t\t\t\t\t<h2 class=\"elementor-heading-title elementor-size-default\">Der Kia EV6 Business:<\/h2>\t\t\t\t<\/div>\n\t\t\t\t<\/div>\n\t\t\t\t<div class=\"elementor-element elementor-element-b0d1ba1 elementor-widget elementor-widget-heading\" data-id=\"b0d1ba1\" data-element_type=\"widget\" data-e-type=\"widget\" data-widget_type=\"heading.default\">\n\t\t\t\t<div class=\"elementor-widget-container\">\n\t\t\t\t\t<div class=\"elementor-heading-title elementor-size-default\">Ausstattung :<\/div>\t\t\t\t<\/div>\n\t\t\t\t<\/div>\n\t\t\t\t<div class=\"elementor-element elementor-element-beaf538 elementor-icon-list--layout-traditional elementor-list-item-link-full_width elementor-widget elementor-widget-icon-list\" data-id=\"beaf538\" data-element_type=\"widget\" data-e-type=\"widget\" data-widget_type=\"icon-list.default\">\n\t\t\t\t<div class=\"elementor-widget-container\">\n\t\t\t\t\t\t\t<ul class=\"elementor-icon-list-items\">\n\t\t\t\t\t\t\t<li class=\"elementor-icon-list-item\">\n\t\t\t\t\t\t\t\t\t\t\t<span class=\"elementor-icon-list-icon\">\n\t\t\t\t\t\t\t<i aria-hidden=\"true\" class=\"fas fa-check\"><\/i>\t\t\t\t\t\t<\/span>\n\t\t\t\t\t\t\t\t\t\t<span class=\"elementor-icon-list-text\">LED-Tagfahrlicht und LED-Scheinwerfer  <\/span>\n\t\t\t\t\t\t\t\t\t<\/li>\n\t\t\t\t\t\t\t\t<li class=\"elementor-icon-list-item\">\n\t\t\t\t\t\t\t\t\t\t\t<span class=\"elementor-icon-list-icon\">\n\t\t\t\t\t\t\t<i aria-hidden=\"true\" class=\"fas fa-check\"><\/i>\t\t\t\t\t\t<\/span>\n\t\t\t\t\t\t\t\t\t\t<span class=\"elementor-icon-list-text\">19-Zoll-Leichtmetallfelgen  <\/span>\n\t\t\t\t\t\t\t\t\t<\/li>\n\t\t\t\t\t\t\t\t<li class=\"elementor-icon-list-item\">\n\t\t\t\t\t\t\t\t\t\t\t<span class=\"elementor-icon-list-icon\">\n\t\t\t\t\t\t\t<i aria-hidden=\"true\" class=\"fas fa-check\"><\/i>\t\t\t\t\t\t<\/span>\n\t\t\t\t\t\t\t\t\t\t<span class=\"elementor-icon-list-text\">Doppelte gekr\u00fcmmte 12,3-Zoll-Bildschirme mit Infotainment-Navigation Apple Car Play &amp; Android Auto<\/span>\n\t\t\t\t\t\t\t\t\t<\/li>\n\t\t\t\t\t\t\t\t<li class=\"elementor-icon-list-item\">\n\t\t\t\t\t\t\t\t\t\t\t<span class=\"elementor-icon-list-icon\">\n\t\t\t\t\t\t\t<i aria-hidden=\"true\" class=\"fas fa-check\"><\/i>\t\t\t\t\t\t<\/span>\n\t\t\t\t\t\t\t\t\t\t<span class=\"elementor-icon-list-text\">Automatische Zwei-Zonen-Klimaanlage<\/span>\n\t\t\t\t\t\t\t\t\t<\/li>\n\t\t\t\t\t\t\t\t<li class=\"elementor-icon-list-item\">\n\t\t\t\t\t\t\t\t\t\t\t<span class=\"elementor-icon-list-icon\">\n\t\t\t\t\t\t\t<i aria-hidden=\"true\" class=\"fas fa-check\"><\/i>\t\t\t\t\t\t<\/span>\n\t\t\t\t\t\t\t\t\t\t<span class=\"elementor-icon-list-text\">Polsterung aus Stoff \/ Kunstleder<\/span>\n\t\t\t\t\t\t\t\t\t<\/li>\n\t\t\t\t\t\t\t\t<li class=\"elementor-icon-list-item\">\n\t\t\t\t\t\t\t\t\t\t\t<span class=\"elementor-icon-list-icon\">\n\t\t\t\t\t\t\t<i aria-hidden=\"true\" class=\"fas fa-check\"><\/i>\t\t\t\t\t\t<\/span>\n\t\t\t\t\t\t\t\t\t\t<span class=\"elementor-icon-list-text\">Parksensoren hinten  <\/span>\n\t\t\t\t\t\t\t\t\t<\/li>\n\t\t\t\t\t\t\t\t<li class=\"elementor-icon-list-item\">\n\t\t\t\t\t\t\t\t\t\t\t<span class=\"elementor-icon-list-icon\">\n\t\t\t\t\t\t\t<i aria-hidden=\"true\" class=\"fas fa-check\"><\/i>\t\t\t\t\t\t<\/span>\n\t\t\t\t\t\t\t\t\t\t<span class=\"elementor-icon-list-text\">R\u00fcckfahrkamera<\/span>\n\t\t\t\t\t\t\t\t\t<\/li>\n\t\t\t\t\t\t\t\t<li class=\"elementor-icon-list-item\">\n\t\t\t\t\t\t\t\t\t\t\t<span class=\"elementor-icon-list-icon\">\n\t\t\t\t\t\t\t<i aria-hidden=\"true\" class=\"fas fa-check\"><\/i>\t\t\t\t\t\t<\/span>\n\t\t\t\t\t\t\t\t\t\t<span class=\"elementor-icon-list-text\">Helligkeits- und Regensensor<\/span>\n\t\t\t\t\t\t\t\t\t<\/li>\n\t\t\t\t\t\t\t\t<li class=\"elementor-icon-list-item\">\n\t\t\t\t\t\t\t\t\t\t\t<span class=\"elementor-icon-list-icon\">\n\t\t\t\t\t\t\t<i aria-hidden=\"true\" class=\"fas fa-check\"><\/i>\t\t\t\t\t\t<\/span>\n\t\t\t\t\t\t\t\t\t\t<span class=\"elementor-icon-list-text\">Elektrisch einklappbare Spiegel<\/span>\n\t\t\t\t\t\t\t\t\t<\/li>\n\t\t\t\t\t\t\t\t<li class=\"elementor-icon-list-item\">\n\t\t\t\t\t\t\t\t\t\t\t<span class=\"elementor-icon-list-icon\">\n\t\t\t\t\t\t\t<i aria-hidden=\"true\" class=\"fas fa-check\"><\/i>\t\t\t\t\t\t<\/span>\n\t\t\t\t\t\t\t\t\t\t<span class=\"elementor-icon-list-text\">Smart Key<\/span>\n\t\t\t\t\t\t\t\t\t<\/li>\n\t\t\t\t\t\t\t\t<li class=\"elementor-icon-list-item\">\n\t\t\t\t\t\t\t\t\t\t\t<span class=\"elementor-icon-list-icon\">\n\t\t\t\t\t\t\t<i aria-hidden=\"true\" class=\"fas fa-check\"><\/i>\t\t\t\t\t\t<\/span>\n\t\t\t\t\t\t\t\t\t\t<span class=\"elementor-icon-list-text\">Spurhalteassistent (LFA) und Spurhalteassistent (LKA)<\/span>\n\t\t\t\t\t\t\t\t\t<\/li>\n\t\t\t\t\t\t<\/ul>\n\t\t\t\t\t\t<\/div>\n\t\t\t\t<\/div>\n\t\t\t\t<div class=\"elementor-element elementor-element-067ca30 elementor-widget elementor-widget-text-editor\" data-id=\"067ca30\" data-element_type=\"widget\" data-e-type=\"widget\" data-widget_type=\"text-editor.default\">\n\t\t\t\t<div class=\"elementor-widget-container\">\n\t\t\t\t\t\t\t\t\t<p>58-kWh-Batterie &#8211; Reichweite: 394 km<\/p>\n<p>EasyMove: <br \/><strong>ab 309 \u20ac \/ Monat*<\/strong>.<\/p>\n<p>Letzte erh\u00f6hte Monatsrate: 17.945,00 \u20ac.<\/p>\n\t\t\t\t\t\t\t\t<\/div>\n\t\t\t\t<\/div>\n\t\t\t\t\t<\/div>\n\t\t<\/div>\n\t\t\t\t<div class=\"elementor-column elementor-col-50 elementor-inner-column elementor-element elementor-element-8807717\" data-id=\"8807717\" data-element_type=\"column\" data-e-type=\"column\">\n\t\t\t<div class=\"elementor-widget-wrap elementor-element-populated\">\n\t\t\t\t\t\t<div class=\"elementor-element elementor-element-27f34dc elementor-widget elementor-widget-heading\" data-id=\"27f34dc\" data-element_type=\"widget\" data-e-type=\"widget\" data-widget_type=\"heading.default\">\n\t\t\t\t<div class=\"elementor-widget-container\">\n\t\t\t\t\t<h2 class=\"elementor-heading-title elementor-size-default\">Der Kia EV6 Business Plus:<\/h2>\t\t\t\t<\/div>\n\t\t\t\t<\/div>\n\t\t\t\t<div class=\"elementor-element elementor-element-247537b elementor-widget elementor-widget-heading\" data-id=\"247537b\" data-element_type=\"widget\" data-e-type=\"widget\" data-widget_type=\"heading.default\">\n\t\t\t\t<div class=\"elementor-widget-container\">\n\t\t\t\t\t<div class=\"elementor-heading-title elementor-size-default\">Business-Ausstattung mit zus\u00e4tzlich :<\/div>\t\t\t\t<\/div>\n\t\t\t\t<\/div>\n\t\t\t\t<div class=\"elementor-element elementor-element-1fb25b8 elementor-icon-list--layout-traditional elementor-list-item-link-full_width elementor-widget elementor-widget-icon-list\" data-id=\"1fb25b8\" data-element_type=\"widget\" data-e-type=\"widget\" data-widget_type=\"icon-list.default\">\n\t\t\t\t<div class=\"elementor-widget-container\">\n\t\t\t\t\t\t\t<ul class=\"elementor-icon-list-items\">\n\t\t\t\t\t\t\t<li class=\"elementor-icon-list-item\">\n\t\t\t\t\t\t\t\t\t\t\t<span class=\"elementor-icon-list-icon\">\n\t\t\t\t\t\t\t<i aria-hidden=\"true\" class=\"fas fa-check\"><\/i>\t\t\t\t\t\t<\/span>\n\t\t\t\t\t\t\t\t\t\t<span class=\"elementor-icon-list-text\">W\u00e4rmepumpe<\/span>\n\t\t\t\t\t\t\t\t\t<\/li>\n\t\t\t\t\t\t\t\t<li class=\"elementor-icon-list-item\">\n\t\t\t\t\t\t\t\t\t\t\t<span class=\"elementor-icon-list-icon\">\n\t\t\t\t\t\t\t<i aria-hidden=\"true\" class=\"fas fa-check\"><\/i>\t\t\t\t\t\t<\/span>\n\t\t\t\t\t\t\t\t\t\t<span class=\"elementor-icon-list-text\">Dual-LED-Scheinwerfer mit dynamischen Blinklichtern<\/span>\n\t\t\t\t\t\t\t\t\t<\/li>\n\t\t\t\t\t\t\t\t<li class=\"elementor-icon-list-item\">\n\t\t\t\t\t\t\t\t\t\t\t<span class=\"elementor-icon-list-icon\">\n\t\t\t\t\t\t\t<i aria-hidden=\"true\" class=\"fas fa-check\"><\/i>\t\t\t\t\t\t<\/span>\n\t\t\t\t\t\t\t\t\t\t<span class=\"elementor-icon-list-text\">Polsterung aus veganem Leder<\/span>\n\t\t\t\t\t\t\t\t\t<\/li>\n\t\t\t\t\t\t\t\t<li class=\"elementor-icon-list-item\">\n\t\t\t\t\t\t\t\t\t\t\t<span class=\"elementor-icon-list-icon\">\n\t\t\t\t\t\t\t<i aria-hidden=\"true\" class=\"fas fa-check\"><\/i>\t\t\t\t\t\t<\/span>\n\t\t\t\t\t\t\t\t\t\t<span class=\"elementor-icon-list-text\">Elektrisch verstellbarer Fahrersitz mit Memoryfunktion<\/span>\n\t\t\t\t\t\t\t\t\t<\/li>\n\t\t\t\t\t\t\t\t<li class=\"elementor-icon-list-item\">\n\t\t\t\t\t\t\t\t\t\t\t<span class=\"elementor-icon-list-icon\">\n\t\t\t\t\t\t\t<i aria-hidden=\"true\" class=\"fas fa-check\"><\/i>\t\t\t\t\t\t<\/span>\n\t\t\t\t\t\t\t\t\t\t<span class=\"elementor-icon-list-text\">Elektrisch verstellbarer Beifahrersitz<\/span>\n\t\t\t\t\t\t\t\t\t<\/li>\n\t\t\t\t\t\t\t\t<li class=\"elementor-icon-list-item\">\n\t\t\t\t\t\t\t\t\t\t\t<span class=\"elementor-icon-list-icon\">\n\t\t\t\t\t\t\t<i aria-hidden=\"true\" class=\"fas fa-check\"><\/i>\t\t\t\t\t\t<\/span>\n\t\t\t\t\t\t\t\t\t\t<span class=\"elementor-icon-list-text\">Beheizte Sitze vorne und hinten  <\/span>\n\t\t\t\t\t\t\t\t\t<\/li>\n\t\t\t\t\t\t\t\t<li class=\"elementor-icon-list-item\">\n\t\t\t\t\t\t\t\t\t\t\t<span class=\"elementor-icon-list-icon\">\n\t\t\t\t\t\t\t<i aria-hidden=\"true\" class=\"fas fa-check\"><\/i>\t\t\t\t\t\t<\/span>\n\t\t\t\t\t\t\t\t\t\t<span class=\"elementor-icon-list-text\">Beheiztes Lenkrad<\/span>\n\t\t\t\t\t\t\t\t\t<\/li>\n\t\t\t\t\t\t\t\t<li class=\"elementor-icon-list-item\">\n\t\t\t\t\t\t\t\t\t\t\t<span class=\"elementor-icon-list-icon\">\n\t\t\t\t\t\t\t<i aria-hidden=\"true\" class=\"fas fa-check\"><\/i>\t\t\t\t\t\t<\/span>\n\t\t\t\t\t\t\t\t\t\t<span class=\"elementor-icon-list-text\">T\u00fcrgriffe 'Auto Flush  <\/span>\n\t\t\t\t\t\t\t\t\t<\/li>\n\t\t\t\t\t\t\t\t<li class=\"elementor-icon-list-item\">\n\t\t\t\t\t\t\t\t\t\t\t<span class=\"elementor-icon-list-icon\">\n\t\t\t\t\t\t\t<i aria-hidden=\"true\" class=\"fas fa-check\"><\/i>\t\t\t\t\t\t<\/span>\n\t\t\t\t\t\t\t\t\t\t<span class=\"elementor-icon-list-text\">Elektrisches \u00d6ffnen und Schlie\u00dfen der Heckklappe  <\/span>\n\t\t\t\t\t\t\t\t\t<\/li>\n\t\t\t\t\t\t\t\t<li class=\"elementor-icon-list-item\">\n\t\t\t\t\t\t\t\t\t\t\t<span class=\"elementor-icon-list-icon\">\n\t\t\t\t\t\t\t<i aria-hidden=\"true\" class=\"fas fa-check\"><\/i>\t\t\t\t\t\t<\/span>\n\t\t\t\t\t\t\t\t\t\t<span class=\"elementor-icon-list-text\">Induktives Aufladen des Smartphones<\/span>\n\t\t\t\t\t\t\t\t\t<\/li>\n\t\t\t\t\t\t\t\t<li class=\"elementor-icon-list-item\">\n\t\t\t\t\t\t\t\t\t\t\t<span class=\"elementor-icon-list-icon\">\n\t\t\t\t\t\t\t<i aria-hidden=\"true\" class=\"fas fa-check\"><\/i>\t\t\t\t\t\t<\/span>\n\t\t\t\t\t\t\t\t\t\t<span class=\"elementor-icon-list-text\">Parksensoren vorne<\/span>\n\t\t\t\t\t\t\t\t\t<\/li>\n\t\t\t\t\t\t\t\t<li class=\"elementor-icon-list-item\">\n\t\t\t\t\t\t\t\t\t\t\t<span class=\"elementor-icon-list-icon\">\n\t\t\t\t\t\t\t<i aria-hidden=\"true\" class=\"fas fa-check\"><\/i>\t\t\t\t\t\t<\/span>\n\t\t\t\t\t\t\t\t\t\t<span class=\"elementor-icon-list-text\">Abgedunkelte Scheiben <\/span>\n\t\t\t\t\t\t\t\t\t<\/li>\n\t\t\t\t\t\t\t\t<li class=\"elementor-icon-list-item\">\n\t\t\t\t\t\t\t\t\t\t\t<span class=\"elementor-icon-list-icon\">\n\t\t\t\t\t\t\t<i aria-hidden=\"true\" class=\"fas fa-check\"><\/i>\t\t\t\t\t\t<\/span>\n\t\t\t\t\t\t\t\t\t\t<span class=\"elementor-icon-list-text\">Totwinkel-Kollisionsvermeidungs-Assistent (BCA)<\/span>\n\t\t\t\t\t\t\t\t\t<\/li>\n\t\t\t\t\t\t<\/ul>\n\t\t\t\t\t\t<\/div>\n\t\t\t\t<\/div>\n\t\t\t\t<div class=\"elementor-element elementor-element-9a2f19e elementor-widget elementor-widget-text-editor\" data-id=\"9a2f19e\" data-element_type=\"widget\" data-e-type=\"widget\" data-widget_type=\"text-editor.default\">\n\t\t\t\t<div class=\"elementor-widget-container\">\n\t\t\t\t\t\t\t\t\t<p>Batterie 77,4 kWh &#8211; Reichweite: 528 km<\/p>\n<p>EasyMove: <br><strong>ab 359 \u20ac \/ Monat*<\/strong>.<\/p>\n<p>Letzte erh\u00f6hte Monatsrate: 21.035,00 \u20ac.<\/p>\t\t\t\t\t\t\t\t<\/div>\n\t\t\t\t<\/div>\n\t\t\t\t\t<\/div>\n\t\t<\/div>\n\t\t\t\t\t<\/div>\n\t\t<\/section>\n\t\t\t\t<div class=\"elementor-element elementor-element-2bd9dd5 elementor-align-center elementor-widget elementor-widget-button\" data-id=\"2bd9dd5\" data-element_type=\"widget\" data-e-type=\"widget\" data-widget_type=\"button.default\">\n\t\t\t\t<div class=\"elementor-widget-container\">\n\t\t\t\t\t\t\t\t\t<div class=\"elementor-button-wrapper\">\n\t\t\t\t\t<a class=\"elementor-button elementor-button-link elementor-size-sm\" href=\"#form\">\n\t\t\t\t\t\t<span class=\"elementor-button-content-wrapper\">\n\t\t\t\t\t\t\t\t\t<span class=\"elementor-button-text\">Das interessiert mich<\/span>\n\t\t\t\t\t<\/span>\n\t\t\t\t\t<\/a>\n\t\t\t\t<\/div>\n\t\t\t\t\t\t\t\t<\/div>\n\t\t\t\t<\/div>\n\t\t\t\t\t<\/div>\n\t\t<\/div>\n\t\t\t\t\t<\/div>\n\t\t<\/section>\n\t\t\t\t<section class=\"elementor-section elementor-top-section elementor-element elementor-element-bdfc84c elementor-section-boxed elementor-section-height-default elementor-section-height-default\" data-id=\"bdfc84c\" data-element_type=\"section\" data-e-type=\"section\">\n\t\t\t\t\t\t<div class=\"elementor-container elementor-column-gap-default\">\n\t\t\t\t\t<div class=\"elementor-column elementor-col-100 elementor-top-column elementor-element elementor-element-bb91f25\" data-id=\"bb91f25\" data-element_type=\"column\" data-e-type=\"column\">\n\t\t\t<div class=\"elementor-widget-wrap elementor-element-populated\">\n\t\t\t\t\t\t<div class=\"elementor-element elementor-element-86a8b10 elementor-widget elementor-widget-shortcode\" data-id=\"86a8b10\" data-element_type=\"widget\" data-e-type=\"widget\" data-widget_type=\"shortcode.default\">\n\t\t\t\t<div class=\"elementor-widget-container\">\n\t\t\t\t\t\t\t<div class=\"elementor-shortcode\"><div id=\"stock\"><\/div><div class=\"car_stock\"><div class=\"elementor-element elementor-element-a8de58a elementor-widget elementor-widget-heading\" data-id=\"a8de58a\" data-element_type=\"widget\" data-widget_type=\"heading.default\"><div class=\"elementor-widget-container\"><h2 class=\"elementor-heading-title elementor-size-default\">Unsere Kia EV6 auf Lager<\/h2><\/div><\/div><section class=\"elementor-section elementor-inner-section elementor-element elementor-element-28bf780 elementor-section-boxed elementor-section-height-default elementor-section-height-default\" data-id=\"28bf780\" data-element_type=\"section\"><div class=\"elementor-container elementor-column-gap-default\">    <a href=\"https:\/\/www.caralliance.be\/vehicule\/kia-ev6-rwd-air-77-4-kwh-388976\/\" target=\"_blank\" class=\"car-link\">\n        <div class=\"elementor-column elementor-col-33 elementor-inner-column elementor-element animated fadeIn\" \n             data-settings=\"{&quot;animation&quot;:&quot;fadeIn&quot;,&quot;animation_delay&quot;:500}\">\n            <div class=\"elementor-widget-wrap elementor-element-populated\">\n                \n                <!-- Image du v\u00e9hicule -->\n                <div class=\"elementor-widget elementor-widget-image\">\n                    <div class=\"elementor-widget-container\">\n                        \n                                                            <img decoding=\"async\" \n                                src=\"https:\/\/www.caralliance.be\/wp-content\/uploads\/0kiaev6frontl1740144903131-photoroom.png\" \n                                title=\"KIA &#8211; EV6 &#8211; RWD AIR 77.4 kWh\" \n                                alt=\"KIA &#8211; EV6 &#8211; RWD AIR 77.4 kWh\" \n                                loading=\"lazy\">\n                            \n                        \n                        <div class=\"price\">34.000,00 \u20ac<\/div>\n                    <\/div>\n                <\/div>\n\n                <!-- Titre du v\u00e9hicule -->\n                <div class=\"elementor-widget elementor-widget-heading\">\n                    <div class=\"elementor-widget-container\">\n                        <h3 class=\"elementor-heading-title elementor-size-default\">\n                            KIA EV6                                                            <br\/><span class=\"car-version\">RWD AIR 77.4 kWh<\/span>\n                                                    <\/h3>\n                    <\/div>\n                <\/div>\n\n                <!-- Liste des \u00e9l\u00e9ments -->\n                <div class=\"elementor-widget-container infos\">\n                    <ul class=\"elementor-icon-list-items\">\n                        \n                        <!-- Moteur -->\n                        <li class=\"elementor-icon-list-item\">\n                            <span class=\"elementor-icon-list-icon\">\n                                <i aria-hidden=\"true\" class=\"fas fa-cogs\"><\/i> <!-- Ic\u00f4ne moteur -->\n                            <\/span>\n                            <span class=\"elementor-icon-list-text elementor-inline-editing\" \n                                  data-elementor-setting-key=\"icon_list.0.text\">\n                                  77.4 kWh RWD                            <\/span>\n                        <\/li>\n                        \n                        <!-- Date d'immatriculation -->\n                        <li class=\"elementor-icon-list-item\">\n                            <span class=\"elementor-icon-list-icon\">\n                                <i aria-hidden=\"true\" class=\"fas fa-calendar-alt\"><\/i> <!-- Ic\u00f4ne date -->\n                            <\/span>\n                            <span class=\"elementor-icon-list-text elementor-inline-editing\" \n                                  data-elementor-setting-key=\"icon_list.1.text\">\n                                  01\/08\/2022                            <\/span>\n                        <\/li>\n\n                        <!-- Kilom\u00e9trage -->\n                        <li class=\"elementor-icon-list-item\">\n                            <span class=\"elementor-icon-list-icon\">\n                                <i aria-hidden=\"true\" class=\"fas fa-tachometer-alt\"><\/i> <!-- Ic\u00f4ne kilom\u00e9trage -->\n                            <\/span>\n                            <span class=\"elementor-icon-list-text elementor-inline-editing\" \n                                  data-elementor-setting-key=\"icon_list.2.text\">\n                                  34300 km\n                            <\/span>\n                        <\/li>\n                    <\/ul>\n                <\/div>\n\n                <!-- Bouton -->\n                <div class=\"elementor-widget elementor-align-center elementor-widget-button\">\n                    <div class=\"elementor-widget-container\">\n                        <div class=\"elementor-button-wrapper\">\n                            <a class=\"elementor-button elementor-button-link elementor-size-sm\" \n                               href=\"https:\/\/www.caralliance.be\/vehicule\/kia-ev6-rwd-air-77-4-kwh-388976\/\" target=\"_blank\">\n                                <span class=\"elementor-button-content-wrapper\">\n                                    <span class=\"elementor-button-text\">\n                                        Mehr erfahren                                    <\/span>\n                                <\/span>\n                            <\/a>\n                        <\/div>\n                    <\/div>\n                <\/div>\n            <\/div>\n        <\/div>\n    <\/a>\n    <a href=\"https:\/\/www.caralliance.be\/vehicule\/kia-ev6-awd-earth-77-4-kwh-389013\/\" target=\"_blank\" class=\"car-link\">\n        <div class=\"elementor-column elementor-col-33 elementor-inner-column elementor-element animated fadeIn\" \n             data-settings=\"{&quot;animation&quot;:&quot;fadeIn&quot;,&quot;animation_delay&quot;:1000}\">\n            <div class=\"elementor-widget-wrap elementor-element-populated\">\n                \n                <!-- Image du v\u00e9hicule -->\n                <div class=\"elementor-widget elementor-widget-image\">\n                    <div class=\"elementor-widget-container\">\n                        \n                            <img decoding=\"async\" \n                                src=\"https:\/\/cdn.photo-motion.com\/images\/bZeXzvku_NElUAuD\/f607f600-2796-4e45-a3e5-ecc6c106cacd\/c402dfce-ec27-4c70-9763-5aec45afeef3.1920\" \n                                title=\"KIA &#8211; EV6 &#8211; AWD Earth 77.4 kWh\" \n                                alt=\"KIA &#8211; EV6 &#8211; AWD Earth 77.4 kWh\" \n                                loading=\"lazy\">\n\n                        \n                        <div class=\"price\">34.900,00 \u20ac<\/div>\n                    <\/div>\n                <\/div>\n\n                <!-- Titre du v\u00e9hicule -->\n                <div class=\"elementor-widget elementor-widget-heading\">\n                    <div class=\"elementor-widget-container\">\n                        <h3 class=\"elementor-heading-title elementor-size-default\">\n                            KIA EV6                                                            <br\/><span class=\"car-version\">AWD Earth 77.4 kWh<\/span>\n                                                    <\/h3>\n                    <\/div>\n                <\/div>\n\n                <!-- Liste des \u00e9l\u00e9ments -->\n                <div class=\"elementor-widget-container infos\">\n                    <ul class=\"elementor-icon-list-items\">\n                        \n                        <!-- Moteur -->\n                        <li class=\"elementor-icon-list-item\">\n                            <span class=\"elementor-icon-list-icon\">\n                                <i aria-hidden=\"true\" class=\"fas fa-cogs\"><\/i> <!-- Ic\u00f4ne moteur -->\n                            <\/span>\n                            <span class=\"elementor-icon-list-text elementor-inline-editing\" \n                                  data-elementor-setting-key=\"icon_list.0.text\">\n                                  Long Range 77.4 kWh AWD                            <\/span>\n                        <\/li>\n                        \n                        <!-- Date d'immatriculation -->\n                        <li class=\"elementor-icon-list-item\">\n                            <span class=\"elementor-icon-list-icon\">\n                                <i aria-hidden=\"true\" class=\"fas fa-calendar-alt\"><\/i> <!-- Ic\u00f4ne date -->\n                            <\/span>\n                            <span class=\"elementor-icon-list-text elementor-inline-editing\" \n                                  data-elementor-setting-key=\"icon_list.1.text\">\n                                  29\/09\/2022                            <\/span>\n                        <\/li>\n\n                        <!-- Kilom\u00e9trage -->\n                        <li class=\"elementor-icon-list-item\">\n                            <span class=\"elementor-icon-list-icon\">\n                                <i aria-hidden=\"true\" class=\"fas fa-tachometer-alt\"><\/i> <!-- Ic\u00f4ne kilom\u00e9trage -->\n                            <\/span>\n                            <span class=\"elementor-icon-list-text elementor-inline-editing\" \n                                  data-elementor-setting-key=\"icon_list.2.text\">\n                                  450 km\n                            <\/span>\n                        <\/li>\n                    <\/ul>\n                <\/div>\n\n                <!-- Bouton -->\n                <div class=\"elementor-widget elementor-align-center elementor-widget-button\">\n                    <div class=\"elementor-widget-container\">\n                        <div class=\"elementor-button-wrapper\">\n                            <a class=\"elementor-button elementor-button-link elementor-size-sm\" \n                               href=\"https:\/\/www.caralliance.be\/vehicule\/kia-ev6-awd-earth-77-4-kwh-389013\/\" target=\"_blank\">\n                                <span class=\"elementor-button-content-wrapper\">\n                                    <span class=\"elementor-button-text\">\n                                        Mehr erfahren                                    <\/span>\n                                <\/span>\n                            <\/a>\n                        <\/div>\n                    <\/div>\n                <\/div>\n            <\/div>\n        <\/div>\n    <\/a>\n    <a href=\"https:\/\/www.caralliance.be\/vehicule\/kia-ev6-business-plus-77-4kwh-rwd-396149\/\" target=\"_blank\" class=\"car-link\">\n        <div class=\"elementor-column elementor-col-33 elementor-inner-column elementor-element animated fadeIn\" \n             data-settings=\"{&quot;animation&quot;:&quot;fadeIn&quot;,&quot;animation_delay&quot;:1500}\">\n            <div class=\"elementor-widget-wrap elementor-element-populated\">\n                \n                <!-- Image du v\u00e9hicule -->\n                <div class=\"elementor-widget elementor-widget-image\">\n                    <div class=\"elementor-widget-container\">\n                        \n                            <img decoding=\"async\" \n                                src=\"https:\/\/cdn.photo-motion.com\/images\/bZeXzvku_NElUAuD\/027994d6-0f36-4f55-befb-c4745d906235\/88d8b6e4-e11e-4878-9dbd-9b045d0989dd.1920\" \n                                title=\"Kia EV6 Business Plus 77.4kWh RWD\" \n                                alt=\"Kia EV6 Business Plus 77.4kWh RWD\" \n                                loading=\"lazy\">\n\n                        \n                        <div class=\"price\">38.490,00 \u20ac<\/div>\n                    <\/div>\n                <\/div>\n\n                <!-- Titre du v\u00e9hicule -->\n                <div class=\"elementor-widget elementor-widget-heading\">\n                    <div class=\"elementor-widget-container\">\n                        <h3 class=\"elementor-heading-title elementor-size-default\">\n                            KIA EV6                                                            <br\/><span class=\"car-version\">Business Plus <\/span>\n                                                    <\/h3>\n                    <\/div>\n                <\/div>\n\n                <!-- Liste des \u00e9l\u00e9ments -->\n                <div class=\"elementor-widget-container infos\">\n                    <ul class=\"elementor-icon-list-items\">\n                        \n                        <!-- Moteur -->\n                        <li class=\"elementor-icon-list-item\">\n                            <span class=\"elementor-icon-list-icon\">\n                                <i aria-hidden=\"true\" class=\"fas fa-cogs\"><\/i> <!-- Ic\u00f4ne moteur -->\n                            <\/span>\n                            <span class=\"elementor-icon-list-text elementor-inline-editing\" \n                                  data-elementor-setting-key=\"icon_list.0.text\">\n                                  77,4 kWh                            <\/span>\n                        <\/li>\n                        \n                        <!-- Date d'immatriculation -->\n                        <li class=\"elementor-icon-list-item\">\n                            <span class=\"elementor-icon-list-icon\">\n                                <i aria-hidden=\"true\" class=\"fas fa-calendar-alt\"><\/i> <!-- Ic\u00f4ne date -->\n                            <\/span>\n                            <span class=\"elementor-icon-list-text elementor-inline-editing\" \n                                  data-elementor-setting-key=\"icon_list.1.text\">\n                                  07\/02\/2025                            <\/span>\n                        <\/li>\n\n                        <!-- Kilom\u00e9trage -->\n                        <li class=\"elementor-icon-list-item\">\n                            <span class=\"elementor-icon-list-icon\">\n                                <i aria-hidden=\"true\" class=\"fas fa-tachometer-alt\"><\/i> <!-- Ic\u00f4ne kilom\u00e9trage -->\n                            <\/span>\n                            <span class=\"elementor-icon-list-text elementor-inline-editing\" \n                                  data-elementor-setting-key=\"icon_list.2.text\">\n                                  43378 km\n                            <\/span>\n                        <\/li>\n                    <\/ul>\n                <\/div>\n\n                <!-- Bouton -->\n                <div class=\"elementor-widget elementor-align-center elementor-widget-button\">\n                    <div class=\"elementor-widget-container\">\n                        <div class=\"elementor-button-wrapper\">\n                            <a class=\"elementor-button elementor-button-link elementor-size-sm\" \n                               href=\"https:\/\/www.caralliance.be\/vehicule\/kia-ev6-business-plus-77-4kwh-rwd-396149\/\" target=\"_blank\">\n                                <span class=\"elementor-button-content-wrapper\">\n                                    <span class=\"elementor-button-text\">\n                                        Mehr erfahren                                    <\/span>\n                                <\/span>\n                            <\/a>\n                        <\/div>\n                    <\/div>\n                <\/div>\n            <\/div>\n        <\/div>\n    <\/a>\n<\/div><\/section><section class=\"elementor-section elementor-inner-section elementor-element elementor-element-28bf780 elementor-section-boxed elementor-section-height-default elementor-section-height-default\" data-id=\"28bf780\" data-element_type=\"section\"><div class=\"elementor-container elementor-column-gap-default\">    <a href=\"https:\/\/www.caralliance.be\/vehicule\/kia-ev6-gt-line-774-kwh-rwd-309386\/\" target=\"_blank\" class=\"car-link\">\n        <div class=\"elementor-column elementor-col-33 elementor-inner-column elementor-element animated fadeIn\" \n             data-settings=\"{&quot;animation&quot;:&quot;fadeIn&quot;,&quot;animation_delay&quot;:2000}\">\n            <div class=\"elementor-widget-wrap elementor-element-populated\">\n                \n                <!-- Image du v\u00e9hicule -->\n                <div class=\"elementor-widget elementor-widget-image\">\n                    <div class=\"elementor-widget-container\">\n                        \n                            <img decoding=\"async\" \n                                src=\"https:\/\/assets.centracar.be\/displaydata\/20231215\/42\/095307_a56ee499-3770-4c23-bef7-20a4adf6bf34\/ClosedDoor\/EyeLevelCamera\/ColorPhoto\/EYELC_SCROP_CD_1350_020aaf66.jpg\" \n                                title=\"KIA &#8211; EV6 &#8211; GT Line 77,4 kWh RWD\" \n                                alt=\"KIA &#8211; EV6 &#8211; GT Line 77,4 kWh RWD\" \n                                loading=\"lazy\">\n\n                        \n                        <div class=\"price\">39.990,00 \u20ac<\/div>\n                    <\/div>\n                <\/div>\n\n                <!-- Titre du v\u00e9hicule -->\n                <div class=\"elementor-widget elementor-widget-heading\">\n                    <div class=\"elementor-widget-container\">\n                        <h3 class=\"elementor-heading-title elementor-size-default\">\n                            KIA EV6                                                            <br\/><span class=\"car-version\">GT Line 77,4 kWh RWD<\/span>\n                                                    <\/h3>\n                    <\/div>\n                <\/div>\n\n                <!-- Liste des \u00e9l\u00e9ments -->\n                <div class=\"elementor-widget-container infos\">\n                    <ul class=\"elementor-icon-list-items\">\n                        \n                        <!-- Moteur -->\n                        <li class=\"elementor-icon-list-item\">\n                            <span class=\"elementor-icon-list-icon\">\n                                <i aria-hidden=\"true\" class=\"fas fa-cogs\"><\/i> <!-- Ic\u00f4ne moteur -->\n                            <\/span>\n                            <span class=\"elementor-icon-list-text elementor-inline-editing\" \n                                  data-elementor-setting-key=\"icon_list.0.text\">\n                                  77,4 kWh                            <\/span>\n                        <\/li>\n                        \n                        <!-- Date d'immatriculation -->\n                        <li class=\"elementor-icon-list-item\">\n                            <span class=\"elementor-icon-list-icon\">\n                                <i aria-hidden=\"true\" class=\"fas fa-calendar-alt\"><\/i> <!-- Ic\u00f4ne date -->\n                            <\/span>\n                            <span class=\"elementor-icon-list-text elementor-inline-editing\" \n                                  data-elementor-setting-key=\"icon_list.1.text\">\n                                  27\/06\/2024                            <\/span>\n                        <\/li>\n\n                        <!-- Kilom\u00e9trage -->\n                        <li class=\"elementor-icon-list-item\">\n                            <span class=\"elementor-icon-list-icon\">\n                                <i aria-hidden=\"true\" class=\"fas fa-tachometer-alt\"><\/i> <!-- Ic\u00f4ne kilom\u00e9trage -->\n                            <\/span>\n                            <span class=\"elementor-icon-list-text elementor-inline-editing\" \n                                  data-elementor-setting-key=\"icon_list.2.text\">\n                                  39022 km\n                            <\/span>\n                        <\/li>\n                    <\/ul>\n                <\/div>\n\n                <!-- Bouton -->\n                <div class=\"elementor-widget elementor-align-center elementor-widget-button\">\n                    <div class=\"elementor-widget-container\">\n                        <div class=\"elementor-button-wrapper\">\n                            <a class=\"elementor-button elementor-button-link elementor-size-sm\" \n                               href=\"https:\/\/www.caralliance.be\/vehicule\/kia-ev6-gt-line-774-kwh-rwd-309386\/\" target=\"_blank\">\n                                <span class=\"elementor-button-content-wrapper\">\n                                    <span class=\"elementor-button-text\">\n                                        Mehr erfahren                                    <\/span>\n                                <\/span>\n                            <\/a>\n                        <\/div>\n                    <\/div>\n                <\/div>\n            <\/div>\n        <\/div>\n    <\/a>\n    <a href=\"https:\/\/www.caralliance.be\/vehicule\/kia-ev6-gt-line-774-kwh-rwd-305522\/\" target=\"_blank\" class=\"car-link\">\n        <div class=\"elementor-column elementor-col-33 elementor-inner-column elementor-element animated fadeIn\" \n             data-settings=\"{&quot;animation&quot;:&quot;fadeIn&quot;,&quot;animation_delay&quot;:2500}\">\n            <div class=\"elementor-widget-wrap elementor-element-populated\">\n                \n                <!-- Image du v\u00e9hicule -->\n                <div class=\"elementor-widget elementor-widget-image\">\n                    <div class=\"elementor-widget-container\">\n                        \n                                                            <img decoding=\"async\" \n                                src=\"https:\/\/www.caralliance.be\/wp-content\/uploads\/eyelcscropcd13508712bae9-1600x1200.jpg\" \n                                title=\"KIA &#8211; EV6 &#8211; GT Line 77,4 kWh RWD\" \n                                alt=\"KIA &#8211; EV6 &#8211; GT Line 77,4 kWh RWD\" \n                                loading=\"lazy\">\n                            \n                        \n                        <div class=\"price\">48.990,00 \u20ac<\/div>\n                    <\/div>\n                <\/div>\n\n                <!-- Titre du v\u00e9hicule -->\n                <div class=\"elementor-widget elementor-widget-heading\">\n                    <div class=\"elementor-widget-container\">\n                        <h3 class=\"elementor-heading-title elementor-size-default\">\n                            KIA EV6                                                            <br\/><span class=\"car-version\">GT Line 77,4 kWh RWD<\/span>\n                                                    <\/h3>\n                    <\/div>\n                <\/div>\n\n                <!-- Liste des \u00e9l\u00e9ments -->\n                <div class=\"elementor-widget-container infos\">\n                    <ul class=\"elementor-icon-list-items\">\n                        \n                        <!-- Moteur -->\n                        <li class=\"elementor-icon-list-item\">\n                            <span class=\"elementor-icon-list-icon\">\n                                <i aria-hidden=\"true\" class=\"fas fa-cogs\"><\/i> <!-- Ic\u00f4ne moteur -->\n                            <\/span>\n                            <span class=\"elementor-icon-list-text elementor-inline-editing\" \n                                  data-elementor-setting-key=\"icon_list.0.text\">\n                                  77,4 kWh                            <\/span>\n                        <\/li>\n                        \n                        <!-- Date d'immatriculation -->\n                        <li class=\"elementor-icon-list-item\">\n                            <span class=\"elementor-icon-list-icon\">\n                                <i aria-hidden=\"true\" class=\"fas fa-calendar-alt\"><\/i> <!-- Ic\u00f4ne date -->\n                            <\/span>\n                            <span class=\"elementor-icon-list-text elementor-inline-editing\" \n                                  data-elementor-setting-key=\"icon_list.1.text\">\n                                  27\/06\/2025                            <\/span>\n                        <\/li>\n\n                        <!-- Kilom\u00e9trage -->\n                        <li class=\"elementor-icon-list-item\">\n                            <span class=\"elementor-icon-list-icon\">\n                                <i aria-hidden=\"true\" class=\"fas fa-tachometer-alt\"><\/i> <!-- Ic\u00f4ne kilom\u00e9trage -->\n                            <\/span>\n                            <span class=\"elementor-icon-list-text elementor-inline-editing\" \n                                  data-elementor-setting-key=\"icon_list.2.text\">\n                                  10 km\n                            <\/span>\n                        <\/li>\n                    <\/ul>\n                <\/div>\n\n                <!-- Bouton -->\n                <div class=\"elementor-widget elementor-align-center elementor-widget-button\">\n                    <div class=\"elementor-widget-container\">\n                        <div class=\"elementor-button-wrapper\">\n                            <a class=\"elementor-button elementor-button-link elementor-size-sm\" \n                               href=\"https:\/\/www.caralliance.be\/vehicule\/kia-ev6-gt-line-774-kwh-rwd-305522\/\" target=\"_blank\">\n                                <span class=\"elementor-button-content-wrapper\">\n                                    <span class=\"elementor-button-text\">\n                                        Mehr erfahren                                    <\/span>\n                                <\/span>\n                            <\/a>\n                        <\/div>\n                    <\/div>\n                <\/div>\n            <\/div>\n        <\/div>\n    <\/a>\n    <a href=\"https:\/\/www.caralliance.be\/vehicule\/kia-ev6-gt-line-774-kwh-rwd-329791\/\" target=\"_blank\" class=\"car-link\">\n        <div class=\"elementor-column elementor-col-33 elementor-inner-column elementor-element animated fadeIn\" \n             data-settings=\"{&quot;animation&quot;:&quot;fadeIn&quot;,&quot;animation_delay&quot;:3000}\">\n            <div class=\"elementor-widget-wrap elementor-element-populated\">\n                \n                <!-- Image du v\u00e9hicule -->\n                <div class=\"elementor-widget elementor-widget-image\">\n                    <div class=\"elementor-widget-container\">\n                        \n                            <img decoding=\"async\" \n                                src=\"https:\/\/cdn.photo-motion.com\/images\/bZeXzvku_NElUAuD\/686a573d-49a0-4289-b5ff-cc3f1ad3e460\/7def7497-d1f7-4e9d-92dd-b1bbced821fc.1920\" \n                                title=\"KIA &#8211; EV6 &#8211; GT Line 77,4 kWh RWD\" \n                                alt=\"KIA &#8211; EV6 &#8211; GT Line 77,4 kWh RWD\" \n                                loading=\"lazy\">\n\n                        \n                        <div class=\"price\">51.690,00 \u20ac<\/div>\n                    <\/div>\n                <\/div>\n\n                <!-- Titre du v\u00e9hicule -->\n                <div class=\"elementor-widget elementor-widget-heading\">\n                    <div class=\"elementor-widget-container\">\n                        <h3 class=\"elementor-heading-title elementor-size-default\">\n                            KIA EV6                                                            <br\/><span class=\"car-version\">GT Line 77,4 kWh RWD<\/span>\n                                                    <\/h3>\n                    <\/div>\n                <\/div>\n\n                <!-- Liste des \u00e9l\u00e9ments -->\n                <div class=\"elementor-widget-container infos\">\n                    <ul class=\"elementor-icon-list-items\">\n                        \n                        <!-- Moteur -->\n                        <li class=\"elementor-icon-list-item\">\n                            <span class=\"elementor-icon-list-icon\">\n                                <i aria-hidden=\"true\" class=\"fas fa-cogs\"><\/i> <!-- Ic\u00f4ne moteur -->\n                            <\/span>\n                            <span class=\"elementor-icon-list-text elementor-inline-editing\" \n                                  data-elementor-setting-key=\"icon_list.0.text\">\n                                  77,4 kWh                            <\/span>\n                        <\/li>\n                        \n                        <!-- Date d'immatriculation -->\n                        <li class=\"elementor-icon-list-item\">\n                            <span class=\"elementor-icon-list-icon\">\n                                <i aria-hidden=\"true\" class=\"fas fa-calendar-alt\"><\/i> <!-- Ic\u00f4ne date -->\n                            <\/span>\n                            <span class=\"elementor-icon-list-text elementor-inline-editing\" \n                                  data-elementor-setting-key=\"icon_list.1.text\">\n                                  27\/06\/2025                            <\/span>\n                        <\/li>\n\n                        <!-- Kilom\u00e9trage -->\n                        <li class=\"elementor-icon-list-item\">\n                            <span class=\"elementor-icon-list-icon\">\n                                <i aria-hidden=\"true\" class=\"fas fa-tachometer-alt\"><\/i> <!-- Ic\u00f4ne kilom\u00e9trage -->\n                            <\/span>\n                            <span class=\"elementor-icon-list-text elementor-inline-editing\" \n                                  data-elementor-setting-key=\"icon_list.2.text\">\n                                  10 km\n                            <\/span>\n                        <\/li>\n                    <\/ul>\n                <\/div>\n\n                <!-- Bouton -->\n                <div class=\"elementor-widget elementor-align-center elementor-widget-button\">\n                    <div class=\"elementor-widget-container\">\n                        <div class=\"elementor-button-wrapper\">\n                            <a class=\"elementor-button elementor-button-link elementor-size-sm\" \n                               href=\"https:\/\/www.caralliance.be\/vehicule\/kia-ev6-gt-line-774-kwh-rwd-329791\/\" target=\"_blank\">\n                                <span class=\"elementor-button-content-wrapper\">\n                                    <span class=\"elementor-button-text\">\n                                        Mehr erfahren                                    <\/span>\n                                <\/span>\n                            <\/a>\n                        <\/div>\n                    <\/div>\n                <\/div>\n            <\/div>\n        <\/div>\n    <\/a>\n<\/div><\/section><section class=\"elementor-section elementor-inner-section elementor-element elementor-element-28bf780 elementor-section-boxed elementor-section-height-default elementor-section-height-default\" data-id=\"28bf780\" data-element_type=\"section\"><div class=\"elementor-container elementor-column-gap-default\">    <a href=\"https:\/\/www.caralliance.be\/vehicule\/kia-ev6-gt-line-84kwh-fl25-229ch-364510\/\" target=\"_blank\" class=\"car-link\">\n        <div class=\"elementor-column elementor-col-33 elementor-inner-column elementor-element animated fadeIn\" \n             data-settings=\"{&quot;animation&quot;:&quot;fadeIn&quot;,&quot;animation_delay&quot;:3500}\">\n            <div class=\"elementor-widget-wrap elementor-element-populated\">\n                \n                <!-- Image du v\u00e9hicule -->\n                <div class=\"elementor-widget elementor-widget-image\">\n                    <div class=\"elementor-widget-container\">\n                        \n                            <img decoding=\"async\" \n                                src=\"https:\/\/cdn.photo-motion.com\/images\/bZeXzvku_NElUAuD\/93ff8c4d-b733-47d1-ada3-f3ead27d36e3\/858951fa-c0ac-4389-a686-01a628500e4c.1920\" \n                                title=\"KIA EV6 GT Line 84kWh (FL25) 229ch\" \n                                alt=\"KIA EV6 GT Line 84kWh (FL25) 229ch\" \n                                loading=\"lazy\">\n\n                        \n                        <div class=\"price\">52.790,00 \u20ac<\/div>\n                    <\/div>\n                <\/div>\n\n                <!-- Titre du v\u00e9hicule -->\n                <div class=\"elementor-widget elementor-widget-heading\">\n                    <div class=\"elementor-widget-container\">\n                        <h3 class=\"elementor-heading-title elementor-size-default\">\n                            KIA EV6                                                            <br\/><span class=\"car-version\">GT Line <\/span>\n                                                    <\/h3>\n                    <\/div>\n                <\/div>\n\n                <!-- Liste des \u00e9l\u00e9ments -->\n                <div class=\"elementor-widget-container infos\">\n                    <ul class=\"elementor-icon-list-items\">\n                        \n                        <!-- Moteur -->\n                        <li class=\"elementor-icon-list-item\">\n                            <span class=\"elementor-icon-list-icon\">\n                                <i aria-hidden=\"true\" class=\"fas fa-cogs\"><\/i> <!-- Ic\u00f4ne moteur -->\n                            <\/span>\n                            <span class=\"elementor-icon-list-text elementor-inline-editing\" \n                                  data-elementor-setting-key=\"icon_list.0.text\">\n                                  Long Range 84 kWh                            <\/span>\n                        <\/li>\n                        \n                        <!-- Date d'immatriculation -->\n                        <li class=\"elementor-icon-list-item\">\n                            <span class=\"elementor-icon-list-icon\">\n                                <i aria-hidden=\"true\" class=\"fas fa-calendar-alt\"><\/i> <!-- Ic\u00f4ne date -->\n                            <\/span>\n                            <span class=\"elementor-icon-list-text elementor-inline-editing\" \n                                  data-elementor-setting-key=\"icon_list.1.text\">\n                                  30\/03\/2026                            <\/span>\n                        <\/li>\n\n                        <!-- Kilom\u00e9trage -->\n                        <li class=\"elementor-icon-list-item\">\n                            <span class=\"elementor-icon-list-icon\">\n                                <i aria-hidden=\"true\" class=\"fas fa-tachometer-alt\"><\/i> <!-- Ic\u00f4ne kilom\u00e9trage -->\n                            <\/span>\n                            <span class=\"elementor-icon-list-text elementor-inline-editing\" \n                                  data-elementor-setting-key=\"icon_list.2.text\">\n                                  10 km\n                            <\/span>\n                        <\/li>\n                    <\/ul>\n                <\/div>\n\n                <!-- Bouton -->\n                <div class=\"elementor-widget elementor-align-center elementor-widget-button\">\n                    <div class=\"elementor-widget-container\">\n                        <div class=\"elementor-button-wrapper\">\n                            <a class=\"elementor-button elementor-button-link elementor-size-sm\" \n                               href=\"https:\/\/www.caralliance.be\/vehicule\/kia-ev6-gt-line-84kwh-fl25-229ch-364510\/\" target=\"_blank\">\n                                <span class=\"elementor-button-content-wrapper\">\n                                    <span class=\"elementor-button-text\">\n                                        Mehr erfahren                                    <\/span>\n                                <\/span>\n                            <\/a>\n                        <\/div>\n                    <\/div>\n                <\/div>\n            <\/div>\n        <\/div>\n    <\/a>\n<\/div><\/section><\/div><\/div>\n\t\t\t\t\t\t<\/div>\n\t\t\t\t<\/div>\n\t\t\t\t\t<\/div>\n\t\t<\/div>\n\t\t\t\t\t<\/div>\n\t\t<\/section>\n\t\t\t\t<section class=\"elementor-section elementor-top-section elementor-element elementor-element-1cdc09b elementor-section-boxed elementor-section-height-default elementor-section-height-default\" data-id=\"1cdc09b\" data-element_type=\"section\" data-e-type=\"section\" id=\"form\" data-settings=\"{&quot;background_background&quot;:&quot;classic&quot;}\">\n\t\t\t\t\t\t<div class=\"elementor-container elementor-column-gap-default\">\n\t\t\t\t\t<div class=\"elementor-column elementor-col-100 elementor-top-column elementor-element elementor-element-033a170\" data-id=\"033a170\" data-element_type=\"column\" data-e-type=\"column\">\n\t\t\t<div class=\"elementor-widget-wrap elementor-element-populated\">\n\t\t\t\t\t\t<div class=\"elementor-element elementor-element-8f61d32 elementor-widget elementor-widget-heading\" data-id=\"8f61d32\" data-element_type=\"widget\" data-e-type=\"widget\" data-widget_type=\"heading.default\">\n\t\t\t\t<div class=\"elementor-widget-container\">\n\t\t\t\t\t<h3 class=\"elementor-heading-title elementor-size-default\">Interessieren Sie sich f\u00fcr den Kia EV6 'Business' und 'Business Plus'?<\/h3>\t\t\t\t<\/div>\n\t\t\t\t<\/div>\n\t\t\t\t<div class=\"elementor-element elementor-element-5bb20fa elementor-widget elementor-widget-text-editor\" data-id=\"5bb20fa\" data-element_type=\"widget\" data-e-type=\"widget\" data-widget_type=\"text-editor.default\">\n\t\t\t\t<div class=\"elementor-widget-container\">\n\t\t\t\t\t\t\t\t\t<p>Kontaktieren Sie uns jetzt, indem Sie das untenstehende Formular ausf\u00fcllen.<\/p>\n\t\t\t\t\t\t\t\t<\/div>\n\t\t\t\t<\/div>\n\t\t\t\t<div class=\"elementor-element elementor-element-989c449 elementor-widget elementor-widget-html\" data-id=\"989c449\" data-element_type=\"widget\" data-e-type=\"widget\" data-widget_type=\"html.default\">\n\t\t\t\t<div class=\"elementor-widget-container\">\n\t\t\t\t\t<script charset=\"utf-8\" type=\"text\/javascript\" src=\"\/\/js.hsforms.net\/forms\/embed\/v2.js\"><\/script><script>if (location.href.match(\"\/de\/\")) {\n      hbspt.forms.create({\n        region: \"na1\",\n        portalId: \"6672575\",\n        formId: \"668c0ce1-fac7-4874-a48d-c4e3566dfbff\"\n      });\n  }\n  else\n  {\n      hbspt.forms.create({\n        region: \"na1\",\n        portalId: \"6672575\",\n        formId: \"572fa933-b980-48f0-a271-f4585be81de0\"\n      });\n  }\n<\/script>\t\t\t\t<\/div>\n\t\t\t\t<\/div>\n\t\t\t\t<div class=\"elementor-element elementor-element-79a38d4 elementor-widget-divider--view-line elementor-widget elementor-widget-divider\" data-id=\"79a38d4\" data-element_type=\"widget\" data-e-type=\"widget\" data-widget_type=\"divider.default\">\n\t\t\t\t<div class=\"elementor-widget-container\">\n\t\t\t\t\t\t\t<div class=\"elementor-divider\">\n\t\t\t<span class=\"elementor-divider-separator\">\n\t\t\t\t\t\t<\/span>\n\t\t<\/div>\n\t\t\t\t\t\t<\/div>\n\t\t\t\t<\/div>\n\t\t\t\t<div class=\"elementor-element elementor-element-370ec49 elementor-widget elementor-widget-heading\" data-id=\"370ec49\" data-element_type=\"widget\" data-e-type=\"widget\" data-widget_type=\"heading.default\">\n\t\t\t\t<div class=\"elementor-widget-container\">\n\t\t\t\t\t<h3 class=\"elementor-heading-title elementor-size-default\">Achtung: Geld leihen kostet auch Geld.<\/h3>\t\t\t\t<\/div>\n\t\t\t\t<\/div>\n\t\t\t\t<div class=\"elementor-element elementor-element-b7bae3f elementor-widget elementor-widget-shortcode\" data-id=\"b7bae3f\" data-element_type=\"widget\" data-e-type=\"widget\" data-widget_type=\"shortcode.default\">\n\t\t\t\t<div class=\"elementor-widget-container\">\n\t\t\t\t\t\t\t<div class=\"elementor-shortcode\"><div class=\"elementor-text-editor elementor-clearfix elementor-inline-editing credit-details\" data-elementor-setting-key=\"editor\" data-elementor-inline-editing-toolbar=\"advanced\">\n                            <p>*EV6 Business : Ratenkredit mit erh\u00f6hter letzter Monatsrate.<\/p>\n                            <p>Kreditbetrag : 31.314,30 \u20ac. Anzahlung (optional) : 12.775,70 \u20ac. Barpreis : 44.090,00 \u20ac. Effektiver Jahreszins : 3,99 %, fester j\u00e4hrlicher Sollzinssatz : 3,99 %. Laufzeit des Kredits : 60 mois.<\/p>\n                            <p>Abzahlbar in 59 monatlichen Raten von 309,00 \u20ac. Letzte erh\u00f6hte Monatsrate : 17.945,00 \u20ac. Ausstehender Gesambetrag : 36.176,00 \u20ac.<\/p>\n                        <\/div><div class=\"elementor-text-editor elementor-clearfix elementor-inline-editing credit-details\" data-elementor-setting-key=\"editor\" data-elementor-inline-editing-toolbar=\"advanced\">\n                            <p>*EV6 Business Plus : Ratenkredit mit erh\u00f6hter letzter Monatsrate.<\/p>\n                            <p>Kreditbetrag : 36.534,52 \u20ac. Anzahlung (optional) : 15.155,48 \u20ac. Barpreis : 51.690,00 \u20ac. Effektiver Jahreszins : 3,99 %, fester j\u00e4hrlicher Sollzinssatz : 3,99 %. Laufzeit des Kredits : 60 mois.<\/p>\n                            <p>Abzahlbar in 59 monatlichen Raten von 359,00 \u20ac. Letzte erh\u00f6hte Monatsrate : 21.035,00 \u20ac. Ausstehender Gesambetrag : 42.216,00 \u20ac.<\/p>\n                        <\/div><\/div>\n\t\t\t\t\t\t<\/div>\n\t\t\t\t<\/div>\n\t\t\t\t\t<\/div>\n\t\t<\/div>\n\t\t\t\t\t<\/div>\n\t\t<\/section>\n\t\t\t\t<\/div>\n\t\t","protected":false},"excerpt":{"rendered":"<p>Kia EV6 Business und Business Plus Willkommen in der Business-Klasse. Die Kia EV6 Business und Business Plus Die Essenz des elektrischen Fahrens, Business-Upgrade inklusive. Ein Crossover mit auff\u00e4lligem Design, ein innovativer Innenraum mit zwei gebogenen 12,3-Zoll-Bildschirmen und integriertem Navigationssystem: Der Kia EV6 bringt Sie direkt an einen anderen Ort. Dank der 800V-Technologie kann der EV6 [&hellip;]<\/p>\n","protected":false},"author":6,"featured_media":0,"parent":2755,"menu_order":0,"comment_status":"closed","ping_status":"closed","template":"","meta":{"_acf_changed":false,"inline_featured_image":false,"footnotes":""},"class_list":["post-3384","page","type-page","status-publish","hentry"],"acf":[],"yoast_head":"<!-- This site is optimized with the Yoast SEO plugin v27.4 - https:\/\/yoast.com\/product\/yoast-seo-wordpress\/ -->\n<title>Kia EV6 Business und Business Plus - Ebac-Auto<\/title>\n<meta name=\"robots\" content=\"index, follow, max-snippet:-1, max-image-preview:large, max-video-preview:-1\" \/>\n<link rel=\"canonical\" href=\"https:\/\/ebac-auto.be\/de\/kia\/modelle\/ev6\/business-und-business-plus\/\" \/>\n<meta property=\"og:locale\" content=\"de_DE\" \/>\n<meta property=\"og:type\" content=\"article\" \/>\n<meta property=\"og:title\" content=\"Kia EV6 Business und Business Plus - Ebac-Auto\" \/>\n<meta property=\"og:description\" content=\"Kia EV6 Business und Business Plus Willkommen in der Business-Klasse. Die Kia EV6 Business und Business Plus Die Essenz des elektrischen Fahrens, Business-Upgrade inklusive. Ein Crossover mit auff\u00e4lligem Design, ein innovativer Innenraum mit zwei gebogenen 12,3-Zoll-Bildschirmen und integriertem Navigationssystem: Der Kia EV6 bringt Sie direkt an einen anderen Ort. Dank der 800V-Technologie kann der EV6 [&hellip;]\" \/>\n<meta property=\"og:url\" content=\"https:\/\/ebac-auto.be\/de\/kia\/modelle\/ev6\/business-und-business-plus\/\" \/>\n<meta property=\"og:site_name\" content=\"Ebac-Auto\" \/>\n<meta property=\"article:modified_time\" content=\"2024-10-09T08:36:31+00:00\" \/>\n<meta property=\"og:image\" content=\"https:\/\/ebac-auto.be\/wp-content\/uploads\/2024\/01\/kia-ev6-interieur-1-min.jpg\" \/>\n\t<meta property=\"og:image:width\" content=\"1920\" \/>\n\t<meta property=\"og:image:height\" content=\"1280\" \/>\n\t<meta property=\"og:image:type\" content=\"image\/jpeg\" \/>\n<meta name=\"twitter:card\" content=\"summary_large_image\" \/>\n<meta name=\"twitter:label1\" content=\"Gesch\u00e4tzte Lesezeit\" \/>\n\t<meta name=\"twitter:data1\" content=\"2\u00a0Minuten\" \/>\n<script type=\"application\/ld+json\" class=\"yoast-schema-graph\">{\"@context\":\"https:\\\/\\\/schema.org\",\"@graph\":[{\"@type\":\"WebPage\",\"@id\":\"https:\\\/\\\/ebac-auto.be\\\/de\\\/kia\\\/modelle\\\/ev6\\\/business-und-business-plus\\\/\",\"url\":\"https:\\\/\\\/ebac-auto.be\\\/de\\\/kia\\\/modelle\\\/ev6\\\/business-und-business-plus\\\/\",\"name\":\"Kia EV6 Business und Business Plus - Ebac-Auto\",\"isPartOf\":{\"@id\":\"https:\\\/\\\/ebac-auto.be\\\/de\\\/#website\"},\"primaryImageOfPage\":{\"@id\":\"https:\\\/\\\/ebac-auto.be\\\/de\\\/kia\\\/modelle\\\/ev6\\\/business-und-business-plus\\\/#primaryimage\"},\"image\":{\"@id\":\"https:\\\/\\\/ebac-auto.be\\\/de\\\/kia\\\/modelle\\\/ev6\\\/business-und-business-plus\\\/#primaryimage\"},\"thumbnailUrl\":\"https:\\\/\\\/ebac-auto.be\\\/wp-content\\\/uploads\\\/2024\\\/01\\\/kia-ev6-interieur-1-min-768x512.jpg\",\"datePublished\":\"2024-01-09T13:35:46+00:00\",\"dateModified\":\"2024-10-09T08:36:31+00:00\",\"breadcrumb\":{\"@id\":\"https:\\\/\\\/ebac-auto.be\\\/de\\\/kia\\\/modelle\\\/ev6\\\/business-und-business-plus\\\/#breadcrumb\"},\"inLanguage\":\"de\",\"potentialAction\":[{\"@type\":\"ReadAction\",\"target\":[\"https:\\\/\\\/ebac-auto.be\\\/de\\\/kia\\\/modelle\\\/ev6\\\/business-und-business-plus\\\/\"]}]},{\"@type\":\"ImageObject\",\"inLanguage\":\"de\",\"@id\":\"https:\\\/\\\/ebac-auto.be\\\/de\\\/kia\\\/modelle\\\/ev6\\\/business-und-business-plus\\\/#primaryimage\",\"url\":\"https:\\\/\\\/ebac-auto.be\\\/wp-content\\\/uploads\\\/2024\\\/01\\\/kia-ev6-interieur-1-min-768x512.jpg\",\"contentUrl\":\"https:\\\/\\\/ebac-auto.be\\\/wp-content\\\/uploads\\\/2024\\\/01\\\/kia-ev6-interieur-1-min-768x512.jpg\"},{\"@type\":\"BreadcrumbList\",\"@id\":\"https:\\\/\\\/ebac-auto.be\\\/de\\\/kia\\\/modelle\\\/ev6\\\/business-und-business-plus\\\/#breadcrumb\",\"itemListElement\":[{\"@type\":\"ListItem\",\"position\":1,\"name\":\"Accueil\",\"item\":\"https:\\\/\\\/ebac-auto.be\\\/de\\\/\"},{\"@type\":\"ListItem\",\"position\":2,\"name\":\"Kia\",\"item\":\"https:\\\/\\\/ebac-auto.be\\\/de\\\/kia\\\/\"},{\"@type\":\"ListItem\",\"position\":3,\"name\":\"Modelle\",\"item\":\"https:\\\/\\\/ebac-auto.be\\\/de\\\/kia\\\/modelle\\\/\"},{\"@type\":\"ListItem\",\"position\":4,\"name\":\"EV6\",\"item\":\"https:\\\/\\\/ebac-auto.be\\\/de\\\/kia\\\/modelle\\\/ev6\\\/\"},{\"@type\":\"ListItem\",\"position\":5,\"name\":\"Kia EV6 Business und Business Plus\"}]},{\"@type\":\"WebSite\",\"@id\":\"https:\\\/\\\/ebac-auto.be\\\/de\\\/#website\",\"url\":\"https:\\\/\\\/ebac-auto.be\\\/de\\\/\",\"name\":\"Ebac-Auto\",\"description\":\"Partner f\u00fcr Ihre Mobilit\u00e4t in der Provinz L\u00fcttich\",\"publisher\":{\"@id\":\"https:\\\/\\\/ebac-auto.be\\\/de\\\/#organization\"},\"potentialAction\":[{\"@type\":\"SearchAction\",\"target\":{\"@type\":\"EntryPoint\",\"urlTemplate\":\"https:\\\/\\\/ebac-auto.be\\\/de\\\/?s={search_term_string}\"},\"query-input\":{\"@type\":\"PropertyValueSpecification\",\"valueRequired\":true,\"valueName\":\"search_term_string\"}}],\"inLanguage\":\"de\"},{\"@type\":\"Organization\",\"@id\":\"https:\\\/\\\/ebac-auto.be\\\/de\\\/#organization\",\"name\":\"Ebac\",\"url\":\"https:\\\/\\\/ebac-auto.be\\\/de\\\/\",\"logo\":{\"@type\":\"ImageObject\",\"inLanguage\":\"de\",\"@id\":\"https:\\\/\\\/ebac-auto.be\\\/de\\\/#\\\/schema\\\/logo\\\/image\\\/\",\"url\":\"\",\"contentUrl\":\"\",\"caption\":\"Ebac\"},\"image\":{\"@id\":\"https:\\\/\\\/ebac-auto.be\\\/de\\\/#\\\/schema\\\/logo\\\/image\\\/\"}}]}<\/script>\n<!-- \/ Yoast SEO plugin. -->","yoast_head_json":{"title":"Kia EV6 Business und Business Plus - Ebac-Auto","robots":{"index":"index","follow":"follow","max-snippet":"max-snippet:-1","max-image-preview":"max-image-preview:large","max-video-preview":"max-video-preview:-1"},"canonical":"https:\/\/ebac-auto.be\/de\/kia\/modelle\/ev6\/business-und-business-plus\/","og_locale":"de_DE","og_type":"article","og_title":"Kia EV6 Business und Business Plus - Ebac-Auto","og_description":"Kia EV6 Business und Business Plus Willkommen in der Business-Klasse. Die Kia EV6 Business und Business Plus Die Essenz des elektrischen Fahrens, Business-Upgrade inklusive. Ein Crossover mit auff\u00e4lligem Design, ein innovativer Innenraum mit zwei gebogenen 12,3-Zoll-Bildschirmen und integriertem Navigationssystem: Der Kia EV6 bringt Sie direkt an einen anderen Ort. Dank der 800V-Technologie kann der EV6 [&hellip;]","og_url":"https:\/\/ebac-auto.be\/de\/kia\/modelle\/ev6\/business-und-business-plus\/","og_site_name":"Ebac-Auto","article_modified_time":"2024-10-09T08:36:31+00:00","og_image":[{"width":1920,"height":1280,"url":"https:\/\/ebac-auto.be\/wp-content\/uploads\/2024\/01\/kia-ev6-interieur-1-min.jpg","type":"image\/jpeg"}],"twitter_card":"summary_large_image","twitter_misc":{"Gesch\u00e4tzte Lesezeit":"2\u00a0Minuten"},"schema":{"@context":"https:\/\/schema.org","@graph":[{"@type":"WebPage","@id":"https:\/\/ebac-auto.be\/de\/kia\/modelle\/ev6\/business-und-business-plus\/","url":"https:\/\/ebac-auto.be\/de\/kia\/modelle\/ev6\/business-und-business-plus\/","name":"Kia EV6 Business und Business Plus - Ebac-Auto","isPartOf":{"@id":"https:\/\/ebac-auto.be\/de\/#website"},"primaryImageOfPage":{"@id":"https:\/\/ebac-auto.be\/de\/kia\/modelle\/ev6\/business-und-business-plus\/#primaryimage"},"image":{"@id":"https:\/\/ebac-auto.be\/de\/kia\/modelle\/ev6\/business-und-business-plus\/#primaryimage"},"thumbnailUrl":"https:\/\/ebac-auto.be\/wp-content\/uploads\/2024\/01\/kia-ev6-interieur-1-min-768x512.jpg","datePublished":"2024-01-09T13:35:46+00:00","dateModified":"2024-10-09T08:36:31+00:00","breadcrumb":{"@id":"https:\/\/ebac-auto.be\/de\/kia\/modelle\/ev6\/business-und-business-plus\/#breadcrumb"},"inLanguage":"de","potentialAction":[{"@type":"ReadAction","target":["https:\/\/ebac-auto.be\/de\/kia\/modelle\/ev6\/business-und-business-plus\/"]}]},{"@type":"ImageObject","inLanguage":"de","@id":"https:\/\/ebac-auto.be\/de\/kia\/modelle\/ev6\/business-und-business-plus\/#primaryimage","url":"https:\/\/ebac-auto.be\/wp-content\/uploads\/2024\/01\/kia-ev6-interieur-1-min-768x512.jpg","contentUrl":"https:\/\/ebac-auto.be\/wp-content\/uploads\/2024\/01\/kia-ev6-interieur-1-min-768x512.jpg"},{"@type":"BreadcrumbList","@id":"https:\/\/ebac-auto.be\/de\/kia\/modelle\/ev6\/business-und-business-plus\/#breadcrumb","itemListElement":[{"@type":"ListItem","position":1,"name":"Accueil","item":"https:\/\/ebac-auto.be\/de\/"},{"@type":"ListItem","position":2,"name":"Kia","item":"https:\/\/ebac-auto.be\/de\/kia\/"},{"@type":"ListItem","position":3,"name":"Modelle","item":"https:\/\/ebac-auto.be\/de\/kia\/modelle\/"},{"@type":"ListItem","position":4,"name":"EV6","item":"https:\/\/ebac-auto.be\/de\/kia\/modelle\/ev6\/"},{"@type":"ListItem","position":5,"name":"Kia EV6 Business und Business Plus"}]},{"@type":"WebSite","@id":"https:\/\/ebac-auto.be\/de\/#website","url":"https:\/\/ebac-auto.be\/de\/","name":"Ebac-Auto","description":"Partner f\u00fcr Ihre Mobilit\u00e4t in der Provinz L\u00fcttich","publisher":{"@id":"https:\/\/ebac-auto.be\/de\/#organization"},"potentialAction":[{"@type":"SearchAction","target":{"@type":"EntryPoint","urlTemplate":"https:\/\/ebac-auto.be\/de\/?s={search_term_string}"},"query-input":{"@type":"PropertyValueSpecification","valueRequired":true,"valueName":"search_term_string"}}],"inLanguage":"de"},{"@type":"Organization","@id":"https:\/\/ebac-auto.be\/de\/#organization","name":"Ebac","url":"https:\/\/ebac-auto.be\/de\/","logo":{"@type":"ImageObject","inLanguage":"de","@id":"https:\/\/ebac-auto.be\/de\/#\/schema\/logo\/image\/","url":"","contentUrl":"","caption":"Ebac"},"image":{"@id":"https:\/\/ebac-auto.be\/de\/#\/schema\/logo\/image\/"}}]}},"_links":{"self":[{"href":"https:\/\/ebac-auto.be\/de\/wp-json\/wp\/v2\/pages\/3384","targetHints":{"allow":["GET"]}}],"collection":[{"href":"https:\/\/ebac-auto.be\/de\/wp-json\/wp\/v2\/pages"}],"about":[{"href":"https:\/\/ebac-auto.be\/de\/wp-json\/wp\/v2\/types\/page"}],"author":[{"embeddable":true,"href":"https:\/\/ebac-auto.be\/de\/wp-json\/wp\/v2\/users\/6"}],"replies":[{"embeddable":true,"href":"https:\/\/ebac-auto.be\/de\/wp-json\/wp\/v2\/comments?post=3384"}],"version-history":[{"count":10,"href":"https:\/\/ebac-auto.be\/de\/wp-json\/wp\/v2\/pages\/3384\/revisions"}],"predecessor-version":[{"id":4750,"href":"https:\/\/ebac-auto.be\/de\/wp-json\/wp\/v2\/pages\/3384\/revisions\/4750"}],"up":[{"embeddable":true,"href":"https:\/\/ebac-auto.be\/de\/wp-json\/wp\/v2\/pages\/2755"}],"wp:attachment":[{"href":"https:\/\/ebac-auto.be\/de\/wp-json\/wp\/v2\/media?parent=3384"}],"curies":[{"name":"wp","href":"https:\/\/api.w.org\/{rel}","templated":true}]}}