{"id":3409,"date":"2024-01-09T14:56:17","date_gmt":"2024-01-09T13:56:17","guid":{"rendered":"https:\/\/ebac-auto.be\/kia\/modelle\/stonic\/kia-stonic-inspire-plus\/"},"modified":"2024-10-09T10:39:41","modified_gmt":"2024-10-09T08:39:41","slug":"inspire-plus","status":"publish","type":"page","link":"https:\/\/ebac-auto.be\/de\/kia\/modelle\/stonic\/inspire-plus\/","title":{"rendered":"Kia Stonic Inspire Plus"},"content":{"rendered":"\t\t<div data-elementor-type=\"wp-page\" data-elementor-id=\"3409\" class=\"elementor elementor-3409 elementor-3396\" data-elementor-settings=\"{&quot;ha_cmc_init_switcher&quot;:&quot;no&quot;}\" data-elementor-post-type=\"page\">\n\t\t\t\t\t\t<section class=\"elementor-section elementor-top-section elementor-element elementor-element-20f1c62 elementor-section-height-min-height elementor-section-boxed elementor-section-height-default elementor-section-items-middle\" data-id=\"20f1c62\" data-element_type=\"section\" data-e-type=\"section\" data-settings=\"{&quot;background_background&quot;:&quot;classic&quot;}\">\n\t\t\t\t\t\t\t<div class=\"elementor-background-overlay\"><\/div>\n\t\t\t\t\t\t\t<div class=\"elementor-container elementor-column-gap-default\">\n\t\t\t\t\t<div class=\"elementor-column elementor-col-100 elementor-top-column elementor-element elementor-element-e40e297\" data-id=\"e40e297\" data-element_type=\"column\" data-e-type=\"column\">\n\t\t\t<div class=\"elementor-widget-wrap elementor-element-populated\">\n\t\t\t\t\t\t<div class=\"elementor-element elementor-element-de9ba63 elementor-widget elementor-widget-heading\" data-id=\"de9ba63\" data-element_type=\"widget\" data-e-type=\"widget\" data-widget_type=\"heading.default\">\n\t\t\t\t<div class=\"elementor-widget-container\">\n\t\t\t\t\t<h1 class=\"elementor-heading-title elementor-size-default\">Kia Stonic Inspire Plus<\/h1>\t\t\t\t<\/div>\n\t\t\t\t<\/div>\n\t\t\t\t<div class=\"elementor-element elementor-element-c306b7f elementor-widget elementor-widget-heading\" data-id=\"c306b7f\" data-element_type=\"widget\" data-e-type=\"widget\" data-widget_type=\"heading.default\">\n\t\t\t\t<div class=\"elementor-widget-container\">\n\t\t\t\t\t<h2 class=\"elementor-heading-title elementor-size-default\">Die Business-Sonderserie des Stonic<\/h2>\t\t\t\t<\/div>\n\t\t\t\t<\/div>\n\t\t\t\t<div class=\"elementor-element elementor-element-3703d83 elementor-widget elementor-widget-shortcode\" data-id=\"3703d83\" data-element_type=\"widget\" data-e-type=\"widget\" data-widget_type=\"shortcode.default\">\n\t\t\t\t<div class=\"elementor-widget-container\">\n\t\t\t\t\t\t\t<div class=\"elementor-shortcode\"><div class=\"elementor-element elementor-element-b775e88 elementor-align-center elementor-widget elementor-widget-button stock_cars_cta\" data-id=\"b775e88\" data-element_type=\"widget\" data-widget_type=\"button.default\"><div class=\"elementor-widget-container\"><div class=\"elementor-button-wrapper\"><a class=\"elementor-button elementor-button-link elementor-size-sm no-bg-color\" href=\"#stock\"><span class=\"elementor-button-content-wrapper\"><span class=\"elementor-button-text\">Entdecken Sie unseren Fahrzeugbestand<\/span><\/span><\/a><\/div><\/div><\/div><\/div>\n\t\t\t\t\t\t<\/div>\n\t\t\t\t<\/div>\n\t\t\t\t\t<\/div>\n\t\t<\/div>\n\t\t\t\t\t<\/div>\n\t\t<\/section>\n\t\t\t\t<section class=\"elementor-section elementor-top-section elementor-element elementor-element-3ab0d88 elementor-section-boxed elementor-section-height-default elementor-section-height-default\" data-id=\"3ab0d88\" data-element_type=\"section\" data-e-type=\"section\">\n\t\t\t\t\t\t<div class=\"elementor-container elementor-column-gap-default\">\n\t\t\t\t\t<div class=\"elementor-column elementor-col-100 elementor-top-column elementor-element elementor-element-61fd4dc\" data-id=\"61fd4dc\" data-element_type=\"column\" data-e-type=\"column\">\n\t\t\t<div class=\"elementor-widget-wrap elementor-element-populated\">\n\t\t\t\t\t\t<div class=\"elementor-element elementor-element-f266695 elementor-widget elementor-widget-heading\" data-id=\"f266695\" data-element_type=\"widget\" data-e-type=\"widget\" data-widget_type=\"heading.default\">\n\t\t\t\t<div class=\"elementor-widget-container\">\n\t\t\t\t\t<h2 class=\"elementor-heading-title elementor-size-default\">Inspiration kann viele Formen haben.<\/h2>\t\t\t\t<\/div>\n\t\t\t\t<\/div>\n\t\t\t\t<div class=\"elementor-element elementor-element-5d7d214 elementor-widget elementor-widget-text-editor\" data-id=\"5d7d214\" data-element_type=\"widget\" data-e-type=\"widget\" data-widget_type=\"text-editor.default\">\n\t\t\t\t<div class=\"elementor-widget-container\">\n\t\t\t\t\t\t\t\t\t<p>Manchmal findet man Inspiration in der reinen Sch\u00f6nheit oder St\u00e4rke eines au\u00dfergew\u00f6hnlichen Designs. Und zu anderen Zeiten ist es der Impuls des Augenblicks oder eine geniale Idee, die uns in den Sinn kommt. Aber sehr oft ist es eine Kombination aus beidem. Wie der <b>Kia Stonic Inspire Plus<\/b>.<\/p>\n<p>Bei unserer Sonderversion &#8222;Inspire Plus&#8220; des Kia Stonic kombiniert dieses exklusive Modell seinen einzigartigen Look mit einer Extraportion Eleganz, Sicherheit und Komfort. Achtung, sie ist nur <b>vor\u00fcbergehend verf\u00fcgbar<\/b>.<\/p>\n<p>Lassen Sie sich inspirieren.<\/p>\n\t\t\t\t\t\t\t\t<\/div>\n\t\t\t\t<\/div>\n\t\t\t\t<section class=\"elementor-section elementor-inner-section elementor-element elementor-element-6d234ef elementor-section-boxed elementor-section-height-default elementor-section-height-default\" data-id=\"6d234ef\" data-element_type=\"section\" data-e-type=\"section\">\n\t\t\t\t\t\t<div class=\"elementor-container elementor-column-gap-default\">\n\t\t\t\t\t<div class=\"elementor-column elementor-col-50 elementor-inner-column elementor-element elementor-element-496e035\" data-id=\"496e035\" data-element_type=\"column\" data-e-type=\"column\">\n\t\t\t<div class=\"elementor-widget-wrap elementor-element-populated\">\n\t\t\t\t\t\t<div class=\"elementor-element elementor-element-e3660b2 elementor-widget elementor-widget-image\" data-id=\"e3660b2\" data-element_type=\"widget\" data-e-type=\"widget\" data-widget_type=\"image.default\">\n\t\t\t\t<div class=\"elementor-widget-container\">\n\t\t\t\t\t\t\t\t\t\t\t\t\t\t\t<img fetchpriority=\"high\" decoding=\"async\" width=\"768\" height=\"512\" src=\"https:\/\/ebac-auto.be\/wp-content\/uploads\/2024\/01\/kia-stonic-inspire-plus-768x512.jpg\" class=\"attachment-medium_large size-medium_large wp-image-3399\" alt=\"Kia Stonic Inspire Plus\" srcset=\"https:\/\/ebac-auto.be\/wp-content\/uploads\/2024\/01\/kia-stonic-inspire-plus-768x512.jpg 768w, https:\/\/ebac-auto.be\/wp-content\/uploads\/2024\/01\/kia-stonic-inspire-plus-300x200.jpg 300w, https:\/\/ebac-auto.be\/wp-content\/uploads\/2024\/01\/kia-stonic-inspire-plus-1024x683.jpg 1024w, https:\/\/ebac-auto.be\/wp-content\/uploads\/2024\/01\/kia-stonic-inspire-plus-1536x1024.jpg 1536w, https:\/\/ebac-auto.be\/wp-content\/uploads\/2024\/01\/kia-stonic-inspire-plus.jpg 1920w\" sizes=\"(max-width: 768px) 100vw, 768px\" \/>\t\t\t\t\t\t\t\t\t\t\t\t\t\t\t<\/div>\n\t\t\t\t<\/div>\n\t\t\t\t\t<\/div>\n\t\t<\/div>\n\t\t\t\t<div class=\"elementor-column elementor-col-50 elementor-inner-column elementor-element elementor-element-4e2ad6b\" data-id=\"4e2ad6b\" data-element_type=\"column\" data-e-type=\"column\">\n\t\t\t<div class=\"elementor-widget-wrap elementor-element-populated\">\n\t\t\t\t\t\t<div class=\"elementor-element elementor-element-aabbf2c elementor-widget elementor-widget-heading\" data-id=\"aabbf2c\" data-element_type=\"widget\" data-e-type=\"widget\" data-widget_type=\"heading.default\">\n\t\t\t\t<div class=\"elementor-widget-container\">\n\t\t\t\t\t<h2 class=\"elementor-heading-title elementor-size-default\">Der Kia Stonic Inspire Plus:<\/h2>\t\t\t\t<\/div>\n\t\t\t\t<\/div>\n\t\t\t\t<div class=\"elementor-element elementor-element-b0d1ba1 elementor-widget elementor-widget-heading\" data-id=\"b0d1ba1\" data-element_type=\"widget\" data-e-type=\"widget\" data-widget_type=\"heading.default\">\n\t\t\t\t<div class=\"elementor-widget-container\">\n\t\t\t\t\t<div class=\"elementor-heading-title elementor-size-default\">Ausstattung :<\/div>\t\t\t\t<\/div>\n\t\t\t\t<\/div>\n\t\t\t\t<div class=\"elementor-element elementor-element-beaf538 elementor-icon-list--layout-traditional elementor-list-item-link-full_width elementor-widget elementor-widget-icon-list\" data-id=\"beaf538\" data-element_type=\"widget\" data-e-type=\"widget\" data-widget_type=\"icon-list.default\">\n\t\t\t\t<div class=\"elementor-widget-container\">\n\t\t\t\t\t\t\t<ul class=\"elementor-icon-list-items\">\n\t\t\t\t\t\t\t<li class=\"elementor-icon-list-item\">\n\t\t\t\t\t\t\t\t\t\t\t<span class=\"elementor-icon-list-icon\">\n\t\t\t\t\t\t\t<i aria-hidden=\"true\" class=\"fas fa-check\"><\/i>\t\t\t\t\t\t<\/span>\n\t\t\t\t\t\t\t\t\t\t<span class=\"elementor-icon-list-text\">Spezifische Polsterung aus Stoff und Kunstleder mit grauen Eins\u00e4tzen<\/span>\n\t\t\t\t\t\t\t\t\t<\/li>\n\t\t\t\t\t\t\t\t<li class=\"elementor-icon-list-item\">\n\t\t\t\t\t\t\t\t\t\t\t<span class=\"elementor-icon-list-icon\">\n\t\t\t\t\t\t\t<i aria-hidden=\"true\" class=\"fas fa-check\"><\/i>\t\t\t\t\t\t<\/span>\n\t\t\t\t\t\t\t\t\t\t<span class=\"elementor-icon-list-text\">Verschiedene Inhalte f\u00fcr Sicherheit, Komfort und Bequemlichkeit<\/span>\n\t\t\t\t\t\t\t\t\t<\/li>\n\t\t\t\t\t\t\t\t<li class=\"elementor-icon-list-item\">\n\t\t\t\t\t\t\t\t\t\t\t<span class=\"elementor-icon-list-icon\">\n\t\t\t\t\t\t\t<i aria-hidden=\"true\" class=\"fas fa-check\"><\/i>\t\t\t\t\t\t<\/span>\n\t\t\t\t\t\t\t\t\t\t<span class=\"elementor-icon-list-text\">Sportlenkrad mit Lederbezug<\/span>\n\t\t\t\t\t\t\t\t\t<\/li>\n\t\t\t\t\t\t\t\t<li class=\"elementor-icon-list-item\">\n\t\t\t\t\t\t\t\t\t\t\t<span class=\"elementor-icon-list-icon\">\n\t\t\t\t\t\t\t<i aria-hidden=\"true\" class=\"fas fa-check\"><\/i>\t\t\t\t\t\t<\/span>\n\t\t\t\t\t\t\t\t\t\t<span class=\"elementor-icon-list-text\">Navigation 8\"<\/span>\n\t\t\t\t\t\t\t\t\t<\/li>\n\t\t\t\t\t\t\t\t<li class=\"elementor-icon-list-item\">\n\t\t\t\t\t\t\t\t\t\t\t<span class=\"elementor-icon-list-icon\">\n\t\t\t\t\t\t\t<i aria-hidden=\"true\" class=\"fas fa-check\"><\/i>\t\t\t\t\t\t<\/span>\n\t\t\t\t\t\t\t\t\t\t<span class=\"elementor-icon-list-text\">Apple Car Play &amp; Android Auto<\/span>\n\t\t\t\t\t\t\t\t\t<\/li>\n\t\t\t\t\t\t\t\t<li class=\"elementor-icon-list-item\">\n\t\t\t\t\t\t\t\t\t\t\t<span class=\"elementor-icon-list-icon\">\n\t\t\t\t\t\t\t<i aria-hidden=\"true\" class=\"fas fa-check\"><\/i>\t\t\t\t\t\t<\/span>\n\t\t\t\t\t\t\t\t\t\t<span class=\"elementor-icon-list-text\">17\" Leichtmetallfelgen<\/span>\n\t\t\t\t\t\t\t\t\t<\/li>\n\t\t\t\t\t\t\t\t<li class=\"elementor-icon-list-item\">\n\t\t\t\t\t\t\t\t\t\t\t<span class=\"elementor-icon-list-icon\">\n\t\t\t\t\t\t\t<i aria-hidden=\"true\" class=\"fas fa-check\"><\/i>\t\t\t\t\t\t<\/span>\n\t\t\t\t\t\t\t\t\t\t<span class=\"elementor-icon-list-text\">LED-Scheinwerfer<\/span>\n\t\t\t\t\t\t\t\t\t<\/li>\n\t\t\t\t\t\t\t\t<li class=\"elementor-icon-list-item\">\n\t\t\t\t\t\t\t\t\t\t\t<span class=\"elementor-icon-list-icon\">\n\t\t\t\t\t\t\t<i aria-hidden=\"true\" class=\"fas fa-check\"><\/i>\t\t\t\t\t\t<\/span>\n\t\t\t\t\t\t\t\t\t\t<span class=\"elementor-icon-list-text\">Nebelscheinwerfer<\/span>\n\t\t\t\t\t\t\t\t\t<\/li>\n\t\t\t\t\t\t\t\t<li class=\"elementor-icon-list-item\">\n\t\t\t\t\t\t\t\t\t\t\t<span class=\"elementor-icon-list-icon\">\n\t\t\t\t\t\t\t<i aria-hidden=\"true\" class=\"fas fa-check\"><\/i>\t\t\t\t\t\t<\/span>\n\t\t\t\t\t\t\t\t\t\t<span class=\"elementor-icon-list-text\">Abgedunkelte Fenster und Dachfenster<\/span>\n\t\t\t\t\t\t\t\t\t<\/li>\n\t\t\t\t\t\t\t\t<li class=\"elementor-icon-list-item\">\n\t\t\t\t\t\t\t\t\t\t\t<span class=\"elementor-icon-list-icon\">\n\t\t\t\t\t\t\t<i aria-hidden=\"true\" class=\"fas fa-check\"><\/i>\t\t\t\t\t\t<\/span>\n\t\t\t\t\t\t\t\t\t\t<span class=\"elementor-icon-list-text\">Chromeinlagen an der Unterseite der Fenster<\/span>\n\t\t\t\t\t\t\t\t\t<\/li>\n\t\t\t\t\t\t\t\t<li class=\"elementor-icon-list-item\">\n\t\t\t\t\t\t\t\t\t\t\t<span class=\"elementor-icon-list-icon\">\n\t\t\t\t\t\t\t<i aria-hidden=\"true\" class=\"fas fa-check\"><\/i>\t\t\t\t\t\t<\/span>\n\t\t\t\t\t\t\t\t\t\t<span class=\"elementor-icon-list-text\">Kia Connect<\/span>\n\t\t\t\t\t\t\t\t\t<\/li>\n\t\t\t\t\t\t<\/ul>\n\t\t\t\t\t\t<\/div>\n\t\t\t\t<\/div>\n\t\t\t\t<div class=\"elementor-element elementor-element-8f2432a elementor-widget elementor-widget-text-editor\" data-id=\"8f2432a\" data-element_type=\"widget\" data-e-type=\"widget\" data-widget_type=\"text-editor.default\">\n\t\t\t\t<div class=\"elementor-widget-container\">\n\t\t\t\t\t\t\t\t\t<p><strong>Erh\u00e4ltlich in verschiedenen Farben :<\/strong><\/p>\n<p>Clear White, Snow White Pearl, Signal Red, Smoke Blue, Aurora Black Pearl, Astro Grey<\/p>\n\t\t\t\t\t\t\t\t<\/div>\n\t\t\t\t<\/div>\n\t\t\t\t<div class=\"elementor-element elementor-element-067ca30 elementor-widget elementor-widget-text-editor\" data-id=\"067ca30\" data-element_type=\"widget\" data-e-type=\"widget\" data-widget_type=\"text-editor.default\">\n\t\t\t\t<div class=\"elementor-widget-container\">\n\t\t\t\t\t\t\t\t\t<p>EasyMove: <br \/><strong>ab 179 \u20ac \/ Monat*<\/strong><\/p>\n<p>Letzte erh\u00f6hte Monatsrate: 9.355,00 \u20ac<\/p>\n\t\t\t\t\t\t\t\t<\/div>\n\t\t\t\t<\/div>\n\t\t\t\t\t<\/div>\n\t\t<\/div>\n\t\t\t\t\t<\/div>\n\t\t<\/section>\n\t\t\t\t<div class=\"elementor-element elementor-element-88ba4b0 elementor-align-center elementor-widget elementor-widget-button\" data-id=\"88ba4b0\" data-element_type=\"widget\" data-e-type=\"widget\" data-widget_type=\"button.default\">\n\t\t\t\t<div class=\"elementor-widget-container\">\n\t\t\t\t\t\t\t\t\t<div class=\"elementor-button-wrapper\">\n\t\t\t\t\t<a class=\"elementor-button elementor-button-link elementor-size-sm\" href=\"#form\">\n\t\t\t\t\t\t<span class=\"elementor-button-content-wrapper\">\n\t\t\t\t\t\t\t\t\t<span class=\"elementor-button-text\">Angebot erhalten<\/span>\n\t\t\t\t\t<\/span>\n\t\t\t\t\t<\/a>\n\t\t\t\t<\/div>\n\t\t\t\t\t\t\t\t<\/div>\n\t\t\t\t<\/div>\n\t\t\t\t\t<\/div>\n\t\t<\/div>\n\t\t\t\t\t<\/div>\n\t\t<\/section>\n\t\t\t\t<section class=\"elementor-section elementor-top-section elementor-element elementor-element-1a48adb elementor-section-boxed elementor-section-height-default elementor-section-height-default\" data-id=\"1a48adb\" data-element_type=\"section\" data-e-type=\"section\">\n\t\t\t\t\t\t<div class=\"elementor-container elementor-column-gap-default\">\n\t\t\t\t\t<div class=\"elementor-column elementor-col-100 elementor-top-column elementor-element elementor-element-950a8bd\" data-id=\"950a8bd\" data-element_type=\"column\" data-e-type=\"column\">\n\t\t\t<div class=\"elementor-widget-wrap elementor-element-populated\">\n\t\t\t\t\t\t<div class=\"elementor-element elementor-element-61c9cdd elementor-widget elementor-widget-shortcode\" data-id=\"61c9cdd\" data-element_type=\"widget\" data-e-type=\"widget\" data-widget_type=\"shortcode.default\">\n\t\t\t\t<div class=\"elementor-widget-container\">\n\t\t\t\t\t\t\t<div class=\"elementor-shortcode\"><div id=\"stock\"><\/div><div class=\"car_stock\"><div class=\"elementor-element elementor-element-a8de58a elementor-widget elementor-widget-heading\" data-id=\"a8de58a\" data-element_type=\"widget\" data-widget_type=\"heading.default\"><div class=\"elementor-widget-container\"><h2 class=\"elementor-heading-title elementor-size-default\">Unsere Kia Stonic auf Lager<\/h2><\/div><\/div><section class=\"elementor-section elementor-inner-section elementor-element elementor-element-28bf780 elementor-section-boxed elementor-section-height-default elementor-section-height-default\" data-id=\"28bf780\" data-element_type=\"section\"><div class=\"elementor-container elementor-column-gap-default\">    <a href=\"https:\/\/www.caralliance.be\/vehicule\/kia-stonic-inspire-1-0t-gdi-323503\/\" target=\"_blank\" class=\"car-link\">\n        <div class=\"elementor-column elementor-col-33 elementor-inner-column elementor-element animated fadeIn\" \n             data-settings=\"{&quot;animation&quot;:&quot;fadeIn&quot;,&quot;animation_delay&quot;:500}\">\n            <div class=\"elementor-widget-wrap elementor-element-populated\">\n                \n                <!-- Image du v\u00e9hicule -->\n                <div class=\"elementor-widget elementor-widget-image\">\n                    <div class=\"elementor-widget-container\">\n                        \n                            <img decoding=\"async\" \n                                src=\"https:\/\/cdn.photo-motion.com\/images\/bZeXzvku_NElUAuD\/a8b5e93a-744a-4e5f-9f78-2369d796dd85\/0526311b-0546-4ce5-99b3-d4bbd590ffd2.1920\" \n                                title=\"KIA Stonic Inspire 1.0T-GDI\" \n                                alt=\"KIA Stonic Inspire 1.0T-GDI\" \n                                loading=\"lazy\">\n\n                        \n                        <div class=\"price\">21.390,00 \u20ac<\/div>\n                    <\/div>\n                <\/div>\n\n                <!-- Titre du v\u00e9hicule -->\n                <div class=\"elementor-widget elementor-widget-heading\">\n                    <div class=\"elementor-widget-container\">\n                        <h3 class=\"elementor-heading-title elementor-size-default\">\n                            KIA Stonic                                                            <br\/><span class=\"car-version\">Inspire <\/span>\n                                                    <\/h3>\n                    <\/div>\n                <\/div>\n\n                <!-- Liste des \u00e9l\u00e9ments -->\n                <div class=\"elementor-widget-container infos\">\n                    <ul class=\"elementor-icon-list-items\">\n                        \n                        <!-- Moteur -->\n                        <li class=\"elementor-icon-list-item\">\n                            <span class=\"elementor-icon-list-icon\">\n                                <i aria-hidden=\"true\" class=\"fas fa-cogs\"><\/i> <!-- Ic\u00f4ne moteur -->\n                            <\/span>\n                            <span class=\"elementor-icon-list-text elementor-inline-editing\" \n                                  data-elementor-setting-key=\"icon_list.0.text\">\n                                  1.0 T-GDI iMT                            <\/span>\n                        <\/li>\n                        \n                        <!-- Date d'immatriculation -->\n                        <li class=\"elementor-icon-list-item\">\n                            <span class=\"elementor-icon-list-icon\">\n                                <i aria-hidden=\"true\" class=\"fas fa-calendar-alt\"><\/i> <!-- Ic\u00f4ne date -->\n                            <\/span>\n                            <span class=\"elementor-icon-list-text elementor-inline-editing\" \n                                  data-elementor-setting-key=\"icon_list.1.text\">\n                                  03\/10\/2024                            <\/span>\n                        <\/li>\n\n                        <!-- Kilom\u00e9trage -->\n                        <li class=\"elementor-icon-list-item\">\n                            <span class=\"elementor-icon-list-icon\">\n                                <i aria-hidden=\"true\" class=\"fas fa-tachometer-alt\"><\/i> <!-- Ic\u00f4ne kilom\u00e9trage -->\n                            <\/span>\n                            <span class=\"elementor-icon-list-text elementor-inline-editing\" \n                                  data-elementor-setting-key=\"icon_list.2.text\">\n                                  11500 km\n                            <\/span>\n                        <\/li>\n                    <\/ul>\n                <\/div>\n\n                <!-- Bouton -->\n                <div class=\"elementor-widget elementor-align-center elementor-widget-button\">\n                    <div class=\"elementor-widget-container\">\n                        <div class=\"elementor-button-wrapper\">\n                            <a class=\"elementor-button elementor-button-link elementor-size-sm\" \n                               href=\"https:\/\/www.caralliance.be\/vehicule\/kia-stonic-inspire-1-0t-gdi-323503\/\" target=\"_blank\">\n                                <span class=\"elementor-button-content-wrapper\">\n                                    <span class=\"elementor-button-text\">\n                                        Mehr erfahren                                    <\/span>\n                                <\/span>\n                            <\/a>\n                        <\/div>\n                    <\/div>\n                <\/div>\n            <\/div>\n        <\/div>\n    <\/a>\n    <a href=\"https:\/\/www.caralliance.be\/vehicule\/kia-stonic-pure-396151\/\" target=\"_blank\" class=\"car-link\">\n        <div class=\"elementor-column elementor-col-33 elementor-inner-column elementor-element animated fadeIn\" \n             data-settings=\"{&quot;animation&quot;:&quot;fadeIn&quot;,&quot;animation_delay&quot;:1000}\">\n            <div class=\"elementor-widget-wrap elementor-element-populated\">\n                \n                <!-- Image du v\u00e9hicule -->\n                <div class=\"elementor-widget elementor-widget-image\">\n                    <div class=\"elementor-widget-container\">\n                        \n                            <img decoding=\"async\" \n                                src=\"https:\/\/cdn.photo-motion.com\/images\/bZeXzvku_NElUAuD\/1c42205e-8431-435a-835b-8cb285b536a7\/97b41bff-2790-43db-8d45-04b84d4b57be.1920\" \n                                title=\"KIA &#8211; Stonic &#8211; Pure\" \n                                alt=\"KIA &#8211; Stonic &#8211; Pure\" \n                                loading=\"lazy\">\n\n                        \n                        <div class=\"price\">21.990,00 \u20ac<\/div>\n                    <\/div>\n                <\/div>\n\n                <!-- Titre du v\u00e9hicule -->\n                <div class=\"elementor-widget elementor-widget-heading\">\n                    <div class=\"elementor-widget-container\">\n                        <h3 class=\"elementor-heading-title elementor-size-default\">\n                            KIA Stonic                                                            <br\/><span class=\"car-version\">Pure  <\/span>\n                                                    <\/h3>\n                    <\/div>\n                <\/div>\n\n                <!-- Liste des \u00e9l\u00e9ments -->\n                <div class=\"elementor-widget-container infos\">\n                    <ul class=\"elementor-icon-list-items\">\n                        \n                        <!-- Moteur -->\n                        <li class=\"elementor-icon-list-item\">\n                            <span class=\"elementor-icon-list-icon\">\n                                <i aria-hidden=\"true\" class=\"fas fa-cogs\"><\/i> <!-- Ic\u00f4ne moteur -->\n                            <\/span>\n                            <span class=\"elementor-icon-list-text elementor-inline-editing\" \n                                  data-elementor-setting-key=\"icon_list.0.text\">\n                                  1.0 T-GDI iMT                            <\/span>\n                        <\/li>\n                        \n                        <!-- Date d'immatriculation -->\n                        <li class=\"elementor-icon-list-item\">\n                            <span class=\"elementor-icon-list-icon\">\n                                <i aria-hidden=\"true\" class=\"fas fa-calendar-alt\"><\/i> <!-- Ic\u00f4ne date -->\n                            <\/span>\n                            <span class=\"elementor-icon-list-text elementor-inline-editing\" \n                                  data-elementor-setting-key=\"icon_list.1.text\">\n                                  13\/09\/2024                            <\/span>\n                        <\/li>\n\n                        <!-- Kilom\u00e9trage -->\n                        <li class=\"elementor-icon-list-item\">\n                            <span class=\"elementor-icon-list-icon\">\n                                <i aria-hidden=\"true\" class=\"fas fa-tachometer-alt\"><\/i> <!-- Ic\u00f4ne kilom\u00e9trage -->\n                            <\/span>\n                            <span class=\"elementor-icon-list-text elementor-inline-editing\" \n                                  data-elementor-setting-key=\"icon_list.2.text\">\n                                  9502 km\n                            <\/span>\n                        <\/li>\n                    <\/ul>\n                <\/div>\n\n                <!-- Bouton -->\n                <div class=\"elementor-widget elementor-align-center elementor-widget-button\">\n                    <div class=\"elementor-widget-container\">\n                        <div class=\"elementor-button-wrapper\">\n                            <a class=\"elementor-button elementor-button-link elementor-size-sm\" \n                               href=\"https:\/\/www.caralliance.be\/vehicule\/kia-stonic-pure-396151\/\" target=\"_blank\">\n                                <span class=\"elementor-button-content-wrapper\">\n                                    <span class=\"elementor-button-text\">\n                                        Mehr erfahren                                    <\/span>\n                                <\/span>\n                            <\/a>\n                        <\/div>\n                    <\/div>\n                <\/div>\n            <\/div>\n        <\/div>\n    <\/a>\n    <a href=\"https:\/\/www.caralliance.be\/vehicule\/kia-stonic-style-my25-1-0t-isg-379208\/\" target=\"_blank\" class=\"car-link\">\n        <div class=\"elementor-column elementor-col-33 elementor-inner-column elementor-element animated fadeIn\" \n             data-settings=\"{&quot;animation&quot;:&quot;fadeIn&quot;,&quot;animation_delay&quot;:1500}\">\n            <div class=\"elementor-widget-wrap elementor-element-populated\">\n                \n                <!-- Image du v\u00e9hicule -->\n                <div class=\"elementor-widget elementor-widget-image\">\n                    <div class=\"elementor-widget-container\">\n                        \n                            <img decoding=\"async\" \n                                src=\"https:\/\/cdn.photo-motion.com\/images\/bZeXzvku_NElUAuD\/f8d3356d-1036-4f03-9f4e-a178d0ccb3b2\/277dbaa3-478d-4a9e-8d84-7a694026c451.1920\" \n                                title=\"KIA Stonic Style (My25) 1.0T ISG\" \n                                alt=\"KIA Stonic Style (My25) 1.0T ISG\" \n                                loading=\"lazy\">\n\n                        \n                        <div class=\"price\">25.990,00 \u20ac<\/div>\n                    <\/div>\n                <\/div>\n\n                <!-- Titre du v\u00e9hicule -->\n                <div class=\"elementor-widget elementor-widget-heading\">\n                    <div class=\"elementor-widget-container\">\n                        <h3 class=\"elementor-heading-title elementor-size-default\">\n                            KIA Stonic                                                            <br\/><span class=\"car-version\">STYLE<\/span>\n                                                    <\/h3>\n                    <\/div>\n                <\/div>\n\n                <!-- Liste des \u00e9l\u00e9ments -->\n                <div class=\"elementor-widget-container infos\">\n                    <ul class=\"elementor-icon-list-items\">\n                        \n                        <!-- Moteur -->\n                        <li class=\"elementor-icon-list-item\">\n                            <span class=\"elementor-icon-list-icon\">\n                                <i aria-hidden=\"true\" class=\"fas fa-cogs\"><\/i> <!-- Ic\u00f4ne moteur -->\n                            <\/span>\n                            <span class=\"elementor-icon-list-text elementor-inline-editing\" \n                                  data-elementor-setting-key=\"icon_list.0.text\">\n                                  1.0 T-GDI iMT                            <\/span>\n                        <\/li>\n                        \n                        <!-- Date d'immatriculation -->\n                        <li class=\"elementor-icon-list-item\">\n                            <span class=\"elementor-icon-list-icon\">\n                                <i aria-hidden=\"true\" class=\"fas fa-calendar-alt\"><\/i> <!-- Ic\u00f4ne date -->\n                            <\/span>\n                            <span class=\"elementor-icon-list-text elementor-inline-editing\" \n                                  data-elementor-setting-key=\"icon_list.1.text\">\n                                  -                            <\/span>\n                        <\/li>\n\n                        <!-- Kilom\u00e9trage -->\n                        <li class=\"elementor-icon-list-item\">\n                            <span class=\"elementor-icon-list-icon\">\n                                <i aria-hidden=\"true\" class=\"fas fa-tachometer-alt\"><\/i> <!-- Ic\u00f4ne kilom\u00e9trage -->\n                            <\/span>\n                            <span class=\"elementor-icon-list-text elementor-inline-editing\" \n                                  data-elementor-setting-key=\"icon_list.2.text\">\n                                  10 km\n                            <\/span>\n                        <\/li>\n                    <\/ul>\n                <\/div>\n\n                <!-- Bouton -->\n                <div class=\"elementor-widget elementor-align-center elementor-widget-button\">\n                    <div class=\"elementor-widget-container\">\n                        <div class=\"elementor-button-wrapper\">\n                            <a class=\"elementor-button elementor-button-link elementor-size-sm\" \n                               href=\"https:\/\/www.caralliance.be\/vehicule\/kia-stonic-style-my25-1-0t-isg-379208\/\" target=\"_blank\">\n                                <span class=\"elementor-button-content-wrapper\">\n                                    <span class=\"elementor-button-text\">\n                                        Mehr erfahren                                    <\/span>\n                                <\/span>\n                            <\/a>\n                        <\/div>\n                    <\/div>\n                <\/div>\n            <\/div>\n        <\/div>\n    <\/a>\n<\/div><\/section><\/div><\/div>\n\t\t\t\t\t\t<\/div>\n\t\t\t\t<\/div>\n\t\t\t\t\t<\/div>\n\t\t<\/div>\n\t\t\t\t\t<\/div>\n\t\t<\/section>\n\t\t\t\t<section class=\"elementor-section elementor-top-section elementor-element elementor-element-1cdc09b elementor-section-boxed elementor-section-height-default elementor-section-height-default\" data-id=\"1cdc09b\" data-element_type=\"section\" data-e-type=\"section\" id=\"form\" data-settings=\"{&quot;background_background&quot;:&quot;classic&quot;}\">\n\t\t\t\t\t\t<div class=\"elementor-container elementor-column-gap-default\">\n\t\t\t\t\t<div class=\"elementor-column elementor-col-100 elementor-top-column elementor-element elementor-element-033a170\" data-id=\"033a170\" data-element_type=\"column\" data-e-type=\"column\">\n\t\t\t<div class=\"elementor-widget-wrap elementor-element-populated\">\n\t\t\t\t\t\t<div class=\"elementor-element elementor-element-8f61d32 elementor-widget elementor-widget-heading\" data-id=\"8f61d32\" data-element_type=\"widget\" data-e-type=\"widget\" data-widget_type=\"heading.default\">\n\t\t\t\t<div class=\"elementor-widget-container\">\n\t\t\t\t\t<h3 class=\"elementor-heading-title elementor-size-default\">Interessieren Sie sich f\u00fcr den Kia Stonic 'Inspire Plus'?<\/h3>\t\t\t\t<\/div>\n\t\t\t\t<\/div>\n\t\t\t\t<div class=\"elementor-element elementor-element-5bb20fa elementor-widget elementor-widget-text-editor\" data-id=\"5bb20fa\" data-element_type=\"widget\" data-e-type=\"widget\" data-widget_type=\"text-editor.default\">\n\t\t\t\t<div class=\"elementor-widget-container\">\n\t\t\t\t\t\t\t\t\t<p>Kontaktieren Sie uns jetzt, indem Sie das untenstehende Formular ausf\u00fcllen.<\/p>\n\t\t\t\t\t\t\t\t<\/div>\n\t\t\t\t<\/div>\n\t\t\t\t<div class=\"elementor-element elementor-element-989c449 elementor-widget elementor-widget-html\" data-id=\"989c449\" data-element_type=\"widget\" data-e-type=\"widget\" data-widget_type=\"html.default\">\n\t\t\t\t<div class=\"elementor-widget-container\">\n\t\t\t\t\t<script charset=\"utf-8\" type=\"text\/javascript\" src=\"\/\/js.hsforms.net\/forms\/embed\/v2.js\"><\/script><script>if (location.href.match(\"\/de\/\")) {\n      hbspt.forms.create({\n        region: \"na1\",\n        portalId: \"6672575\",\n        formId: \"668c0ce1-fac7-4874-a48d-c4e3566dfbff\"\n      });\n  }\n  else\n  {\n      hbspt.forms.create({\n        region: \"na1\",\n        portalId: \"6672575\",\n        formId: \"572fa933-b980-48f0-a271-f4585be81de0\"\n      });\n  }\n<\/script>\t\t\t\t<\/div>\n\t\t\t\t<\/div>\n\t\t\t\t<div class=\"elementor-element elementor-element-79a38d4 elementor-widget-divider--view-line elementor-widget elementor-widget-divider\" data-id=\"79a38d4\" data-element_type=\"widget\" data-e-type=\"widget\" data-widget_type=\"divider.default\">\n\t\t\t\t<div class=\"elementor-widget-container\">\n\t\t\t\t\t\t\t<div class=\"elementor-divider\">\n\t\t\t<span class=\"elementor-divider-separator\">\n\t\t\t\t\t\t<\/span>\n\t\t<\/div>\n\t\t\t\t\t\t<\/div>\n\t\t\t\t<\/div>\n\t\t\t\t<div class=\"elementor-element elementor-element-370ec49 elementor-widget elementor-widget-heading\" data-id=\"370ec49\" data-element_type=\"widget\" data-e-type=\"widget\" data-widget_type=\"heading.default\">\n\t\t\t\t<div class=\"elementor-widget-container\">\n\t\t\t\t\t<h3 class=\"elementor-heading-title elementor-size-default\">Achtung: Geld leihen kostet auch Geld.<\/h3>\t\t\t\t<\/div>\n\t\t\t\t<\/div>\n\t\t\t\t<div class=\"elementor-element elementor-element-b7bae3f elementor-widget elementor-widget-shortcode\" data-id=\"b7bae3f\" data-element_type=\"widget\" data-e-type=\"widget\" data-widget_type=\"shortcode.default\">\n\t\t\t\t<div class=\"elementor-widget-container\">\n\t\t\t\t\t\t\t<div class=\"elementor-shortcode\"><div class=\"elementor-text-editor elementor-clearfix elementor-inline-editing credit-details\" data-elementor-setting-key=\"editor\" data-elementor-inline-editing-toolbar=\"advanced\">\n                            <p>*Stonic Inspire Plus : Ratenkredit mit erh\u00f6hter letzter Monatsrate.<\/p>\n                            <p>Kreditbetrag : 16.251,02 \u20ac. Anzahlung (optional) : 6.688,98 \u20ac. Barpreis : 22.940,00 \u20ac. Effektiver Jahreszins : 2,99 %, fester j\u00e4hrlicher Sollzinssatz : 2,99 %. Laufzeit des Kredits : 48 mois.<\/p>\n                            <p>Abzahlbar in 47 monatlichen Raten von 179,00 \u20ac. Letzte erh\u00f6hte Monatsrate : 9.355,00 \u20ac. Ausstehender Gesambetrag : 17.768,00 \u20ac.<\/p>\n                        <\/div><\/div>\n\t\t\t\t\t\t<\/div>\n\t\t\t\t<\/div>\n\t\t\t\t\t<\/div>\n\t\t<\/div>\n\t\t\t\t\t<\/div>\n\t\t<\/section>\n\t\t\t\t<\/div>\n\t\t","protected":false},"excerpt":{"rendered":"<p>Kia Stonic Inspire Plus Die Business-Sonderserie des Stonic Inspiration kann viele Formen haben. Manchmal findet man Inspiration in der reinen Sch\u00f6nheit oder St\u00e4rke eines au\u00dfergew\u00f6hnlichen Designs. Und zu anderen Zeiten ist es der Impuls des Augenblicks oder eine geniale Idee, die uns in den Sinn kommt. Aber sehr oft ist es eine Kombination aus beidem. [&hellip;]<\/p>\n","protected":false},"author":6,"featured_media":0,"parent":2800,"menu_order":0,"comment_status":"closed","ping_status":"closed","template":"","meta":{"_acf_changed":false,"inline_featured_image":false,"footnotes":""},"class_list":["post-3409","page","type-page","status-publish","hentry"],"acf":[],"yoast_head":"<!-- This site is optimized with the Yoast SEO plugin v27.4 - https:\/\/yoast.com\/product\/yoast-seo-wordpress\/ -->\n<title>Kia Stonic Inspire Plus - Ebac-Auto<\/title>\n<meta name=\"robots\" content=\"index, follow, max-snippet:-1, max-image-preview:large, max-video-preview:-1\" \/>\n<link rel=\"canonical\" href=\"https:\/\/ebac-auto.be\/de\/kia\/modelle\/stonic\/inspire-plus\/\" \/>\n<meta property=\"og:locale\" content=\"de_DE\" \/>\n<meta property=\"og:type\" content=\"article\" \/>\n<meta property=\"og:title\" content=\"Kia Stonic Inspire Plus - Ebac-Auto\" \/>\n<meta property=\"og:description\" content=\"Kia Stonic Inspire Plus Die Business-Sonderserie des Stonic Inspiration kann viele Formen haben. Manchmal findet man Inspiration in der reinen Sch\u00f6nheit oder St\u00e4rke eines au\u00dfergew\u00f6hnlichen Designs. Und zu anderen Zeiten ist es der Impuls des Augenblicks oder eine geniale Idee, die uns in den Sinn kommt. Aber sehr oft ist es eine Kombination aus beidem. [&hellip;]\" \/>\n<meta property=\"og:url\" content=\"https:\/\/ebac-auto.be\/de\/kia\/modelle\/stonic\/inspire-plus\/\" \/>\n<meta property=\"og:site_name\" content=\"Ebac-Auto\" \/>\n<meta property=\"article:modified_time\" content=\"2024-10-09T08:39:41+00:00\" \/>\n<meta property=\"og:image\" content=\"https:\/\/ebac-auto.be\/wp-content\/uploads\/2024\/01\/kia-stonic-inspire-plus.jpg\" \/>\n\t<meta property=\"og:image:width\" content=\"1920\" \/>\n\t<meta property=\"og:image:height\" content=\"1280\" \/>\n\t<meta property=\"og:image:type\" content=\"image\/jpeg\" \/>\n<meta name=\"twitter:card\" content=\"summary_large_image\" \/>\n<meta name=\"twitter:label1\" content=\"Gesch\u00e4tzte Lesezeit\" \/>\n\t<meta name=\"twitter:data1\" content=\"2\u00a0Minuten\" \/>\n<script type=\"application\/ld+json\" class=\"yoast-schema-graph\">{\"@context\":\"https:\\\/\\\/schema.org\",\"@graph\":[{\"@type\":\"WebPage\",\"@id\":\"https:\\\/\\\/ebac-auto.be\\\/de\\\/kia\\\/modelle\\\/stonic\\\/inspire-plus\\\/\",\"url\":\"https:\\\/\\\/ebac-auto.be\\\/de\\\/kia\\\/modelle\\\/stonic\\\/inspire-plus\\\/\",\"name\":\"Kia Stonic Inspire Plus - Ebac-Auto\",\"isPartOf\":{\"@id\":\"https:\\\/\\\/ebac-auto.be\\\/de\\\/#website\"},\"primaryImageOfPage\":{\"@id\":\"https:\\\/\\\/ebac-auto.be\\\/de\\\/kia\\\/modelle\\\/stonic\\\/inspire-plus\\\/#primaryimage\"},\"image\":{\"@id\":\"https:\\\/\\\/ebac-auto.be\\\/de\\\/kia\\\/modelle\\\/stonic\\\/inspire-plus\\\/#primaryimage\"},\"thumbnailUrl\":\"https:\\\/\\\/ebac-auto.be\\\/wp-content\\\/uploads\\\/2024\\\/01\\\/kia-stonic-inspire-plus-768x512.jpg\",\"datePublished\":\"2024-01-09T13:56:17+00:00\",\"dateModified\":\"2024-10-09T08:39:41+00:00\",\"breadcrumb\":{\"@id\":\"https:\\\/\\\/ebac-auto.be\\\/de\\\/kia\\\/modelle\\\/stonic\\\/inspire-plus\\\/#breadcrumb\"},\"inLanguage\":\"de\",\"potentialAction\":[{\"@type\":\"ReadAction\",\"target\":[\"https:\\\/\\\/ebac-auto.be\\\/de\\\/kia\\\/modelle\\\/stonic\\\/inspire-plus\\\/\"]}]},{\"@type\":\"ImageObject\",\"inLanguage\":\"de\",\"@id\":\"https:\\\/\\\/ebac-auto.be\\\/de\\\/kia\\\/modelle\\\/stonic\\\/inspire-plus\\\/#primaryimage\",\"url\":\"https:\\\/\\\/ebac-auto.be\\\/wp-content\\\/uploads\\\/2024\\\/01\\\/kia-stonic-inspire-plus-768x512.jpg\",\"contentUrl\":\"https:\\\/\\\/ebac-auto.be\\\/wp-content\\\/uploads\\\/2024\\\/01\\\/kia-stonic-inspire-plus-768x512.jpg\"},{\"@type\":\"BreadcrumbList\",\"@id\":\"https:\\\/\\\/ebac-auto.be\\\/de\\\/kia\\\/modelle\\\/stonic\\\/inspire-plus\\\/#breadcrumb\",\"itemListElement\":[{\"@type\":\"ListItem\",\"position\":1,\"name\":\"Accueil\",\"item\":\"https:\\\/\\\/ebac-auto.be\\\/de\\\/\"},{\"@type\":\"ListItem\",\"position\":2,\"name\":\"Kia\",\"item\":\"https:\\\/\\\/ebac-auto.be\\\/de\\\/kia\\\/\"},{\"@type\":\"ListItem\",\"position\":3,\"name\":\"Modelle\",\"item\":\"https:\\\/\\\/ebac-auto.be\\\/de\\\/kia\\\/modelle\\\/\"},{\"@type\":\"ListItem\",\"position\":4,\"name\":\"Stonic\",\"item\":\"https:\\\/\\\/ebac-auto.be\\\/de\\\/kia\\\/modelle\\\/stonic\\\/\"},{\"@type\":\"ListItem\",\"position\":5,\"name\":\"Kia Stonic Inspire Plus\"}]},{\"@type\":\"WebSite\",\"@id\":\"https:\\\/\\\/ebac-auto.be\\\/de\\\/#website\",\"url\":\"https:\\\/\\\/ebac-auto.be\\\/de\\\/\",\"name\":\"Ebac-Auto\",\"description\":\"Partner f\u00fcr Ihre Mobilit\u00e4t in der Provinz L\u00fcttich\",\"publisher\":{\"@id\":\"https:\\\/\\\/ebac-auto.be\\\/de\\\/#organization\"},\"potentialAction\":[{\"@type\":\"SearchAction\",\"target\":{\"@type\":\"EntryPoint\",\"urlTemplate\":\"https:\\\/\\\/ebac-auto.be\\\/de\\\/?s={search_term_string}\"},\"query-input\":{\"@type\":\"PropertyValueSpecification\",\"valueRequired\":true,\"valueName\":\"search_term_string\"}}],\"inLanguage\":\"de\"},{\"@type\":\"Organization\",\"@id\":\"https:\\\/\\\/ebac-auto.be\\\/de\\\/#organization\",\"name\":\"Ebac\",\"url\":\"https:\\\/\\\/ebac-auto.be\\\/de\\\/\",\"logo\":{\"@type\":\"ImageObject\",\"inLanguage\":\"de\",\"@id\":\"https:\\\/\\\/ebac-auto.be\\\/de\\\/#\\\/schema\\\/logo\\\/image\\\/\",\"url\":\"\",\"contentUrl\":\"\",\"caption\":\"Ebac\"},\"image\":{\"@id\":\"https:\\\/\\\/ebac-auto.be\\\/de\\\/#\\\/schema\\\/logo\\\/image\\\/\"}}]}<\/script>\n<!-- \/ Yoast SEO plugin. -->","yoast_head_json":{"title":"Kia Stonic Inspire Plus - Ebac-Auto","robots":{"index":"index","follow":"follow","max-snippet":"max-snippet:-1","max-image-preview":"max-image-preview:large","max-video-preview":"max-video-preview:-1"},"canonical":"https:\/\/ebac-auto.be\/de\/kia\/modelle\/stonic\/inspire-plus\/","og_locale":"de_DE","og_type":"article","og_title":"Kia Stonic Inspire Plus - Ebac-Auto","og_description":"Kia Stonic Inspire Plus Die Business-Sonderserie des Stonic Inspiration kann viele Formen haben. Manchmal findet man Inspiration in der reinen Sch\u00f6nheit oder St\u00e4rke eines au\u00dfergew\u00f6hnlichen Designs. Und zu anderen Zeiten ist es der Impuls des Augenblicks oder eine geniale Idee, die uns in den Sinn kommt. Aber sehr oft ist es eine Kombination aus beidem. [&hellip;]","og_url":"https:\/\/ebac-auto.be\/de\/kia\/modelle\/stonic\/inspire-plus\/","og_site_name":"Ebac-Auto","article_modified_time":"2024-10-09T08:39:41+00:00","og_image":[{"width":1920,"height":1280,"url":"https:\/\/ebac-auto.be\/wp-content\/uploads\/2024\/01\/kia-stonic-inspire-plus.jpg","type":"image\/jpeg"}],"twitter_card":"summary_large_image","twitter_misc":{"Gesch\u00e4tzte Lesezeit":"2\u00a0Minuten"},"schema":{"@context":"https:\/\/schema.org","@graph":[{"@type":"WebPage","@id":"https:\/\/ebac-auto.be\/de\/kia\/modelle\/stonic\/inspire-plus\/","url":"https:\/\/ebac-auto.be\/de\/kia\/modelle\/stonic\/inspire-plus\/","name":"Kia Stonic Inspire Plus - Ebac-Auto","isPartOf":{"@id":"https:\/\/ebac-auto.be\/de\/#website"},"primaryImageOfPage":{"@id":"https:\/\/ebac-auto.be\/de\/kia\/modelle\/stonic\/inspire-plus\/#primaryimage"},"image":{"@id":"https:\/\/ebac-auto.be\/de\/kia\/modelle\/stonic\/inspire-plus\/#primaryimage"},"thumbnailUrl":"https:\/\/ebac-auto.be\/wp-content\/uploads\/2024\/01\/kia-stonic-inspire-plus-768x512.jpg","datePublished":"2024-01-09T13:56:17+00:00","dateModified":"2024-10-09T08:39:41+00:00","breadcrumb":{"@id":"https:\/\/ebac-auto.be\/de\/kia\/modelle\/stonic\/inspire-plus\/#breadcrumb"},"inLanguage":"de","potentialAction":[{"@type":"ReadAction","target":["https:\/\/ebac-auto.be\/de\/kia\/modelle\/stonic\/inspire-plus\/"]}]},{"@type":"ImageObject","inLanguage":"de","@id":"https:\/\/ebac-auto.be\/de\/kia\/modelle\/stonic\/inspire-plus\/#primaryimage","url":"https:\/\/ebac-auto.be\/wp-content\/uploads\/2024\/01\/kia-stonic-inspire-plus-768x512.jpg","contentUrl":"https:\/\/ebac-auto.be\/wp-content\/uploads\/2024\/01\/kia-stonic-inspire-plus-768x512.jpg"},{"@type":"BreadcrumbList","@id":"https:\/\/ebac-auto.be\/de\/kia\/modelle\/stonic\/inspire-plus\/#breadcrumb","itemListElement":[{"@type":"ListItem","position":1,"name":"Accueil","item":"https:\/\/ebac-auto.be\/de\/"},{"@type":"ListItem","position":2,"name":"Kia","item":"https:\/\/ebac-auto.be\/de\/kia\/"},{"@type":"ListItem","position":3,"name":"Modelle","item":"https:\/\/ebac-auto.be\/de\/kia\/modelle\/"},{"@type":"ListItem","position":4,"name":"Stonic","item":"https:\/\/ebac-auto.be\/de\/kia\/modelle\/stonic\/"},{"@type":"ListItem","position":5,"name":"Kia Stonic Inspire Plus"}]},{"@type":"WebSite","@id":"https:\/\/ebac-auto.be\/de\/#website","url":"https:\/\/ebac-auto.be\/de\/","name":"Ebac-Auto","description":"Partner f\u00fcr Ihre Mobilit\u00e4t in der Provinz L\u00fcttich","publisher":{"@id":"https:\/\/ebac-auto.be\/de\/#organization"},"potentialAction":[{"@type":"SearchAction","target":{"@type":"EntryPoint","urlTemplate":"https:\/\/ebac-auto.be\/de\/?s={search_term_string}"},"query-input":{"@type":"PropertyValueSpecification","valueRequired":true,"valueName":"search_term_string"}}],"inLanguage":"de"},{"@type":"Organization","@id":"https:\/\/ebac-auto.be\/de\/#organization","name":"Ebac","url":"https:\/\/ebac-auto.be\/de\/","logo":{"@type":"ImageObject","inLanguage":"de","@id":"https:\/\/ebac-auto.be\/de\/#\/schema\/logo\/image\/","url":"","contentUrl":"","caption":"Ebac"},"image":{"@id":"https:\/\/ebac-auto.be\/de\/#\/schema\/logo\/image\/"}}]}},"_links":{"self":[{"href":"https:\/\/ebac-auto.be\/de\/wp-json\/wp\/v2\/pages\/3409","targetHints":{"allow":["GET"]}}],"collection":[{"href":"https:\/\/ebac-auto.be\/de\/wp-json\/wp\/v2\/pages"}],"about":[{"href":"https:\/\/ebac-auto.be\/de\/wp-json\/wp\/v2\/types\/page"}],"author":[{"embeddable":true,"href":"https:\/\/ebac-auto.be\/de\/wp-json\/wp\/v2\/users\/6"}],"replies":[{"embeddable":true,"href":"https:\/\/ebac-auto.be\/de\/wp-json\/wp\/v2\/comments?post=3409"}],"version-history":[{"count":8,"href":"https:\/\/ebac-auto.be\/de\/wp-json\/wp\/v2\/pages\/3409\/revisions"}],"predecessor-version":[{"id":4760,"href":"https:\/\/ebac-auto.be\/de\/wp-json\/wp\/v2\/pages\/3409\/revisions\/4760"}],"up":[{"embeddable":true,"href":"https:\/\/ebac-auto.be\/de\/wp-json\/wp\/v2\/pages\/2800"}],"wp:attachment":[{"href":"https:\/\/ebac-auto.be\/de\/wp-json\/wp\/v2\/media?parent=3409"}],"curies":[{"name":"wp","href":"https:\/\/api.w.org\/{rel}","templated":true}]}}