{"id":4304,"date":"2024-08-07T10:55:17","date_gmt":"2024-08-07T08:55:17","guid":{"rendered":"https:\/\/ebac-auto.be\/kia\/modelle\/ev3\/"},"modified":"2026-01-01T18:21:57","modified_gmt":"2026-01-01T17:21:57","slug":"ev3","status":"publish","type":"page","link":"https:\/\/ebac-auto.be\/de\/kia\/modelle\/ev3\/","title":{"rendered":"EV3"},"content":{"rendered":"\t\t<div data-elementor-type=\"wp-page\" data-elementor-id=\"4304\" class=\"elementor elementor-4304 elementor-4209\" data-elementor-settings=\"{&quot;ha_cmc_init_switcher&quot;:&quot;no&quot;}\" data-elementor-post-type=\"page\">\n\t\t\t\t\t\t<section class=\"elementor-section elementor-top-section elementor-element elementor-element-052c679 elementor-section-height-min-height elementor-section-boxed elementor-section-height-default elementor-section-items-middle\" data-id=\"052c679\" data-element_type=\"section\" data-e-type=\"section\" data-settings=\"{&quot;background_background&quot;:&quot;video&quot;,&quot;background_video_link&quot;:&quot;https:\\\/\\\/www.youtube.com\\\/watch?v=KkYQasVokUo&quot;,&quot;background_play_on_mobile&quot;:&quot;yes&quot;}\">\n\t\t\t\t\t\t\t\t<div class=\"elementor-background-video-container\">\n\t\t\t\t\t\t\t\t\t\t\t\t\t<div class=\"elementor-background-video-embed\" role=\"presentation\"><\/div>\n\t\t\t\t\t\t\t\t\t\t\t\t<\/div>\n\t\t\t\t\t\t\t\t\t<div class=\"elementor-background-overlay\"><\/div>\n\t\t\t\t\t\t\t<div class=\"elementor-container elementor-column-gap-default\">\n\t\t\t\t\t<div class=\"elementor-column elementor-col-100 elementor-top-column elementor-element elementor-element-3ab5724\" data-id=\"3ab5724\" data-element_type=\"column\" data-e-type=\"column\">\n\t\t\t<div class=\"elementor-widget-wrap elementor-element-populated\">\n\t\t\t\t\t\t<div class=\"elementor-element elementor-element-1e47444 elementor-widget elementor-widget-heading\" data-id=\"1e47444\" data-element_type=\"widget\" data-e-type=\"widget\" data-widget_type=\"heading.default\">\n\t\t\t\t<div class=\"elementor-widget-container\">\n\t\t\t\t\t<h1 class=\"elementor-heading-title elementor-size-default\">EV3<\/h1>\t\t\t\t<\/div>\n\t\t\t\t<\/div>\n\t\t\t\t<div class=\"elementor-element elementor-element-0db6079 elementor-widget elementor-widget-heading\" data-id=\"0db6079\" data-element_type=\"widget\" data-e-type=\"widget\" data-widget_type=\"heading.default\">\n\t\t\t\t<div class=\"elementor-widget-container\">\n\t\t\t\t\t<h2 class=\"elementor-heading-title elementor-size-default\">Der EV3 100 % elektrisch.  \nDefinieren Sie die Standards neu.<\/h2>\t\t\t\t<\/div>\n\t\t\t\t<\/div>\n\t\t\t\t<div class=\"elementor-element elementor-element-c3aa8dc elementor-widget elementor-widget-shortcode\" data-id=\"c3aa8dc\" data-element_type=\"widget\" data-e-type=\"widget\" data-widget_type=\"shortcode.default\">\n\t\t\t\t<div class=\"elementor-widget-container\">\n\t\t\t\t\t\t\t<div class=\"elementor-shortcode\"><div class=\"elementor-element elementor-element-b775e88 elementor-align-center elementor-widget elementor-widget-button stock_cars_cta\" data-id=\"b775e88\" data-element_type=\"widget\" data-widget_type=\"button.default\"><div class=\"elementor-widget-container\"><div class=\"elementor-button-wrapper\"><a class=\"elementor-button elementor-button-link elementor-size-sm no-bg-color\" href=\"#stock\"><span class=\"elementor-button-content-wrapper\"><span class=\"elementor-button-text\">Entdecken Sie unseren Fahrzeugbestand<\/span><\/span><\/a><\/div><\/div><\/div><\/div>\n\t\t\t\t\t\t<\/div>\n\t\t\t\t<\/div>\n\t\t\t\t<div class=\"elementor-element elementor-element-097a005 elementor-hidden-desktop elementor-hidden-tablet elementor-hidden-mobile elementor-widget elementor-widget-heading\" data-id=\"097a005\" data-element_type=\"widget\" data-e-type=\"widget\" data-widget_type=\"heading.default\">\n\t\t\t\t<div class=\"elementor-widget-container\">\n\t\t\t\t\t<h2 class=\"elementor-heading-title elementor-size-default\">Erleben Sie die Vorpremiere am <u>Donnerstag, den 26. September<\/u> w\u00e4hrend der EV3 Roadshow !<\/h2>\t\t\t\t<\/div>\n\t\t\t\t<\/div>\n\t\t\t\t<div class=\"elementor-element elementor-element-899f23b elementor-align-center elementor-hidden-desktop elementor-hidden-tablet elementor-hidden-mobile elementor-widget elementor-widget-button\" data-id=\"899f23b\" data-element_type=\"widget\" data-e-type=\"widget\" data-widget_type=\"button.default\">\n\t\t\t\t<div class=\"elementor-widget-container\">\n\t\t\t\t\t\t\t\t\t<div class=\"elementor-button-wrapper\">\n\t\t\t\t\t<a class=\"elementor-button elementor-button-link elementor-size-sm\" href=\"#roadshow\">\n\t\t\t\t\t\t<span class=\"elementor-button-content-wrapper\">\n\t\t\t\t\t\t\t\t\t<span class=\"elementor-button-text\">Ich nehme teil<\/span>\n\t\t\t\t\t<\/span>\n\t\t\t\t\t<\/a>\n\t\t\t\t<\/div>\n\t\t\t\t\t\t\t\t<\/div>\n\t\t\t\t<\/div>\n\t\t\t\t\t<\/div>\n\t\t<\/div>\n\t\t\t\t\t<\/div>\n\t\t<\/section>\n\t\t\t\t<section class=\"elementor-section elementor-top-section elementor-element elementor-element-5008daa elementor-section-boxed elementor-section-height-default elementor-section-height-default\" data-id=\"5008daa\" data-element_type=\"section\" data-e-type=\"section\">\n\t\t\t\t\t\t<div class=\"elementor-container elementor-column-gap-default\">\n\t\t\t\t\t<div class=\"elementor-column elementor-col-100 elementor-top-column elementor-element elementor-element-1e8c74b\" data-id=\"1e8c74b\" data-element_type=\"column\" data-e-type=\"column\">\n\t\t\t<div class=\"elementor-widget-wrap elementor-element-populated\">\n\t\t\t\t\t\t<div class=\"elementor-element elementor-element-ccd6690 elementor-widget elementor-widget-heading\" data-id=\"ccd6690\" data-element_type=\"widget\" data-e-type=\"widget\" data-widget_type=\"heading.default\">\n\t\t\t\t<div class=\"elementor-widget-container\">\n\t\t\t\t\t<h2 class=\"elementor-heading-title elementor-size-default\">Entdecken Sie den Kia EV3<\/h2>\t\t\t\t<\/div>\n\t\t\t\t<\/div>\n\t\t\t\t<div class=\"elementor-element elementor-element-d63adc0 elementor-widget elementor-widget-text-editor\" data-id=\"d63adc0\" data-element_type=\"widget\" data-e-type=\"widget\" data-widget_type=\"text-editor.default\">\n\t\t\t\t<div class=\"elementor-widget-container\">\n\t\t\t\t\t\t\t\t\t<p>Lassen Sie sich vom j\u00fcngsten Mitglied der Kia EV-Familie begeistern: dem EV3, unserem kompakten SUV mit 100 % Elektroantrieb, der die Standards in seiner Klasse neu definieren will. Mit einer L\u00e4nge von 4,30 m und Platz f\u00fcr 5 Personen k\u00f6nnen Sie bis zu 600 km mit einer einzigen Ladung in einem Schmuckst\u00fcck aus Design und Komfort zur\u00fccklegen. Der dreifache 30-Zoll-Bildschirm ist nur eine der vielen herausragenden Eigenschaften.<\/p>\t\t\t\t\t\t\t\t<\/div>\n\t\t\t\t<\/div>\n\t\t\t\t<section class=\"elementor-section elementor-inner-section elementor-element elementor-element-9f7876c elementor-section-boxed elementor-section-height-default elementor-section-height-default\" data-id=\"9f7876c\" data-element_type=\"section\" data-e-type=\"section\">\n\t\t\t\t\t\t<div class=\"elementor-container elementor-column-gap-default\">\n\t\t\t\t\t<div class=\"elementor-column elementor-col-100 elementor-inner-column elementor-element elementor-element-7ac38c5\" data-id=\"7ac38c5\" data-element_type=\"column\" data-e-type=\"column\">\n\t\t\t<div class=\"elementor-widget-wrap elementor-element-populated\">\n\t\t\t\t\t\t<div class=\"elementor-element elementor-element-68c1991 elementor-widget elementor-widget-heading\" data-id=\"68c1991\" data-element_type=\"widget\" data-e-type=\"widget\" data-widget_type=\"heading.default\">\n\t\t\t\t<div class=\"elementor-widget-container\">\n\t\t\t\t\t<h2 class=\"elementor-heading-title elementor-size-default\">EASYMOVE F\u00dcR PRIVATPERSONEN :  <\/h2>\t\t\t\t<\/div>\n\t\t\t\t<\/div>\n\t\t\t\t<div class=\"elementor-element elementor-element-a0f3a36 elementor-widget elementor-widget-text-editor\" data-id=\"a0f3a36\" data-element_type=\"widget\" data-e-type=\"widget\" data-widget_type=\"text-editor.default\">\n\t\t\t\t<div class=\"elementor-widget-container\">\n\t\t\t\t\t\t\t\t\t<p>Ab<\/p>\t\t\t\t\t\t\t\t<\/div>\n\t\t\t\t<\/div>\n\t\t\t\t<div class=\"elementor-element elementor-element-26e7d7d elementor-widget elementor-widget-heading\" data-id=\"26e7d7d\" data-element_type=\"widget\" data-e-type=\"widget\" data-widget_type=\"heading.default\">\n\t\t\t\t<div class=\"elementor-widget-container\">\n\t\t\t\t\t<h2 class=\"elementor-heading-title elementor-size-default\">229 \u20ac<\/h2>\t\t\t\t<\/div>\n\t\t\t\t<\/div>\n\t\t\t\t<div class=\"elementor-element elementor-element-0bb7151 elementor-widget elementor-widget-text-editor\" data-id=\"0bb7151\" data-element_type=\"widget\" data-e-type=\"widget\" data-widget_type=\"text-editor.default\">\n\t\t\t\t<div class=\"elementor-widget-container\">\n\t\t\t\t\t\t\t\t\t<p><b>\/ Monat<\/b>*<\/p>\t\t\t\t\t\t\t\t<\/div>\n\t\t\t\t<\/div>\n\t\t\t\t\t<\/div>\n\t\t<\/div>\n\t\t\t\t\t<\/div>\n\t\t<\/section>\n\t\t\t\t<section class=\"elementor-section elementor-inner-section elementor-element elementor-element-e31ecf3 elementor-section-boxed elementor-section-height-default elementor-section-height-default\" data-id=\"e31ecf3\" data-element_type=\"section\" data-e-type=\"section\">\n\t\t\t\t\t\t<div class=\"elementor-container elementor-column-gap-default\">\n\t\t\t\t\t<div class=\"elementor-column elementor-col-50 elementor-inner-column elementor-element elementor-element-e010e3e\" data-id=\"e010e3e\" data-element_type=\"column\" data-e-type=\"column\">\n\t\t\t<div class=\"elementor-widget-wrap elementor-element-populated\">\n\t\t\t\t\t\t<div class=\"elementor-element elementor-element-d0e7f9a elementor-widget elementor-widget-heading\" data-id=\"d0e7f9a\" data-element_type=\"widget\" data-e-type=\"widget\" data-widget_type=\"heading.default\">\n\t\t\t\t<div class=\"elementor-widget-container\">\n\t\t\t\t\t<h2 class=\"elementor-heading-title elementor-size-default\">RENTING FINANCIER (PROFESSIONELL) :  <\/h2>\t\t\t\t<\/div>\n\t\t\t\t<\/div>\n\t\t\t\t<div class=\"elementor-element elementor-element-7c87f89 elementor-widget elementor-widget-text-editor\" data-id=\"7c87f89\" data-element_type=\"widget\" data-e-type=\"widget\" data-widget_type=\"text-editor.default\">\n\t\t\t\t<div class=\"elementor-widget-container\">\n\t\t\t\t\t\t\t\t\t<p>Ab<\/p>\t\t\t\t\t\t\t\t<\/div>\n\t\t\t\t<\/div>\n\t\t\t\t<div class=\"elementor-element elementor-element-8298825 elementor-widget elementor-widget-heading\" data-id=\"8298825\" data-element_type=\"widget\" data-e-type=\"widget\" data-widget_type=\"heading.default\">\n\t\t\t\t<div class=\"elementor-widget-container\">\n\t\t\t\t\t<h2 class=\"elementor-heading-title elementor-size-default\">329 \u20ac<\/h2>\t\t\t\t<\/div>\n\t\t\t\t<\/div>\n\t\t\t\t<div class=\"elementor-element elementor-element-857a80f elementor-widget elementor-widget-text-editor\" data-id=\"857a80f\" data-element_type=\"widget\" data-e-type=\"widget\" data-widget_type=\"text-editor.default\">\n\t\t\t\t<div class=\"elementor-widget-container\">\n\t\t\t\t\t\t\t\t\t<p><b>\/ Monat<\/b> zzgl. MwSt*.<\/p>\t\t\t\t\t\t\t\t<\/div>\n\t\t\t\t<\/div>\n\t\t\t\t\t<\/div>\n\t\t<\/div>\n\t\t\t\t<div class=\"elementor-column elementor-col-50 elementor-inner-column elementor-element elementor-element-f1305fe\" data-id=\"f1305fe\" data-element_type=\"column\" data-e-type=\"column\">\n\t\t\t<div class=\"elementor-widget-wrap elementor-element-populated\">\n\t\t\t\t\t\t<div class=\"elementor-element elementor-element-8483f5e elementor-widget elementor-widget-heading\" data-id=\"8483f5e\" data-element_type=\"widget\" data-e-type=\"widget\" data-widget_type=\"heading.default\">\n\t\t\t\t<div class=\"elementor-widget-container\">\n\t\t\t\t\t<h2 class=\"elementor-heading-title elementor-size-default\">KIA LEASE (GEWERBLICH) :  <\/h2>\t\t\t\t<\/div>\n\t\t\t\t<\/div>\n\t\t\t\t<div class=\"elementor-element elementor-element-f0875d0 elementor-widget elementor-widget-text-editor\" data-id=\"f0875d0\" data-element_type=\"widget\" data-e-type=\"widget\" data-widget_type=\"text-editor.default\">\n\t\t\t\t<div class=\"elementor-widget-container\">\n\t\t\t\t\t\t\t\t\t<p>Ab<\/p>\t\t\t\t\t\t\t\t<\/div>\n\t\t\t\t<\/div>\n\t\t\t\t<div class=\"elementor-element elementor-element-f2b1110 elementor-widget elementor-widget-heading\" data-id=\"f2b1110\" data-element_type=\"widget\" data-e-type=\"widget\" data-widget_type=\"heading.default\">\n\t\t\t\t<div class=\"elementor-widget-container\">\n\t\t\t\t\t<h2 class=\"elementor-heading-title elementor-size-default\">456 \u20ac<\/h2>\t\t\t\t<\/div>\n\t\t\t\t<\/div>\n\t\t\t\t<div class=\"elementor-element elementor-element-808a290 elementor-widget elementor-widget-text-editor\" data-id=\"808a290\" data-element_type=\"widget\" data-e-type=\"widget\" data-widget_type=\"text-editor.default\">\n\t\t\t\t<div class=\"elementor-widget-container\">\n\t\t\t\t\t\t\t\t\t<p><b>\/ Monat<\/b> zzgl. MwSt*.<\/p><p><strong>TCO: 570,91 \u20ac<\/strong><\/p>\t\t\t\t\t\t\t\t<\/div>\n\t\t\t\t<\/div>\n\t\t\t\t\t<\/div>\n\t\t<\/div>\n\t\t\t\t\t<\/div>\n\t\t<\/section>\n\t\t\t\t<div class=\"elementor-element elementor-element-8667664 elementor-align-center elementor-widget elementor-widget-button\" data-id=\"8667664\" data-element_type=\"widget\" data-e-type=\"widget\" data-widget_type=\"button.default\">\n\t\t\t\t<div class=\"elementor-widget-container\">\n\t\t\t\t\t\t\t\t\t<div class=\"elementor-button-wrapper\">\n\t\t\t\t\t<a class=\"elementor-button elementor-button-link elementor-size-sm\" href=\"#form\">\n\t\t\t\t\t\t<span class=\"elementor-button-content-wrapper\">\n\t\t\t\t\t\t\t\t\t<span class=\"elementor-button-text\">Angebot erhalten<\/span>\n\t\t\t\t\t<\/span>\n\t\t\t\t\t<\/a>\n\t\t\t\t<\/div>\n\t\t\t\t\t\t\t\t<\/div>\n\t\t\t\t<\/div>\n\t\t\t\t\t<\/div>\n\t\t<\/div>\n\t\t\t\t\t<\/div>\n\t\t<\/section>\n\t\t\t\t<section class=\"elementor-section elementor-top-section elementor-element elementor-element-d0c0422 elementor-section-full_width elementor-section-height-default elementor-section-height-default\" data-id=\"d0c0422\" data-element_type=\"section\" data-e-type=\"section\">\n\t\t\t\t\t\t<div class=\"elementor-container elementor-column-gap-default\">\n\t\t\t\t\t<div class=\"elementor-column elementor-col-100 elementor-top-column elementor-element elementor-element-578c621\" data-id=\"578c621\" data-element_type=\"column\" data-e-type=\"column\">\n\t\t\t<div class=\"elementor-widget-wrap elementor-element-populated\">\n\t\t\t\t\t\t<div class=\"elementor-element elementor-element-ea80fa2 elementor-widget elementor-widget-heading\" data-id=\"ea80fa2\" data-element_type=\"widget\" data-e-type=\"widget\" data-widget_type=\"heading.default\">\n\t\t\t\t<div class=\"elementor-widget-container\">\n\t\t\t\t\t<div class=\"elementor-heading-title elementor-size-default\">Eine dynamische Silhouette, die von einem robusten und entschlossenen Charakter und einem ger\u00e4umigen Innenraum unterstrichen wird.<\/div>\t\t\t\t<\/div>\n\t\t\t\t<\/div>\n\t\t\t\t<section class=\"elementor-section elementor-inner-section elementor-element elementor-element-3591ba8 elementor-section-full_width elementor-section-height-default elementor-section-height-default\" data-id=\"3591ba8\" data-element_type=\"section\" data-e-type=\"section\">\n\t\t\t\t\t\t<div class=\"elementor-container elementor-column-gap-default\">\n\t\t\t\t\t<div class=\"elementor-column elementor-col-33 elementor-inner-column elementor-element elementor-element-1d3c440\" data-id=\"1d3c440\" data-element_type=\"column\" data-e-type=\"column\">\n\t\t\t<div class=\"elementor-widget-wrap elementor-element-populated\">\n\t\t\t\t\t\t<div class=\"elementor-element elementor-element-333451a elementor-widget elementor-widget-text-editor\" data-id=\"333451a\" data-element_type=\"widget\" data-e-type=\"widget\" data-widget_type=\"text-editor.default\">\n\t\t\t\t<div class=\"elementor-widget-container\">\n\t\t\t\t\t\t\t\t\t<p>Praktische und flexible Innenausstattung, die den Raum optimal nutzt<\/p>\t\t\t\t\t\t\t\t<\/div>\n\t\t\t\t<\/div>\n\t\t\t\t<div class=\"elementor-element elementor-element-af9da33 elementor-widget elementor-widget-video\" data-id=\"af9da33\" data-element_type=\"widget\" data-e-type=\"widget\" data-settings=\"{&quot;video_type&quot;:&quot;hosted&quot;,&quot;autoplay&quot;:&quot;yes&quot;,&quot;play_on_mobile&quot;:&quot;yes&quot;,&quot;mute&quot;:&quot;yes&quot;,&quot;loop&quot;:&quot;yes&quot;}\" data-widget_type=\"video.default\">\n\t\t\t\t<div class=\"elementor-widget-container\">\n\t\t\t\t\t\t\t<div class=\"e-hosted-video elementor-wrapper elementor-open-inline\">\n\t\t\t\t\t<video class=\"elementor-video\" src=\"https:\/\/ebac-auto.be\/wp-content\/uploads\/2024\/09\/kia_ev3_premiere_design_space_loop.mp4\" autoplay=\"\" loop=\"\" muted=\"muted\" playsinline=\"\" controlsList=\"nodownload\"><\/video>\n\t\t\t\t<\/div>\n\t\t\t\t\t\t<\/div>\n\t\t\t\t<\/div>\n\t\t\t\t\t<\/div>\n\t\t<\/div>\n\t\t\t\t<div class=\"elementor-column elementor-col-33 elementor-inner-column elementor-element elementor-element-9c02f20\" data-id=\"9c02f20\" data-element_type=\"column\" data-e-type=\"column\">\n\t\t\t<div class=\"elementor-widget-wrap elementor-element-populated\">\n\t\t\t\t\t\t<div class=\"elementor-element elementor-element-fbba533 elementor-widget elementor-widget-text-editor\" data-id=\"fbba533\" data-element_type=\"widget\" data-e-type=\"widget\" data-widget_type=\"text-editor.default\">\n\t\t\t\t<div class=\"elementor-widget-container\">\n\t\t\t\t\t\t\t\t\t<p>Eine verschiebbare Konsole mit cleveren Aufbewahrungsl\u00f6sungen<\/p>\t\t\t\t\t\t\t\t<\/div>\n\t\t\t\t<\/div>\n\t\t\t\t<div class=\"elementor-element elementor-element-f9bfead elementor-widget elementor-widget-video\" data-id=\"f9bfead\" data-element_type=\"widget\" data-e-type=\"widget\" data-settings=\"{&quot;video_type&quot;:&quot;hosted&quot;,&quot;autoplay&quot;:&quot;yes&quot;,&quot;play_on_mobile&quot;:&quot;yes&quot;,&quot;mute&quot;:&quot;yes&quot;,&quot;loop&quot;:&quot;yes&quot;}\" data-widget_type=\"video.default\">\n\t\t\t\t<div class=\"elementor-widget-container\">\n\t\t\t\t\t\t\t<div class=\"e-hosted-video elementor-wrapper elementor-open-inline\">\n\t\t\t\t\t<video class=\"elementor-video\" src=\"https:\/\/ebac-auto.be\/wp-content\/uploads\/2024\/09\/kia_ev3_premiere_design_console_loop.mp4\" autoplay=\"\" loop=\"\" muted=\"muted\" playsinline=\"\" controlsList=\"nodownload\"><\/video>\n\t\t\t\t<\/div>\n\t\t\t\t\t\t<\/div>\n\t\t\t\t<\/div>\n\t\t\t\t\t<\/div>\n\t\t<\/div>\n\t\t\t\t<div class=\"elementor-column elementor-col-33 elementor-inner-column elementor-element elementor-element-92d9608\" data-id=\"92d9608\" data-element_type=\"column\" data-e-type=\"column\">\n\t\t\t<div class=\"elementor-widget-wrap elementor-element-populated\">\n\t\t\t\t\t\t<div class=\"elementor-element elementor-element-3043164 elementor-widget elementor-widget-text-editor\" data-id=\"3043164\" data-element_type=\"widget\" data-e-type=\"widget\" data-widget_type=\"text-editor.default\">\n\t\t\t\t<div class=\"elementor-widget-container\">\n\t\t\t\t\t\t\t\t\t<p>Nachhaltige Materialien (Recycling und Biomaterialien)<\/p>\t\t\t\t\t\t\t\t<\/div>\n\t\t\t\t<\/div>\n\t\t\t\t<div class=\"elementor-element elementor-element-82ec214 elementor-widget elementor-widget-video\" data-id=\"82ec214\" data-element_type=\"widget\" data-e-type=\"widget\" data-settings=\"{&quot;video_type&quot;:&quot;hosted&quot;,&quot;autoplay&quot;:&quot;yes&quot;,&quot;play_on_mobile&quot;:&quot;yes&quot;,&quot;mute&quot;:&quot;yes&quot;,&quot;loop&quot;:&quot;yes&quot;}\" data-widget_type=\"video.default\">\n\t\t\t\t<div class=\"elementor-widget-container\">\n\t\t\t\t\t\t\t<div class=\"e-hosted-video elementor-wrapper elementor-open-inline\">\n\t\t\t\t\t<video class=\"elementor-video\" src=\"https:\/\/ebac-auto.be\/wp-content\/uploads\/2024\/09\/kia_ev3_premiere_design_material_loop.mp4\" autoplay=\"\" loop=\"\" muted=\"muted\" playsinline=\"\" controlsList=\"nodownload\"><\/video>\n\t\t\t\t<\/div>\n\t\t\t\t\t\t<\/div>\n\t\t\t\t<\/div>\n\t\t\t\t\t<\/div>\n\t\t<\/div>\n\t\t\t\t\t<\/div>\n\t\t<\/section>\n\t\t\t\t\t<\/div>\n\t\t<\/div>\n\t\t\t\t\t<\/div>\n\t\t<\/section>\n\t\t\t\t<section class=\"elementor-section elementor-top-section elementor-element elementor-element-c607385 elementor-section-boxed elementor-section-height-default elementor-section-height-default\" data-id=\"c607385\" data-element_type=\"section\" data-e-type=\"section\">\n\t\t\t\t\t\t<div class=\"elementor-container elementor-column-gap-default\">\n\t\t\t\t\t<div class=\"elementor-column elementor-col-100 elementor-top-column elementor-element elementor-element-7519cfa\" data-id=\"7519cfa\" data-element_type=\"column\" data-e-type=\"column\">\n\t\t\t<div class=\"elementor-widget-wrap elementor-element-populated\">\n\t\t\t\t\t\t<section class=\"elementor-section elementor-inner-section elementor-element elementor-element-9ea23c1 elementor-section-full_width elementor-section-height-default elementor-section-height-default\" data-id=\"9ea23c1\" data-element_type=\"section\" data-e-type=\"section\">\n\t\t\t\t\t\t<div class=\"elementor-container elementor-column-gap-default\">\n\t\t\t\t\t<div class=\"elementor-column elementor-col-50 elementor-inner-column elementor-element elementor-element-931cbdd\" data-id=\"931cbdd\" data-element_type=\"column\" data-e-type=\"column\">\n\t\t\t<div class=\"elementor-widget-wrap elementor-element-populated\">\n\t\t\t\t\t\t<div class=\"elementor-element elementor-element-f237e60 elementor-widget elementor-widget-video\" data-id=\"f237e60\" data-element_type=\"widget\" data-e-type=\"widget\" data-settings=\"{&quot;video_type&quot;:&quot;hosted&quot;,&quot;autoplay&quot;:&quot;yes&quot;,&quot;play_on_mobile&quot;:&quot;yes&quot;,&quot;mute&quot;:&quot;yes&quot;,&quot;loop&quot;:&quot;yes&quot;}\" data-widget_type=\"video.default\">\n\t\t\t\t<div class=\"elementor-widget-container\">\n\t\t\t\t\t\t\t<div class=\"e-hosted-video elementor-wrapper elementor-open-inline\">\n\t\t\t\t\t<video class=\"elementor-video\" src=\"https:\/\/ebac-auto.be\/wp-content\/uploads\/2024\/09\/kia_ev3_premiere_ai_loop.mp4\" autoplay=\"\" loop=\"\" muted=\"muted\" playsinline=\"\" controlsList=\"nodownload\"><\/video>\n\t\t\t\t<\/div>\n\t\t\t\t\t\t<\/div>\n\t\t\t\t<\/div>\n\t\t\t\t\t<\/div>\n\t\t<\/div>\n\t\t\t\t<div class=\"elementor-column elementor-col-50 elementor-inner-column elementor-element elementor-element-67015a5\" data-id=\"67015a5\" data-element_type=\"column\" data-e-type=\"column\">\n\t\t\t<div class=\"elementor-widget-wrap elementor-element-populated\">\n\t\t\t\t\t\t<div class=\"elementor-element elementor-element-e5183ca elementor-widget elementor-widget-heading\" data-id=\"e5183ca\" data-element_type=\"widget\" data-e-type=\"widget\" data-widget_type=\"heading.default\">\n\t\t\t\t<div class=\"elementor-widget-container\">\n\t\t\t\t\t<div class=\"elementor-heading-title elementor-size-default\">Kia KI-Assistent: Die Macht der Technologie, die Antwort auf alle Ihre Fragen<\/div>\t\t\t\t<\/div>\n\t\t\t\t<\/div>\n\t\t\t\t<div class=\"elementor-element elementor-element-a5df725 elementor-widget elementor-widget-text-editor\" data-id=\"a5df725\" data-element_type=\"widget\" data-e-type=\"widget\" data-widget_type=\"text-editor.default\">\n\t\t\t\t<div class=\"elementor-widget-container\">\n\t\t\t\t\t\t\t\t\t<h2><span style=\"color: var( --e-global-color-bafb67d ); font-size: 14px; font-weight: 300; letter-spacing: 0.1px;\">Der Kia KI-Assistent, der von generativer KI angetrieben wird, wurde entwickelt, um Ihnen ein intuitiveres und benutzerfreundlicheres Fahrerlebnis zu bieten.<\/span><\/h2><p>Wenn Sie sich nat\u00fcrlich ausdr\u00fccken, k\u00f6nnen Sie Informationen, Hilfe und Empfehlungen erhalten und von einem einfachen Frage-und-Antwort-Prozess profitieren.<\/p><p>Viele weitere Vorteile werden in K\u00fcrze \u00fcber OTA-Updates verf\u00fcgbar sein.<\/p>\t\t\t\t\t\t\t\t<\/div>\n\t\t\t\t<\/div>\n\t\t\t\t\t<\/div>\n\t\t<\/div>\n\t\t\t\t\t<\/div>\n\t\t<\/section>\n\t\t\t\t\t<\/div>\n\t\t<\/div>\n\t\t\t\t\t<\/div>\n\t\t<\/section>\n\t\t\t\t<section class=\"elementor-section elementor-top-section elementor-element elementor-element-9c901b7 elementor-section-boxed elementor-section-height-default elementor-section-height-default\" data-id=\"9c901b7\" data-element_type=\"section\" data-e-type=\"section\">\n\t\t\t\t\t\t<div class=\"elementor-container elementor-column-gap-default\">\n\t\t\t\t\t<div class=\"elementor-column elementor-col-100 elementor-top-column elementor-element elementor-element-ebd654a\" data-id=\"ebd654a\" data-element_type=\"column\" data-e-type=\"column\">\n\t\t\t<div class=\"elementor-widget-wrap elementor-element-populated\">\n\t\t\t\t\t\t<section class=\"elementor-section elementor-inner-section elementor-element elementor-element-a2adefa elementor-section-full_width elementor-reverse-tablet elementor-reverse-mobile elementor-section-height-default elementor-section-height-default\" data-id=\"a2adefa\" data-element_type=\"section\" data-e-type=\"section\">\n\t\t\t\t\t\t<div class=\"elementor-container elementor-column-gap-default\">\n\t\t\t\t\t<div class=\"elementor-column elementor-col-50 elementor-inner-column elementor-element elementor-element-35bf898\" data-id=\"35bf898\" data-element_type=\"column\" data-e-type=\"column\">\n\t\t\t<div class=\"elementor-widget-wrap elementor-element-populated\">\n\t\t\t\t\t\t<div class=\"elementor-element elementor-element-f4b47cb elementor-widget elementor-widget-heading\" data-id=\"f4b47cb\" data-element_type=\"widget\" data-e-type=\"widget\" data-widget_type=\"heading.default\">\n\t\t\t\t<div class=\"elementor-widget-container\">\n\t\t\t\t\t<div class=\"elementor-heading-title elementor-size-default\">Die wichtigsten Merkmale der EV-Modelle: die Kraft einer Ladung f\u00fcr unendliche M\u00f6glichkeiten.<\/div>\t\t\t\t<\/div>\n\t\t\t\t<\/div>\n\t\t\t\t<div class=\"elementor-element elementor-element-fa9c167 elementor-widget elementor-widget-text-editor\" data-id=\"fa9c167\" data-element_type=\"widget\" data-e-type=\"widget\" data-widget_type=\"text-editor.default\">\n\t\t\t\t<div class=\"elementor-widget-container\">\n\t\t\t\t\t\t\t\t\t<p>Mit dem EV3 k\u00f6nnen Sie Ihre t\u00e4glichen praktischen Bed\u00fcrfnisse erf\u00fcllen und gleichzeitig von einem nachhaltigen Lebensstil profitieren.<\/p><ul><li>  V2L-Steckdose im Fahrzeug und au\u00dfen (3,6 kWh)<\/li><li>Ihre tragbare Energiequelle f\u00fcr Ihre privaten und gesch\u00e4ftlichen elektronischen Ger\u00e4te<\/li><li>Reichweite von 600 km im reinen Elektrobetrieb<\/li><li>81,4 kWh Batteriekapazit\u00e4t und aerodynamisches Design mit 3D-Motorhaube.<\/li><li>i-Pedal 3.0<\/li><li>Fahren mit einem einzigen Pedal, das den Grad der regenerativen Bremsung an die individuellen Vorlieben anpasst.<\/li><\/ul>\t\t\t\t\t\t\t\t<\/div>\n\t\t\t\t<\/div>\n\t\t\t\t\t<\/div>\n\t\t<\/div>\n\t\t\t\t<div class=\"elementor-column elementor-col-50 elementor-inner-column elementor-element elementor-element-6c467e4\" data-id=\"6c467e4\" data-element_type=\"column\" data-e-type=\"column\">\n\t\t\t<div class=\"elementor-widget-wrap elementor-element-populated\">\n\t\t\t\t\t\t<div class=\"elementor-element elementor-element-9bb0a0a elementor-widget elementor-widget-video\" data-id=\"9bb0a0a\" data-element_type=\"widget\" data-e-type=\"widget\" data-settings=\"{&quot;video_type&quot;:&quot;hosted&quot;,&quot;autoplay&quot;:&quot;yes&quot;,&quot;play_on_mobile&quot;:&quot;yes&quot;,&quot;mute&quot;:&quot;yes&quot;,&quot;loop&quot;:&quot;yes&quot;}\" data-widget_type=\"video.default\">\n\t\t\t\t<div class=\"elementor-widget-container\">\n\t\t\t\t\t\t\t<div class=\"e-hosted-video elementor-wrapper elementor-open-inline\">\n\t\t\t\t\t<video class=\"elementor-video\" src=\"https:\/\/ebac-auto.be\/wp-content\/uploads\/2024\/09\/kia_ev3_premiere_features_loop.mp4\" autoplay=\"\" loop=\"\" muted=\"muted\" playsinline=\"\" controlsList=\"nodownload\"><\/video>\n\t\t\t\t<\/div>\n\t\t\t\t\t\t<\/div>\n\t\t\t\t<\/div>\n\t\t\t\t\t<\/div>\n\t\t<\/div>\n\t\t\t\t\t<\/div>\n\t\t<\/section>\n\t\t\t\t\t<\/div>\n\t\t<\/div>\n\t\t\t\t\t<\/div>\n\t\t<\/section>\n\t\t\t\t<section class=\"elementor-section elementor-top-section elementor-element elementor-element-3b46b9a elementor-section-boxed elementor-section-height-default elementor-section-height-default\" data-id=\"3b46b9a\" data-element_type=\"section\" data-e-type=\"section\">\n\t\t\t\t\t\t<div class=\"elementor-container elementor-column-gap-default\">\n\t\t\t\t\t<div class=\"elementor-column elementor-col-100 elementor-top-column elementor-element elementor-element-38212a1\" data-id=\"38212a1\" data-element_type=\"column\" data-e-type=\"column\">\n\t\t\t<div class=\"elementor-widget-wrap elementor-element-populated\">\n\t\t\t\t\t\t<div class=\"elementor-element elementor-element-2b6ec86 elementor-widget elementor-widget-heading\" data-id=\"2b6ec86\" data-element_type=\"widget\" data-e-type=\"widget\" data-widget_type=\"heading.default\">\n\t\t\t\t<div class=\"elementor-widget-container\">\n\t\t\t\t\t<h2 class=\"elementor-heading-title elementor-size-default\">Erkunden Sie den Kia EV3 in Bildern<\/h2>\t\t\t\t<\/div>\n\t\t\t\t<\/div>\n\t\t\t\t<section class=\"elementor-section elementor-inner-section elementor-element elementor-element-3ec7367 elementor-section-boxed elementor-section-height-default elementor-section-height-default\" data-id=\"3ec7367\" data-element_type=\"section\" data-e-type=\"section\">\n\t\t\t\t\t\t<div class=\"elementor-container elementor-column-gap-default\">\n\t\t\t\t\t<div class=\"elementor-column elementor-col-50 elementor-inner-column elementor-element elementor-element-40944e8\" data-id=\"40944e8\" data-element_type=\"column\" data-e-type=\"column\">\n\t\t\t<div class=\"elementor-widget-wrap elementor-element-populated\">\n\t\t\t\t\t\t<div class=\"elementor-element elementor-element-42bd487 elementor-widget elementor-widget-heading\" data-id=\"42bd487\" data-element_type=\"widget\" data-e-type=\"widget\" data-widget_type=\"heading.default\">\n\t\t\t\t<div class=\"elementor-widget-container\">\n\t\t\t\t\t<h2 class=\"elementor-heading-title elementor-size-default\">Au\u00dfen<\/h2>\t\t\t\t<\/div>\n\t\t\t\t<\/div>\n\t\t\t\t<div class=\"elementor-element elementor-element-4c43cc9 elementor-arrows-position-inside elementor-widget elementor-widget-image-carousel\" data-id=\"4c43cc9\" data-element_type=\"widget\" data-e-type=\"widget\" data-settings=\"{&quot;slides_to_show&quot;:&quot;1&quot;,&quot;navigation&quot;:&quot;arrows&quot;,&quot;lazyload&quot;:&quot;yes&quot;,&quot;autoplay_speed&quot;:2000,&quot;autoplay&quot;:&quot;yes&quot;,&quot;pause_on_hover&quot;:&quot;yes&quot;,&quot;pause_on_interaction&quot;:&quot;yes&quot;,&quot;infinite&quot;:&quot;yes&quot;,&quot;effect&quot;:&quot;slide&quot;,&quot;speed&quot;:500}\" data-widget_type=\"image-carousel.default\">\n\t\t\t\t<div class=\"elementor-widget-container\">\n\t\t\t\t\t\t\t<div class=\"elementor-image-carousel-wrapper swiper\" role=\"region\" aria-roledescription=\"carousel\" aria-label=\"Carrousel d\u2019images\" dir=\"ltr\">\n\t\t\t<div class=\"elementor-image-carousel swiper-wrapper swiper-image-stretch\" aria-live=\"off\">\n\t\t\t\t\t\t\t\t<div class=\"swiper-slide\" role=\"group\" aria-roledescription=\"slide\" aria-label=\"1 von 5\"><a data-elementor-open-lightbox=\"yes\" data-elementor-lightbox-slideshow=\"4c43cc9\" data-elementor-lightbox-title=\"EV3 - Front\" data-e-action-hash=\"#elementor-action%3Aaction%3Dlightbox%26settings%3DeyJpZCI6NDIyMiwidXJsIjoiaHR0cHM6XC9cL2ViYWMtYXV0by5iZVwvd3AtY29udGVudFwvdXBsb2Fkc1wvMjAyNFwvMDhcL0VWMy1Gcm9udC0xLmpwZyIsInNsaWRlc2hvdyI6IjRjNDNjYzkifQ%3D%3D\" href=\"https:\/\/ebac-auto.be\/wp-content\/uploads\/2024\/08\/EV3-Front-1.jpg\"><figure class=\"swiper-slide-inner\"><img class=\"swiper-slide-image swiper-lazy\" data-src=\"https:\/\/ebac-auto.be\/wp-content\/uploads\/2024\/08\/EV3-Front-1-768x432.jpg\" alt=\"EV3 - Front\" \/><div class=\"swiper-lazy-preloader\"><\/div><\/figure><\/a><\/div><div class=\"swiper-slide\" role=\"group\" aria-roledescription=\"slide\" aria-label=\"2 von 5\"><a data-elementor-open-lightbox=\"yes\" data-elementor-lightbox-slideshow=\"4c43cc9\" data-elementor-lightbox-title=\"EV3 - 3-4 back top\" data-e-action-hash=\"#elementor-action%3Aaction%3Dlightbox%26settings%3DeyJpZCI6NDIxNiwidXJsIjoiaHR0cHM6XC9cL2ViYWMtYXV0by5iZVwvd3AtY29udGVudFwvdXBsb2Fkc1wvMjAyNFwvMDhcL0VWMy0zLTQtYmFjay10b3AtMS5qcGciLCJzbGlkZXNob3ciOiI0YzQzY2M5In0%3D\" href=\"https:\/\/ebac-auto.be\/wp-content\/uploads\/2024\/08\/EV3-3-4-back-top-1.jpg\"><figure class=\"swiper-slide-inner\"><img class=\"swiper-slide-image swiper-lazy\" data-src=\"https:\/\/ebac-auto.be\/wp-content\/uploads\/2024\/08\/EV3-3-4-back-top-1-768x432.jpg\" alt=\"EV3 - 3-4 back top\" \/><div class=\"swiper-lazy-preloader\"><\/div><\/figure><\/a><\/div><div class=\"swiper-slide\" role=\"group\" aria-roledescription=\"slide\" aria-label=\"3 von 5\"><a data-elementor-open-lightbox=\"yes\" data-elementor-lightbox-slideshow=\"4c43cc9\" data-elementor-lightbox-title=\"EV3 - Double PS (3)\" data-e-action-hash=\"#elementor-action%3Aaction%3Dlightbox%26settings%3DeyJpZCI6NDI4MywidXJsIjoiaHR0cHM6XC9cL2ViYWMtYXV0by5iZVwvd3AtY29udGVudFwvdXBsb2Fkc1wvMjAyNFwvMDhcL0VWMy1Eb3VibGUtUFMtMy0xLmpwZyIsInNsaWRlc2hvdyI6IjRjNDNjYzkifQ%3D%3D\" href=\"https:\/\/ebac-auto.be\/wp-content\/uploads\/2024\/08\/EV3-Double-PS-3-1.jpg\"><figure class=\"swiper-slide-inner\"><img class=\"swiper-slide-image swiper-lazy\" data-src=\"https:\/\/ebac-auto.be\/wp-content\/uploads\/2024\/08\/EV3-Double-PS-3-1-768x432.jpg\" alt=\"EV3 - Double PS (3)\" \/><div class=\"swiper-lazy-preloader\"><\/div><\/figure><\/a><\/div><div class=\"swiper-slide\" role=\"group\" aria-roledescription=\"slide\" aria-label=\"4 von 5\"><a data-elementor-open-lightbox=\"yes\" data-elementor-lightbox-slideshow=\"4c43cc9\" data-elementor-lightbox-title=\"EV3 - Back talent\" data-e-action-hash=\"#elementor-action%3Aaction%3Dlightbox%26settings%3DeyJpZCI6NDI4NSwidXJsIjoiaHR0cHM6XC9cL2ViYWMtYXV0by5iZVwvd3AtY29udGVudFwvdXBsb2Fkc1wvMjAyNFwvMDhcL0VWMy1CYWNrLXRhbGVudC0yLmpwZyIsInNsaWRlc2hvdyI6IjRjNDNjYzkifQ%3D%3D\" href=\"https:\/\/ebac-auto.be\/wp-content\/uploads\/2024\/08\/EV3-Back-talent-2.jpg\"><figure class=\"swiper-slide-inner\"><img class=\"swiper-slide-image swiper-lazy\" data-src=\"https:\/\/ebac-auto.be\/wp-content\/uploads\/2024\/08\/EV3-Back-talent-2-768x432.jpg\" alt=\"EV3 - Back talent\" \/><div class=\"swiper-lazy-preloader\"><\/div><\/figure><\/a><\/div><div class=\"swiper-slide\" role=\"group\" aria-roledescription=\"slide\" aria-label=\"5 von 5\"><a data-elementor-open-lightbox=\"yes\" data-elementor-lightbox-slideshow=\"4c43cc9\" data-elementor-lightbox-title=\"EV3 - Top talent\" data-e-action-hash=\"#elementor-action%3Aaction%3Dlightbox%26settings%3DeyJpZCI6NDI4NywidXJsIjoiaHR0cHM6XC9cL2ViYWMtYXV0by5iZVwvd3AtY29udGVudFwvdXBsb2Fkc1wvMjAyNFwvMDhcL0VWMy1Ub3AtdGFsZW50LTIuanBnIiwic2xpZGVzaG93IjoiNGM0M2NjOSJ9\" href=\"https:\/\/ebac-auto.be\/wp-content\/uploads\/2024\/08\/EV3-Top-talent-2.jpg\"><figure class=\"swiper-slide-inner\"><img class=\"swiper-slide-image swiper-lazy\" data-src=\"https:\/\/ebac-auto.be\/wp-content\/uploads\/2024\/08\/EV3-Top-talent-2-768x434.jpg\" alt=\"EV3 - Top talent\" \/><div class=\"swiper-lazy-preloader\"><\/div><\/figure><\/a><\/div>\t\t\t<\/div>\n\t\t\t\t\t\t\t\t\t\t\t\t<div class=\"elementor-swiper-button elementor-swiper-button-prev\" role=\"button\" tabindex=\"0\">\n\t\t\t\t\t\t<i aria-hidden=\"true\" class=\"eicon-chevron-left\"><\/i>\t\t\t\t\t<\/div>\n\t\t\t\t\t<div class=\"elementor-swiper-button elementor-swiper-button-next\" role=\"button\" tabindex=\"0\">\n\t\t\t\t\t\t<i aria-hidden=\"true\" class=\"eicon-chevron-right\"><\/i>\t\t\t\t\t<\/div>\n\t\t\t\t\n\t\t\t\t\t\t\t\t\t<\/div>\n\t\t\t\t\t\t<\/div>\n\t\t\t\t<\/div>\n\t\t\t\t\t<\/div>\n\t\t<\/div>\n\t\t\t\t<div class=\"elementor-column elementor-col-50 elementor-inner-column elementor-element elementor-element-45971c9\" data-id=\"45971c9\" data-element_type=\"column\" data-e-type=\"column\">\n\t\t\t<div class=\"elementor-widget-wrap elementor-element-populated\">\n\t\t\t\t\t\t<div class=\"elementor-element elementor-element-a03a9f5 elementor-widget elementor-widget-heading\" data-id=\"a03a9f5\" data-element_type=\"widget\" data-e-type=\"widget\" data-widget_type=\"heading.default\">\n\t\t\t\t<div class=\"elementor-widget-container\">\n\t\t\t\t\t<h2 class=\"elementor-heading-title elementor-size-default\">Innen<\/h2>\t\t\t\t<\/div>\n\t\t\t\t<\/div>\n\t\t\t\t<div class=\"elementor-element elementor-element-acf1b89 elementor-arrows-position-inside elementor-widget elementor-widget-image-carousel\" data-id=\"acf1b89\" data-element_type=\"widget\" data-e-type=\"widget\" data-settings=\"{&quot;slides_to_show&quot;:&quot;1&quot;,&quot;navigation&quot;:&quot;arrows&quot;,&quot;lazyload&quot;:&quot;yes&quot;,&quot;autoplay_speed&quot;:2000,&quot;autoplay&quot;:&quot;yes&quot;,&quot;pause_on_hover&quot;:&quot;yes&quot;,&quot;pause_on_interaction&quot;:&quot;yes&quot;,&quot;infinite&quot;:&quot;yes&quot;,&quot;effect&quot;:&quot;slide&quot;,&quot;speed&quot;:500}\" data-widget_type=\"image-carousel.default\">\n\t\t\t\t<div class=\"elementor-widget-container\">\n\t\t\t\t\t\t\t<div class=\"elementor-image-carousel-wrapper swiper\" role=\"region\" aria-roledescription=\"carousel\" aria-label=\"Carrousel d\u2019images\" dir=\"ltr\">\n\t\t\t<div class=\"elementor-image-carousel swiper-wrapper swiper-image-stretch\" aria-live=\"off\">\n\t\t\t\t\t\t\t\t<div class=\"swiper-slide\" role=\"group\" aria-roledescription=\"slide\" aria-label=\"1 von 4\"><a data-elementor-open-lightbox=\"yes\" data-elementor-lightbox-slideshow=\"acf1b89\" data-elementor-lightbox-title=\"kia-ev3-gtl-premiere-highlight-06\" data-e-action-hash=\"#elementor-action%3Aaction%3Dlightbox%26settings%3DeyJpZCI6NDIyNiwidXJsIjoiaHR0cHM6XC9cL2ViYWMtYXV0by5iZVwvd3AtY29udGVudFwvdXBsb2Fkc1wvMjAyNFwvMDhcL2tpYS1ldjMtZ3RsLXByZW1pZXJlLWhpZ2hsaWdodC0wNi5qcGciLCJzbGlkZXNob3ciOiJhY2YxYjg5In0%3D\" href=\"https:\/\/ebac-auto.be\/wp-content\/uploads\/2024\/08\/kia-ev3-gtl-premiere-highlight-06.jpg\"><figure class=\"swiper-slide-inner\"><img class=\"swiper-slide-image swiper-lazy\" data-src=\"https:\/\/ebac-auto.be\/wp-content\/uploads\/2024\/08\/kia-ev3-gtl-premiere-highlight-06-768x432.jpg\" alt=\"kia-ev3-gtl-premiere-highlight-06\" \/><div class=\"swiper-lazy-preloader\"><\/div><\/figure><\/a><\/div><div class=\"swiper-slide\" role=\"group\" aria-roledescription=\"slide\" aria-label=\"2 von 4\"><a data-elementor-open-lightbox=\"yes\" data-elementor-lightbox-slideshow=\"acf1b89\" data-elementor-lightbox-title=\"kia-ev3-premiere-highlight-05\" data-e-action-hash=\"#elementor-action%3Aaction%3Dlightbox%26settings%3DeyJpZCI6NDIyOCwidXJsIjoiaHR0cHM6XC9cL2ViYWMtYXV0by5iZVwvd3AtY29udGVudFwvdXBsb2Fkc1wvMjAyNFwvMDhcL2tpYS1ldjMtcHJlbWllcmUtaGlnaGxpZ2h0LTA1LTIuanBnIiwic2xpZGVzaG93IjoiYWNmMWI4OSJ9\" href=\"https:\/\/ebac-auto.be\/wp-content\/uploads\/2024\/08\/kia-ev3-premiere-highlight-05-2.jpg\"><figure class=\"swiper-slide-inner\"><img class=\"swiper-slide-image swiper-lazy\" data-src=\"https:\/\/ebac-auto.be\/wp-content\/uploads\/2024\/08\/kia-ev3-premiere-highlight-05-2-768x432.jpg\" alt=\"kia-ev3-premiere-highlight-05\" \/><div class=\"swiper-lazy-preloader\"><\/div><\/figure><\/a><\/div><div class=\"swiper-slide\" role=\"group\" aria-roledescription=\"slide\" aria-label=\"3 von 4\"><a data-elementor-open-lightbox=\"yes\" data-elementor-lightbox-slideshow=\"acf1b89\" data-elementor-lightbox-title=\"kia-ev3-premiere-highlight-06\" data-e-action-hash=\"#elementor-action%3Aaction%3Dlightbox%26settings%3DeyJpZCI6NDIzMCwidXJsIjoiaHR0cHM6XC9cL2ViYWMtYXV0by5iZVwvd3AtY29udGVudFwvdXBsb2Fkc1wvMjAyNFwvMDhcL2tpYS1ldjMtcHJlbWllcmUtaGlnaGxpZ2h0LTA2LTEuanBnIiwic2xpZGVzaG93IjoiYWNmMWI4OSJ9\" href=\"https:\/\/ebac-auto.be\/wp-content\/uploads\/2024\/08\/kia-ev3-premiere-highlight-06-1.jpg\"><figure class=\"swiper-slide-inner\"><img class=\"swiper-slide-image swiper-lazy\" data-src=\"https:\/\/ebac-auto.be\/wp-content\/uploads\/2024\/08\/kia-ev3-premiere-highlight-06-1-768x432.jpg\" alt=\"kia-ev3-premiere-highlight-06\" \/><div class=\"swiper-lazy-preloader\"><\/div><\/figure><\/a><\/div><div class=\"swiper-slide\" role=\"group\" aria-roledescription=\"slide\" aria-label=\"4 von 4\"><a data-elementor-open-lightbox=\"yes\" data-elementor-lightbox-slideshow=\"acf1b89\" data-elementor-lightbox-title=\"kia-ev3-premiere-technology-pano-display-1920x1080-w\" data-e-action-hash=\"#elementor-action%3Aaction%3Dlightbox%26settings%3DeyJpZCI6NDIzMiwidXJsIjoiaHR0cHM6XC9cL2ViYWMtYXV0by5iZVwvd3AtY29udGVudFwvdXBsb2Fkc1wvMjAyNFwvMDhcL2tpYS1ldjMtcHJlbWllcmUtdGVjaG5vbG9neS1wYW5vLWRpc3BsYXktMTkyMHgxMDgwLXctMS5qcGciLCJzbGlkZXNob3ciOiJhY2YxYjg5In0%3D\" href=\"https:\/\/ebac-auto.be\/wp-content\/uploads\/2024\/08\/kia-ev3-premiere-technology-pano-display-1920x1080-w-1.jpg\"><figure class=\"swiper-slide-inner\"><img class=\"swiper-slide-image swiper-lazy\" data-src=\"https:\/\/ebac-auto.be\/wp-content\/uploads\/2024\/08\/kia-ev3-premiere-technology-pano-display-1920x1080-w-1-768x432.jpg\" alt=\"kia-ev3-premiere-technology-pano-display-1920x1080-w\" \/><div class=\"swiper-lazy-preloader\"><\/div><\/figure><\/a><\/div>\t\t\t<\/div>\n\t\t\t\t\t\t\t\t\t\t\t\t<div class=\"elementor-swiper-button elementor-swiper-button-prev\" role=\"button\" tabindex=\"0\">\n\t\t\t\t\t\t<i aria-hidden=\"true\" class=\"eicon-chevron-left\"><\/i>\t\t\t\t\t<\/div>\n\t\t\t\t\t<div class=\"elementor-swiper-button elementor-swiper-button-next\" role=\"button\" tabindex=\"0\">\n\t\t\t\t\t\t<i aria-hidden=\"true\" class=\"eicon-chevron-right\"><\/i>\t\t\t\t\t<\/div>\n\t\t\t\t\n\t\t\t\t\t\t\t\t\t<\/div>\n\t\t\t\t\t\t<\/div>\n\t\t\t\t<\/div>\n\t\t\t\t\t<\/div>\n\t\t<\/div>\n\t\t\t\t\t<\/div>\n\t\t<\/section>\n\t\t\t\t<div class=\"elementor-element elementor-element-bedb376 elementor-align-center elementor-widget elementor-widget-button\" data-id=\"bedb376\" data-element_type=\"widget\" data-e-type=\"widget\" data-widget_type=\"button.default\">\n\t\t\t\t<div class=\"elementor-widget-container\">\n\t\t\t\t\t\t\t\t\t<div class=\"elementor-button-wrapper\">\n\t\t\t\t\t<a class=\"elementor-button elementor-button-link elementor-size-sm\" href=\"#form\">\n\t\t\t\t\t\t<span class=\"elementor-button-content-wrapper\">\n\t\t\t\t\t\t\t\t\t<span class=\"elementor-button-text\">Das interessiert mich<\/span>\n\t\t\t\t\t<\/span>\n\t\t\t\t\t<\/a>\n\t\t\t\t<\/div>\n\t\t\t\t\t\t\t\t<\/div>\n\t\t\t\t<\/div>\n\t\t\t\t\t<\/div>\n\t\t<\/div>\n\t\t\t\t\t<\/div>\n\t\t<\/section>\n\t\t\t\t<section class=\"elementor-section elementor-top-section elementor-element elementor-element-57c522a elementor-section-boxed elementor-section-height-default elementor-section-height-default\" data-id=\"57c522a\" data-element_type=\"section\" data-e-type=\"section\">\n\t\t\t\t\t\t<div class=\"elementor-container elementor-column-gap-default\">\n\t\t\t\t\t<div class=\"elementor-column elementor-col-100 elementor-top-column elementor-element elementor-element-acb4b36\" data-id=\"acb4b36\" data-element_type=\"column\" data-e-type=\"column\">\n\t\t\t<div class=\"elementor-widget-wrap elementor-element-populated\">\n\t\t\t\t\t\t<div class=\"elementor-element elementor-element-fd610e0 elementor-widget elementor-widget-shortcode\" data-id=\"fd610e0\" data-element_type=\"widget\" data-e-type=\"widget\" data-widget_type=\"shortcode.default\">\n\t\t\t\t<div class=\"elementor-widget-container\">\n\t\t\t\t\t\t\t<div class=\"elementor-shortcode\"><div id=\"stock\"><\/div><div class=\"car_stock\"><div class=\"elementor-element elementor-element-a8de58a elementor-widget elementor-widget-heading\" data-id=\"a8de58a\" data-element_type=\"widget\" data-widget_type=\"heading.default\"><div class=\"elementor-widget-container\"><h2 class=\"elementor-heading-title elementor-size-default\">Unsere Kia EV3 auf Lager<\/h2><\/div><\/div><section class=\"elementor-section elementor-inner-section elementor-element elementor-element-28bf780 elementor-section-boxed elementor-section-height-default elementor-section-height-default\" data-id=\"28bf780\" data-element_type=\"section\"><div class=\"elementor-container elementor-column-gap-default\">    <a href=\"https:\/\/www.caralliance.be\/vehicule\/kia-ev3-earth-58-3kwh-fwd-368549\/\" target=\"_blank\" class=\"car-link\">\n        <div class=\"elementor-column elementor-col-33 elementor-inner-column elementor-element animated fadeIn\" \n             data-settings=\"{&quot;animation&quot;:&quot;fadeIn&quot;,&quot;animation_delay&quot;:500}\">\n            <div class=\"elementor-widget-wrap elementor-element-populated\">\n                \n                <!-- Image du v\u00e9hicule -->\n                <div class=\"elementor-widget elementor-widget-image\">\n                    <div class=\"elementor-widget-container\">\n                        \n                                                            <img decoding=\"async\" \n                                src=\"https:\/\/www.caralliance.be\/wp-content\/uploads\/webwhatsapp-1.png\" \n                                title=\"KIA EV3 Earth 58.3kWh FWD\" \n                                alt=\"KIA EV3 Earth 58.3kWh FWD\" \n                                loading=\"lazy\">\n                            \n                        \n                        <div class=\"price\">35.990,00 \u20ac<\/div>\n                    <\/div>\n                <\/div>\n\n                <!-- Titre du v\u00e9hicule -->\n                <div class=\"elementor-widget elementor-widget-heading\">\n                    <div class=\"elementor-widget-container\">\n                        <h3 class=\"elementor-heading-title elementor-size-default\">\n                            KIA EV3                                                            <br\/><span class=\"car-version\">Earth<\/span>\n                                                    <\/h3>\n                    <\/div>\n                <\/div>\n\n                <!-- Liste des \u00e9l\u00e9ments -->\n                <div class=\"elementor-widget-container infos\">\n                    <ul class=\"elementor-icon-list-items\">\n                        \n                        <!-- Moteur -->\n                        <li class=\"elementor-icon-list-item\">\n                            <span class=\"elementor-icon-list-icon\">\n                                <i aria-hidden=\"true\" class=\"fas fa-cogs\"><\/i> <!-- Ic\u00f4ne moteur -->\n                            <\/span>\n                            <span class=\"elementor-icon-list-text elementor-inline-editing\" \n                                  data-elementor-setting-key=\"icon_list.0.text\">\n                                  58.3 kWh Standard Range                            <\/span>\n                        <\/li>\n                        \n                        <!-- Date d'immatriculation -->\n                        <li class=\"elementor-icon-list-item\">\n                            <span class=\"elementor-icon-list-icon\">\n                                <i aria-hidden=\"true\" class=\"fas fa-calendar-alt\"><\/i> <!-- Ic\u00f4ne date -->\n                            <\/span>\n                            <span class=\"elementor-icon-list-text elementor-inline-editing\" \n                                  data-elementor-setting-key=\"icon_list.1.text\">\n                                  -                            <\/span>\n                        <\/li>\n\n                        <!-- Kilom\u00e9trage -->\n                        <li class=\"elementor-icon-list-item\">\n                            <span class=\"elementor-icon-list-icon\">\n                                <i aria-hidden=\"true\" class=\"fas fa-tachometer-alt\"><\/i> <!-- Ic\u00f4ne kilom\u00e9trage -->\n                            <\/span>\n                            <span class=\"elementor-icon-list-text elementor-inline-editing\" \n                                  data-elementor-setting-key=\"icon_list.2.text\">\n                                  10 km\n                            <\/span>\n                        <\/li>\n                    <\/ul>\n                <\/div>\n\n                <!-- Bouton -->\n                <div class=\"elementor-widget elementor-align-center elementor-widget-button\">\n                    <div class=\"elementor-widget-container\">\n                        <div class=\"elementor-button-wrapper\">\n                            <a class=\"elementor-button elementor-button-link elementor-size-sm\" \n                               href=\"https:\/\/www.caralliance.be\/vehicule\/kia-ev3-earth-58-3kwh-fwd-368549\/\" target=\"_blank\">\n                                <span class=\"elementor-button-content-wrapper\">\n                                    <span class=\"elementor-button-text\">\n                                        Mehr erfahren                                    <\/span>\n                                <\/span>\n                            <\/a>\n                        <\/div>\n                    <\/div>\n                <\/div>\n            <\/div>\n        <\/div>\n    <\/a>\n    <a href=\"https:\/\/www.caralliance.be\/vehicule\/kia-ev3-business-814-kwh-fwd-371154\/\" target=\"_blank\" class=\"car-link\">\n        <div class=\"elementor-column elementor-col-33 elementor-inner-column elementor-element animated fadeIn\" \n             data-settings=\"{&quot;animation&quot;:&quot;fadeIn&quot;,&quot;animation_delay&quot;:1000}\">\n            <div class=\"elementor-widget-wrap elementor-element-populated\">\n                \n                <!-- Image du v\u00e9hicule -->\n                <div class=\"elementor-widget elementor-widget-image\">\n                    <div class=\"elementor-widget-container\">\n                        \n                                                            <img decoding=\"async\" \n                                src=\"https:\/\/www.caralliance.be\/wp-content\/uploads\/webwhatsapp.png\" \n                                title=\"KIA EV3 Business 81,4 kWh FWD\" \n                                alt=\"KIA EV3 Business 81,4 kWh FWD\" \n                                loading=\"lazy\">\n                            \n                        \n                        <div class=\"price\">39.290,00 \u20ac<\/div>\n                    <\/div>\n                <\/div>\n\n                <!-- Titre du v\u00e9hicule -->\n                <div class=\"elementor-widget elementor-widget-heading\">\n                    <div class=\"elementor-widget-container\">\n                        <h3 class=\"elementor-heading-title elementor-size-default\">\n                            KIA EV3                                                            <br\/><span class=\"car-version\">BUSINESS<\/span>\n                                                    <\/h3>\n                    <\/div>\n                <\/div>\n\n                <!-- Liste des \u00e9l\u00e9ments -->\n                <div class=\"elementor-widget-container infos\">\n                    <ul class=\"elementor-icon-list-items\">\n                        \n                        <!-- Moteur -->\n                        <li class=\"elementor-icon-list-item\">\n                            <span class=\"elementor-icon-list-icon\">\n                                <i aria-hidden=\"true\" class=\"fas fa-cogs\"><\/i> <!-- Ic\u00f4ne moteur -->\n                            <\/span>\n                            <span class=\"elementor-icon-list-text elementor-inline-editing\" \n                                  data-elementor-setting-key=\"icon_list.0.text\">\n                                  81.4 kWh Long Range                            <\/span>\n                        <\/li>\n                        \n                        <!-- Date d'immatriculation -->\n                        <li class=\"elementor-icon-list-item\">\n                            <span class=\"elementor-icon-list-icon\">\n                                <i aria-hidden=\"true\" class=\"fas fa-calendar-alt\"><\/i> <!-- Ic\u00f4ne date -->\n                            <\/span>\n                            <span class=\"elementor-icon-list-text elementor-inline-editing\" \n                                  data-elementor-setting-key=\"icon_list.1.text\">\n                                  -                            <\/span>\n                        <\/li>\n\n                        <!-- Kilom\u00e9trage -->\n                        <li class=\"elementor-icon-list-item\">\n                            <span class=\"elementor-icon-list-icon\">\n                                <i aria-hidden=\"true\" class=\"fas fa-tachometer-alt\"><\/i> <!-- Ic\u00f4ne kilom\u00e9trage -->\n                            <\/span>\n                            <span class=\"elementor-icon-list-text elementor-inline-editing\" \n                                  data-elementor-setting-key=\"icon_list.2.text\">\n                                  10 km\n                            <\/span>\n                        <\/li>\n                    <\/ul>\n                <\/div>\n\n                <!-- Bouton -->\n                <div class=\"elementor-widget elementor-align-center elementor-widget-button\">\n                    <div class=\"elementor-widget-container\">\n                        <div class=\"elementor-button-wrapper\">\n                            <a class=\"elementor-button elementor-button-link elementor-size-sm\" \n                               href=\"https:\/\/www.caralliance.be\/vehicule\/kia-ev3-business-814-kwh-fwd-371154\/\" target=\"_blank\">\n                                <span class=\"elementor-button-content-wrapper\">\n                                    <span class=\"elementor-button-text\">\n                                        Mehr erfahren                                    <\/span>\n                                <\/span>\n                            <\/a>\n                        <\/div>\n                    <\/div>\n                <\/div>\n            <\/div>\n        <\/div>\n    <\/a>\n    <a href=\"https:\/\/www.caralliance.be\/vehicule\/kia-ev3-business-plus-81-4kwh-fwd-331179\/\" target=\"_blank\" class=\"car-link\">\n        <div class=\"elementor-column elementor-col-33 elementor-inner-column elementor-element animated fadeIn\" \n             data-settings=\"{&quot;animation&quot;:&quot;fadeIn&quot;,&quot;animation_delay&quot;:1500}\">\n            <div class=\"elementor-widget-wrap elementor-element-populated\">\n                \n                <!-- Image du v\u00e9hicule -->\n                <div class=\"elementor-widget elementor-widget-image\">\n                    <div class=\"elementor-widget-container\">\n                        \n                                                            <img decoding=\"async\" \n                                src=\"https:\/\/www.caralliance.be\/wp-content\/uploads\/kia.jpg\" \n                                title=\"KIA EV3 Business Plus 81.4kWh FWD\" \n                                alt=\"KIA EV3 Business Plus 81.4kWh FWD\" \n                                loading=\"lazy\">\n                            \n                        \n                        <div class=\"price\">43.490,00 \u20ac<\/div>\n                    <\/div>\n                <\/div>\n\n                <!-- Titre du v\u00e9hicule -->\n                <div class=\"elementor-widget elementor-widget-heading\">\n                    <div class=\"elementor-widget-container\">\n                        <h3 class=\"elementor-heading-title elementor-size-default\">\n                            KIA EV3                                                            <br\/><span class=\"car-version\">Business plus <\/span>\n                                                    <\/h3>\n                    <\/div>\n                <\/div>\n\n                <!-- Liste des \u00e9l\u00e9ments -->\n                <div class=\"elementor-widget-container infos\">\n                    <ul class=\"elementor-icon-list-items\">\n                        \n                        <!-- Moteur -->\n                        <li class=\"elementor-icon-list-item\">\n                            <span class=\"elementor-icon-list-icon\">\n                                <i aria-hidden=\"true\" class=\"fas fa-cogs\"><\/i> <!-- Ic\u00f4ne moteur -->\n                            <\/span>\n                            <span class=\"elementor-icon-list-text elementor-inline-editing\" \n                                  data-elementor-setting-key=\"icon_list.0.text\">\n                                  81.4 kWh Long Range                            <\/span>\n                        <\/li>\n                        \n                        <!-- Date d'immatriculation -->\n                        <li class=\"elementor-icon-list-item\">\n                            <span class=\"elementor-icon-list-icon\">\n                                <i aria-hidden=\"true\" class=\"fas fa-calendar-alt\"><\/i> <!-- Ic\u00f4ne date -->\n                            <\/span>\n                            <span class=\"elementor-icon-list-text elementor-inline-editing\" \n                                  data-elementor-setting-key=\"icon_list.1.text\">\n                                  20\/11\/2024                            <\/span>\n                        <\/li>\n\n                        <!-- Kilom\u00e9trage -->\n                        <li class=\"elementor-icon-list-item\">\n                            <span class=\"elementor-icon-list-icon\">\n                                <i aria-hidden=\"true\" class=\"fas fa-tachometer-alt\"><\/i> <!-- Ic\u00f4ne kilom\u00e9trage -->\n                            <\/span>\n                            <span class=\"elementor-icon-list-text elementor-inline-editing\" \n                                  data-elementor-setting-key=\"icon_list.2.text\">\n                                  14829 km\n                            <\/span>\n                        <\/li>\n                    <\/ul>\n                <\/div>\n\n                <!-- Bouton -->\n                <div class=\"elementor-widget elementor-align-center elementor-widget-button\">\n                    <div class=\"elementor-widget-container\">\n                        <div class=\"elementor-button-wrapper\">\n                            <a class=\"elementor-button elementor-button-link elementor-size-sm\" \n                               href=\"https:\/\/www.caralliance.be\/vehicule\/kia-ev3-business-plus-81-4kwh-fwd-331179\/\" target=\"_blank\">\n                                <span class=\"elementor-button-content-wrapper\">\n                                    <span class=\"elementor-button-text\">\n                                        Mehr erfahren                                    <\/span>\n                                <\/span>\n                            <\/a>\n                        <\/div>\n                    <\/div>\n                <\/div>\n            <\/div>\n        <\/div>\n    <\/a>\n<\/div><\/section><section class=\"elementor-section elementor-inner-section elementor-element elementor-element-28bf780 elementor-section-boxed elementor-section-height-default elementor-section-height-default\" data-id=\"28bf780\" data-element_type=\"section\"><div class=\"elementor-container elementor-column-gap-default\">    <a href=\"https:\/\/www.caralliance.be\/vehicule\/kia-ev3-business-plus-81-4kwh-fwd-371170\/\" target=\"_blank\" class=\"car-link\">\n        <div class=\"elementor-column elementor-col-33 elementor-inner-column elementor-element animated fadeIn\" \n             data-settings=\"{&quot;animation&quot;:&quot;fadeIn&quot;,&quot;animation_delay&quot;:2000}\">\n            <div class=\"elementor-widget-wrap elementor-element-populated\">\n                \n                <!-- Image du v\u00e9hicule -->\n                <div class=\"elementor-widget elementor-widget-image\">\n                    <div class=\"elementor-widget-container\">\n                        \n                                                            <img decoding=\"async\" \n                                src=\"https:\/\/www.caralliance.be\/wp-content\/uploads\/whatsapp-image-2026-02-16-at-131707.jpeg\" \n                                title=\"KIA EV3 Business Plus 81.4kWh FWD\" \n                                alt=\"KIA EV3 Business Plus 81.4kWh FWD\" \n                                loading=\"lazy\">\n                            \n                        \n                        <div class=\"price\">43.790,00 \u20ac<\/div>\n                    <\/div>\n                <\/div>\n\n                <!-- Titre du v\u00e9hicule -->\n                <div class=\"elementor-widget elementor-widget-heading\">\n                    <div class=\"elementor-widget-container\">\n                        <h3 class=\"elementor-heading-title elementor-size-default\">\n                            KIA EV3                                                            <br\/><span class=\"car-version\">Business plus <\/span>\n                                                    <\/h3>\n                    <\/div>\n                <\/div>\n\n                <!-- Liste des \u00e9l\u00e9ments -->\n                <div class=\"elementor-widget-container infos\">\n                    <ul class=\"elementor-icon-list-items\">\n                        \n                        <!-- Moteur -->\n                        <li class=\"elementor-icon-list-item\">\n                            <span class=\"elementor-icon-list-icon\">\n                                <i aria-hidden=\"true\" class=\"fas fa-cogs\"><\/i> <!-- Ic\u00f4ne moteur -->\n                            <\/span>\n                            <span class=\"elementor-icon-list-text elementor-inline-editing\" \n                                  data-elementor-setting-key=\"icon_list.0.text\">\n                                  81.4 kWh Long Range                            <\/span>\n                        <\/li>\n                        \n                        <!-- Date d'immatriculation -->\n                        <li class=\"elementor-icon-list-item\">\n                            <span class=\"elementor-icon-list-icon\">\n                                <i aria-hidden=\"true\" class=\"fas fa-calendar-alt\"><\/i> <!-- Ic\u00f4ne date -->\n                            <\/span>\n                            <span class=\"elementor-icon-list-text elementor-inline-editing\" \n                                  data-elementor-setting-key=\"icon_list.1.text\">\n                                  -                            <\/span>\n                        <\/li>\n\n                        <!-- Kilom\u00e9trage -->\n                        <li class=\"elementor-icon-list-item\">\n                            <span class=\"elementor-icon-list-icon\">\n                                <i aria-hidden=\"true\" class=\"fas fa-tachometer-alt\"><\/i> <!-- Ic\u00f4ne kilom\u00e9trage -->\n                            <\/span>\n                            <span class=\"elementor-icon-list-text elementor-inline-editing\" \n                                  data-elementor-setting-key=\"icon_list.2.text\">\n                                  10 km\n                            <\/span>\n                        <\/li>\n                    <\/ul>\n                <\/div>\n\n                <!-- Bouton -->\n                <div class=\"elementor-widget elementor-align-center elementor-widget-button\">\n                    <div class=\"elementor-widget-container\">\n                        <div class=\"elementor-button-wrapper\">\n                            <a class=\"elementor-button elementor-button-link elementor-size-sm\" \n                               href=\"https:\/\/www.caralliance.be\/vehicule\/kia-ev3-business-plus-81-4kwh-fwd-371170\/\" target=\"_blank\">\n                                <span class=\"elementor-button-content-wrapper\">\n                                    <span class=\"elementor-button-text\">\n                                        Mehr erfahren                                    <\/span>\n                                <\/span>\n                            <\/a>\n                        <\/div>\n                    <\/div>\n                <\/div>\n            <\/div>\n        <\/div>\n    <\/a>\n    <a href=\"https:\/\/www.caralliance.be\/vehicule\/kia-ev3-business-plus-81-4kwh-fwd-331161\/\" target=\"_blank\" class=\"car-link\">\n        <div class=\"elementor-column elementor-col-33 elementor-inner-column elementor-element animated fadeIn\" \n             data-settings=\"{&quot;animation&quot;:&quot;fadeIn&quot;,&quot;animation_delay&quot;:2500}\">\n            <div class=\"elementor-widget-wrap elementor-element-populated\">\n                \n                <!-- Image du v\u00e9hicule -->\n                <div class=\"elementor-widget elementor-widget-image\">\n                    <div class=\"elementor-widget-container\">\n                        \n                            <img decoding=\"async\" \n                                src=\"https:\/\/cdn.photo-motion.com\/images\/bZeXzvku_NElUAuD\/db5bbcff-48c1-4fa2-99e3-36ba2ed31183\/62347148-e74a-41e4-bd7d-b4cecb0728a4.1920\" \n                                title=\"KIA EV3 Business Plus 81.4kWh FWD\" \n                                alt=\"KIA EV3 Business Plus 81.4kWh FWD\" \n                                loading=\"lazy\">\n\n                        \n                        <div class=\"price\">43.990,00 \u20ac<\/div>\n                    <\/div>\n                <\/div>\n\n                <!-- Titre du v\u00e9hicule -->\n                <div class=\"elementor-widget elementor-widget-heading\">\n                    <div class=\"elementor-widget-container\">\n                        <h3 class=\"elementor-heading-title elementor-size-default\">\n                            KIA EV3                                                            <br\/><span class=\"car-version\">Business plus <\/span>\n                                                    <\/h3>\n                    <\/div>\n                <\/div>\n\n                <!-- Liste des \u00e9l\u00e9ments -->\n                <div class=\"elementor-widget-container infos\">\n                    <ul class=\"elementor-icon-list-items\">\n                        \n                        <!-- Moteur -->\n                        <li class=\"elementor-icon-list-item\">\n                            <span class=\"elementor-icon-list-icon\">\n                                <i aria-hidden=\"true\" class=\"fas fa-cogs\"><\/i> <!-- Ic\u00f4ne moteur -->\n                            <\/span>\n                            <span class=\"elementor-icon-list-text elementor-inline-editing\" \n                                  data-elementor-setting-key=\"icon_list.0.text\">\n                                  81.4 kWh Long Range                            <\/span>\n                        <\/li>\n                        \n                        <!-- Date d'immatriculation -->\n                        <li class=\"elementor-icon-list-item\">\n                            <span class=\"elementor-icon-list-icon\">\n                                <i aria-hidden=\"true\" class=\"fas fa-calendar-alt\"><\/i> <!-- Ic\u00f4ne date -->\n                            <\/span>\n                            <span class=\"elementor-icon-list-text elementor-inline-editing\" \n                                  data-elementor-setting-key=\"icon_list.1.text\">\n                                  11\/12\/2025                            <\/span>\n                        <\/li>\n\n                        <!-- Kilom\u00e9trage -->\n                        <li class=\"elementor-icon-list-item\">\n                            <span class=\"elementor-icon-list-icon\">\n                                <i aria-hidden=\"true\" class=\"fas fa-tachometer-alt\"><\/i> <!-- Ic\u00f4ne kilom\u00e9trage -->\n                            <\/span>\n                            <span class=\"elementor-icon-list-text elementor-inline-editing\" \n                                  data-elementor-setting-key=\"icon_list.2.text\">\n                                  10 km\n                            <\/span>\n                        <\/li>\n                    <\/ul>\n                <\/div>\n\n                <!-- Bouton -->\n                <div class=\"elementor-widget elementor-align-center elementor-widget-button\">\n                    <div class=\"elementor-widget-container\">\n                        <div class=\"elementor-button-wrapper\">\n                            <a class=\"elementor-button elementor-button-link elementor-size-sm\" \n                               href=\"https:\/\/www.caralliance.be\/vehicule\/kia-ev3-business-plus-81-4kwh-fwd-331161\/\" target=\"_blank\">\n                                <span class=\"elementor-button-content-wrapper\">\n                                    <span class=\"elementor-button-text\">\n                                        Mehr erfahren                                    <\/span>\n                                <\/span>\n                            <\/a>\n                        <\/div>\n                    <\/div>\n                <\/div>\n            <\/div>\n        <\/div>\n    <\/a>\n    <a href=\"https:\/\/www.caralliance.be\/vehicule\/kia-ev3-gt-line-81-3kwh-fwd-331163\/\" target=\"_blank\" class=\"car-link\">\n        <div class=\"elementor-column elementor-col-33 elementor-inner-column elementor-element animated fadeIn\" \n             data-settings=\"{&quot;animation&quot;:&quot;fadeIn&quot;,&quot;animation_delay&quot;:3000}\">\n            <div class=\"elementor-widget-wrap elementor-element-populated\">\n                \n                <!-- Image du v\u00e9hicule -->\n                <div class=\"elementor-widget elementor-widget-image\">\n                    <div class=\"elementor-widget-container\">\n                        \n                            <img decoding=\"async\" \n                                src=\"https:\/\/cdn.photo-motion.com\/images\/bZeXzvku_NElUAuD\/9fed1d67-bc86-4211-be52-37c25195af5c\/7416ac07-e615-4141-9da3-20ad346f6acf.1920\" \n                                title=\"KIA EV3 GT Line 81.3kWh FWD\" \n                                alt=\"KIA EV3 GT Line 81.3kWh FWD\" \n                                loading=\"lazy\">\n\n                        \n                        <div class=\"price\">45.490,00 \u20ac<\/div>\n                    <\/div>\n                <\/div>\n\n                <!-- Titre du v\u00e9hicule -->\n                <div class=\"elementor-widget elementor-widget-heading\">\n                    <div class=\"elementor-widget-container\">\n                        <h3 class=\"elementor-heading-title elementor-size-default\">\n                            KIA EV3                                                            <br\/><span class=\"car-version\">GT Line <\/span>\n                                                    <\/h3>\n                    <\/div>\n                <\/div>\n\n                <!-- Liste des \u00e9l\u00e9ments -->\n                <div class=\"elementor-widget-container infos\">\n                    <ul class=\"elementor-icon-list-items\">\n                        \n                        <!-- Moteur -->\n                        <li class=\"elementor-icon-list-item\">\n                            <span class=\"elementor-icon-list-icon\">\n                                <i aria-hidden=\"true\" class=\"fas fa-cogs\"><\/i> <!-- Ic\u00f4ne moteur -->\n                            <\/span>\n                            <span class=\"elementor-icon-list-text elementor-inline-editing\" \n                                  data-elementor-setting-key=\"icon_list.0.text\">\n                                  81.4 kWh Long Range                            <\/span>\n                        <\/li>\n                        \n                        <!-- Date d'immatriculation -->\n                        <li class=\"elementor-icon-list-item\">\n                            <span class=\"elementor-icon-list-icon\">\n                                <i aria-hidden=\"true\" class=\"fas fa-calendar-alt\"><\/i> <!-- Ic\u00f4ne date -->\n                            <\/span>\n                            <span class=\"elementor-icon-list-text elementor-inline-editing\" \n                                  data-elementor-setting-key=\"icon_list.1.text\">\n                                  28\/10\/2024                            <\/span>\n                        <\/li>\n\n                        <!-- Kilom\u00e9trage -->\n                        <li class=\"elementor-icon-list-item\">\n                            <span class=\"elementor-icon-list-icon\">\n                                <i aria-hidden=\"true\" class=\"fas fa-tachometer-alt\"><\/i> <!-- Ic\u00f4ne kilom\u00e9trage -->\n                            <\/span>\n                            <span class=\"elementor-icon-list-text elementor-inline-editing\" \n                                  data-elementor-setting-key=\"icon_list.2.text\">\n                                  36500 km\n                            <\/span>\n                        <\/li>\n                    <\/ul>\n                <\/div>\n\n                <!-- Bouton -->\n                <div class=\"elementor-widget elementor-align-center elementor-widget-button\">\n                    <div class=\"elementor-widget-container\">\n                        <div class=\"elementor-button-wrapper\">\n                            <a class=\"elementor-button elementor-button-link elementor-size-sm\" \n                               href=\"https:\/\/www.caralliance.be\/vehicule\/kia-ev3-gt-line-81-3kwh-fwd-331163\/\" target=\"_blank\">\n                                <span class=\"elementor-button-content-wrapper\">\n                                    <span class=\"elementor-button-text\">\n                                        Mehr erfahren                                    <\/span>\n                                <\/span>\n                            <\/a>\n                        <\/div>\n                    <\/div>\n                <\/div>\n            <\/div>\n        <\/div>\n    <\/a>\n<\/div><\/section><\/div><\/div>\n\t\t\t\t\t\t<\/div>\n\t\t\t\t<\/div>\n\t\t\t\t\t<\/div>\n\t\t<\/div>\n\t\t\t\t\t<\/div>\n\t\t<\/section>\n\t\t\t\t<section class=\"elementor-section elementor-top-section elementor-element elementor-element-2247d49 elementor-section-boxed elementor-section-height-default elementor-section-height-default\" data-id=\"2247d49\" data-element_type=\"section\" data-e-type=\"section\">\n\t\t\t\t\t\t<div class=\"elementor-container elementor-column-gap-default\">\n\t\t\t\t\t<div class=\"elementor-column elementor-col-100 elementor-top-column elementor-element elementor-element-353ce90\" data-id=\"353ce90\" data-element_type=\"column\" data-e-type=\"column\">\n\t\t\t<div class=\"elementor-widget-wrap elementor-element-populated\">\n\t\t\t\t\t\t<div class=\"elementor-element elementor-element-04426a2 elementor-widget elementor-widget-shortcode\" data-id=\"04426a2\" data-element_type=\"widget\" data-e-type=\"widget\" data-widget_type=\"shortcode.default\">\n\t\t\t\t<div class=\"elementor-widget-container\">\n\t\t\t\t\t\t\t<div class=\"elementor-shortcode\"><div id=\"stock\"><\/div><div class=\"car_stock\"><div class=\"elementor-element elementor-element-a8de58a elementor-widget elementor-widget-heading\" data-id=\"a8de58a\" data-element_type=\"widget\" data-widget_type=\"heading.default\"><div class=\"elementor-widget-container\"><h2 class=\"elementor-heading-title elementor-size-default\">Unsere Kia EV3 auf Lager<\/h2><\/div><\/div><section class=\"elementor-section elementor-inner-section elementor-element elementor-element-28bf780 elementor-section-boxed elementor-section-height-default elementor-section-height-default\" data-id=\"28bf780\" data-element_type=\"section\"><div class=\"elementor-container elementor-column-gap-default\">    <a href=\"https:\/\/www.caralliance.be\/vehicule\/kia-ev3-earth-58-3kwh-fwd-368549\/\" target=\"_blank\" class=\"car-link\">\n        <div class=\"elementor-column elementor-col-33 elementor-inner-column elementor-element animated fadeIn\" \n             data-settings=\"{&quot;animation&quot;:&quot;fadeIn&quot;,&quot;animation_delay&quot;:500}\">\n            <div class=\"elementor-widget-wrap elementor-element-populated\">\n                \n                <!-- Image du v\u00e9hicule -->\n                <div class=\"elementor-widget elementor-widget-image\">\n                    <div class=\"elementor-widget-container\">\n                        \n                                                            <img decoding=\"async\" \n                                src=\"https:\/\/www.caralliance.be\/wp-content\/uploads\/webwhatsapp-1.png\" \n                                title=\"KIA EV3 Earth 58.3kWh FWD\" \n                                alt=\"KIA EV3 Earth 58.3kWh FWD\" \n                                loading=\"lazy\">\n                            \n                        \n                        <div class=\"price\">35.990,00 \u20ac<\/div>\n                    <\/div>\n                <\/div>\n\n                <!-- Titre du v\u00e9hicule -->\n                <div class=\"elementor-widget elementor-widget-heading\">\n                    <div class=\"elementor-widget-container\">\n                        <h3 class=\"elementor-heading-title elementor-size-default\">\n                            KIA EV3                                                            <br\/><span class=\"car-version\">Earth<\/span>\n                                                    <\/h3>\n                    <\/div>\n                <\/div>\n\n                <!-- Liste des \u00e9l\u00e9ments -->\n                <div class=\"elementor-widget-container infos\">\n                    <ul class=\"elementor-icon-list-items\">\n                        \n                        <!-- Moteur -->\n                        <li class=\"elementor-icon-list-item\">\n                            <span class=\"elementor-icon-list-icon\">\n                                <i aria-hidden=\"true\" class=\"fas fa-cogs\"><\/i> <!-- Ic\u00f4ne moteur -->\n                            <\/span>\n                            <span class=\"elementor-icon-list-text elementor-inline-editing\" \n                                  data-elementor-setting-key=\"icon_list.0.text\">\n                                  58.3 kWh Standard Range                            <\/span>\n                        <\/li>\n                        \n                        <!-- Date d'immatriculation -->\n                        <li class=\"elementor-icon-list-item\">\n                            <span class=\"elementor-icon-list-icon\">\n                                <i aria-hidden=\"true\" class=\"fas fa-calendar-alt\"><\/i> <!-- Ic\u00f4ne date -->\n                            <\/span>\n                            <span class=\"elementor-icon-list-text elementor-inline-editing\" \n                                  data-elementor-setting-key=\"icon_list.1.text\">\n                                  -                            <\/span>\n                        <\/li>\n\n                        <!-- Kilom\u00e9trage -->\n                        <li class=\"elementor-icon-list-item\">\n                            <span class=\"elementor-icon-list-icon\">\n                                <i aria-hidden=\"true\" class=\"fas fa-tachometer-alt\"><\/i> <!-- Ic\u00f4ne kilom\u00e9trage -->\n                            <\/span>\n                            <span class=\"elementor-icon-list-text elementor-inline-editing\" \n                                  data-elementor-setting-key=\"icon_list.2.text\">\n                                  10 km\n                            <\/span>\n                        <\/li>\n                    <\/ul>\n                <\/div>\n\n                <!-- Bouton -->\n                <div class=\"elementor-widget elementor-align-center elementor-widget-button\">\n                    <div class=\"elementor-widget-container\">\n                        <div class=\"elementor-button-wrapper\">\n                            <a class=\"elementor-button elementor-button-link elementor-size-sm\" \n                               href=\"https:\/\/www.caralliance.be\/vehicule\/kia-ev3-earth-58-3kwh-fwd-368549\/\" target=\"_blank\">\n                                <span class=\"elementor-button-content-wrapper\">\n                                    <span class=\"elementor-button-text\">\n                                        Mehr erfahren                                    <\/span>\n                                <\/span>\n                            <\/a>\n                        <\/div>\n                    <\/div>\n                <\/div>\n            <\/div>\n        <\/div>\n    <\/a>\n    <a href=\"https:\/\/www.caralliance.be\/vehicule\/kia-ev3-business-814-kwh-fwd-371154\/\" target=\"_blank\" class=\"car-link\">\n        <div class=\"elementor-column elementor-col-33 elementor-inner-column elementor-element animated fadeIn\" \n             data-settings=\"{&quot;animation&quot;:&quot;fadeIn&quot;,&quot;animation_delay&quot;:1000}\">\n            <div class=\"elementor-widget-wrap elementor-element-populated\">\n                \n                <!-- Image du v\u00e9hicule -->\n                <div class=\"elementor-widget elementor-widget-image\">\n                    <div class=\"elementor-widget-container\">\n                        \n                                                            <img decoding=\"async\" \n                                src=\"https:\/\/www.caralliance.be\/wp-content\/uploads\/webwhatsapp.png\" \n                                title=\"KIA EV3 Business 81,4 kWh FWD\" \n                                alt=\"KIA EV3 Business 81,4 kWh FWD\" \n                                loading=\"lazy\">\n                            \n                        \n                        <div class=\"price\">39.290,00 \u20ac<\/div>\n                    <\/div>\n                <\/div>\n\n                <!-- Titre du v\u00e9hicule -->\n                <div class=\"elementor-widget elementor-widget-heading\">\n                    <div class=\"elementor-widget-container\">\n                        <h3 class=\"elementor-heading-title elementor-size-default\">\n                            KIA EV3                                                            <br\/><span class=\"car-version\">BUSINESS<\/span>\n                                                    <\/h3>\n                    <\/div>\n                <\/div>\n\n                <!-- Liste des \u00e9l\u00e9ments -->\n                <div class=\"elementor-widget-container infos\">\n                    <ul class=\"elementor-icon-list-items\">\n                        \n                        <!-- Moteur -->\n                        <li class=\"elementor-icon-list-item\">\n                            <span class=\"elementor-icon-list-icon\">\n                                <i aria-hidden=\"true\" class=\"fas fa-cogs\"><\/i> <!-- Ic\u00f4ne moteur -->\n                            <\/span>\n                            <span class=\"elementor-icon-list-text elementor-inline-editing\" \n                                  data-elementor-setting-key=\"icon_list.0.text\">\n                                  81.4 kWh Long Range                            <\/span>\n                        <\/li>\n                        \n                        <!-- Date d'immatriculation -->\n                        <li class=\"elementor-icon-list-item\">\n                            <span class=\"elementor-icon-list-icon\">\n                                <i aria-hidden=\"true\" class=\"fas fa-calendar-alt\"><\/i> <!-- Ic\u00f4ne date -->\n                            <\/span>\n                            <span class=\"elementor-icon-list-text elementor-inline-editing\" \n                                  data-elementor-setting-key=\"icon_list.1.text\">\n                                  -                            <\/span>\n                        <\/li>\n\n                        <!-- Kilom\u00e9trage -->\n                        <li class=\"elementor-icon-list-item\">\n                            <span class=\"elementor-icon-list-icon\">\n                                <i aria-hidden=\"true\" class=\"fas fa-tachometer-alt\"><\/i> <!-- Ic\u00f4ne kilom\u00e9trage -->\n                            <\/span>\n                            <span class=\"elementor-icon-list-text elementor-inline-editing\" \n                                  data-elementor-setting-key=\"icon_list.2.text\">\n                                  10 km\n                            <\/span>\n                        <\/li>\n                    <\/ul>\n                <\/div>\n\n                <!-- Bouton -->\n                <div class=\"elementor-widget elementor-align-center elementor-widget-button\">\n                    <div class=\"elementor-widget-container\">\n                        <div class=\"elementor-button-wrapper\">\n                            <a class=\"elementor-button elementor-button-link elementor-size-sm\" \n                               href=\"https:\/\/www.caralliance.be\/vehicule\/kia-ev3-business-814-kwh-fwd-371154\/\" target=\"_blank\">\n                                <span class=\"elementor-button-content-wrapper\">\n                                    <span class=\"elementor-button-text\">\n                                        Mehr erfahren                                    <\/span>\n                                <\/span>\n                            <\/a>\n                        <\/div>\n                    <\/div>\n                <\/div>\n            <\/div>\n        <\/div>\n    <\/a>\n    <a href=\"https:\/\/www.caralliance.be\/vehicule\/kia-ev3-business-plus-81-4kwh-fwd-331179\/\" target=\"_blank\" class=\"car-link\">\n        <div class=\"elementor-column elementor-col-33 elementor-inner-column elementor-element animated fadeIn\" \n             data-settings=\"{&quot;animation&quot;:&quot;fadeIn&quot;,&quot;animation_delay&quot;:1500}\">\n            <div class=\"elementor-widget-wrap elementor-element-populated\">\n                \n                <!-- Image du v\u00e9hicule -->\n                <div class=\"elementor-widget elementor-widget-image\">\n                    <div class=\"elementor-widget-container\">\n                        \n                                                            <img decoding=\"async\" \n                                src=\"https:\/\/www.caralliance.be\/wp-content\/uploads\/kia.jpg\" \n                                title=\"KIA EV3 Business Plus 81.4kWh FWD\" \n                                alt=\"KIA EV3 Business Plus 81.4kWh FWD\" \n                                loading=\"lazy\">\n                            \n                        \n                        <div class=\"price\">43.490,00 \u20ac<\/div>\n                    <\/div>\n                <\/div>\n\n                <!-- Titre du v\u00e9hicule -->\n                <div class=\"elementor-widget elementor-widget-heading\">\n                    <div class=\"elementor-widget-container\">\n                        <h3 class=\"elementor-heading-title elementor-size-default\">\n                            KIA EV3                                                            <br\/><span class=\"car-version\">Business plus <\/span>\n                                                    <\/h3>\n                    <\/div>\n                <\/div>\n\n                <!-- Liste des \u00e9l\u00e9ments -->\n                <div class=\"elementor-widget-container infos\">\n                    <ul class=\"elementor-icon-list-items\">\n                        \n                        <!-- Moteur -->\n                        <li class=\"elementor-icon-list-item\">\n                            <span class=\"elementor-icon-list-icon\">\n                                <i aria-hidden=\"true\" class=\"fas fa-cogs\"><\/i> <!-- Ic\u00f4ne moteur -->\n                            <\/span>\n                            <span class=\"elementor-icon-list-text elementor-inline-editing\" \n                                  data-elementor-setting-key=\"icon_list.0.text\">\n                                  81.4 kWh Long Range                            <\/span>\n                        <\/li>\n                        \n                        <!-- Date d'immatriculation -->\n                        <li class=\"elementor-icon-list-item\">\n                            <span class=\"elementor-icon-list-icon\">\n                                <i aria-hidden=\"true\" class=\"fas fa-calendar-alt\"><\/i> <!-- Ic\u00f4ne date -->\n                            <\/span>\n                            <span class=\"elementor-icon-list-text elementor-inline-editing\" \n                                  data-elementor-setting-key=\"icon_list.1.text\">\n                                  20\/11\/2024                            <\/span>\n                        <\/li>\n\n                        <!-- Kilom\u00e9trage -->\n                        <li class=\"elementor-icon-list-item\">\n                            <span class=\"elementor-icon-list-icon\">\n                                <i aria-hidden=\"true\" class=\"fas fa-tachometer-alt\"><\/i> <!-- Ic\u00f4ne kilom\u00e9trage -->\n                            <\/span>\n                            <span class=\"elementor-icon-list-text elementor-inline-editing\" \n                                  data-elementor-setting-key=\"icon_list.2.text\">\n                                  14829 km\n                            <\/span>\n                        <\/li>\n                    <\/ul>\n                <\/div>\n\n                <!-- Bouton -->\n                <div class=\"elementor-widget elementor-align-center elementor-widget-button\">\n                    <div class=\"elementor-widget-container\">\n                        <div class=\"elementor-button-wrapper\">\n                            <a class=\"elementor-button elementor-button-link elementor-size-sm\" \n                               href=\"https:\/\/www.caralliance.be\/vehicule\/kia-ev3-business-plus-81-4kwh-fwd-331179\/\" target=\"_blank\">\n                                <span class=\"elementor-button-content-wrapper\">\n                                    <span class=\"elementor-button-text\">\n                                        Mehr erfahren                                    <\/span>\n                                <\/span>\n                            <\/a>\n                        <\/div>\n                    <\/div>\n                <\/div>\n            <\/div>\n        <\/div>\n    <\/a>\n<\/div><\/section><section class=\"elementor-section elementor-inner-section elementor-element elementor-element-28bf780 elementor-section-boxed elementor-section-height-default elementor-section-height-default\" data-id=\"28bf780\" data-element_type=\"section\"><div class=\"elementor-container elementor-column-gap-default\">    <a href=\"https:\/\/www.caralliance.be\/vehicule\/kia-ev3-business-plus-81-4kwh-fwd-371170\/\" target=\"_blank\" class=\"car-link\">\n        <div class=\"elementor-column elementor-col-33 elementor-inner-column elementor-element animated fadeIn\" \n             data-settings=\"{&quot;animation&quot;:&quot;fadeIn&quot;,&quot;animation_delay&quot;:2000}\">\n            <div class=\"elementor-widget-wrap elementor-element-populated\">\n                \n                <!-- Image du v\u00e9hicule -->\n                <div class=\"elementor-widget elementor-widget-image\">\n                    <div class=\"elementor-widget-container\">\n                        \n                                                            <img decoding=\"async\" \n                                src=\"https:\/\/www.caralliance.be\/wp-content\/uploads\/whatsapp-image-2026-02-16-at-131707.jpeg\" \n                                title=\"KIA EV3 Business Plus 81.4kWh FWD\" \n                                alt=\"KIA EV3 Business Plus 81.4kWh FWD\" \n                                loading=\"lazy\">\n                            \n                        \n                        <div class=\"price\">43.790,00 \u20ac<\/div>\n                    <\/div>\n                <\/div>\n\n                <!-- Titre du v\u00e9hicule -->\n                <div class=\"elementor-widget elementor-widget-heading\">\n                    <div class=\"elementor-widget-container\">\n                        <h3 class=\"elementor-heading-title elementor-size-default\">\n                            KIA EV3                                                            <br\/><span class=\"car-version\">Business plus <\/span>\n                                                    <\/h3>\n                    <\/div>\n                <\/div>\n\n                <!-- Liste des \u00e9l\u00e9ments -->\n                <div class=\"elementor-widget-container infos\">\n                    <ul class=\"elementor-icon-list-items\">\n                        \n                        <!-- Moteur -->\n                        <li class=\"elementor-icon-list-item\">\n                            <span class=\"elementor-icon-list-icon\">\n                                <i aria-hidden=\"true\" class=\"fas fa-cogs\"><\/i> <!-- Ic\u00f4ne moteur -->\n                            <\/span>\n                            <span class=\"elementor-icon-list-text elementor-inline-editing\" \n                                  data-elementor-setting-key=\"icon_list.0.text\">\n                                  81.4 kWh Long Range                            <\/span>\n                        <\/li>\n                        \n                        <!-- Date d'immatriculation -->\n                        <li class=\"elementor-icon-list-item\">\n                            <span class=\"elementor-icon-list-icon\">\n                                <i aria-hidden=\"true\" class=\"fas fa-calendar-alt\"><\/i> <!-- Ic\u00f4ne date -->\n                            <\/span>\n                            <span class=\"elementor-icon-list-text elementor-inline-editing\" \n                                  data-elementor-setting-key=\"icon_list.1.text\">\n                                  -                            <\/span>\n                        <\/li>\n\n                        <!-- Kilom\u00e9trage -->\n                        <li class=\"elementor-icon-list-item\">\n                            <span class=\"elementor-icon-list-icon\">\n                                <i aria-hidden=\"true\" class=\"fas fa-tachometer-alt\"><\/i> <!-- Ic\u00f4ne kilom\u00e9trage -->\n                            <\/span>\n                            <span class=\"elementor-icon-list-text elementor-inline-editing\" \n                                  data-elementor-setting-key=\"icon_list.2.text\">\n                                  10 km\n                            <\/span>\n                        <\/li>\n                    <\/ul>\n                <\/div>\n\n                <!-- Bouton -->\n                <div class=\"elementor-widget elementor-align-center elementor-widget-button\">\n                    <div class=\"elementor-widget-container\">\n                        <div class=\"elementor-button-wrapper\">\n                            <a class=\"elementor-button elementor-button-link elementor-size-sm\" \n                               href=\"https:\/\/www.caralliance.be\/vehicule\/kia-ev3-business-plus-81-4kwh-fwd-371170\/\" target=\"_blank\">\n                                <span class=\"elementor-button-content-wrapper\">\n                                    <span class=\"elementor-button-text\">\n                                        Mehr erfahren                                    <\/span>\n                                <\/span>\n                            <\/a>\n                        <\/div>\n                    <\/div>\n                <\/div>\n            <\/div>\n        <\/div>\n    <\/a>\n    <a href=\"https:\/\/www.caralliance.be\/vehicule\/kia-ev3-business-plus-81-4kwh-fwd-331161\/\" target=\"_blank\" class=\"car-link\">\n        <div class=\"elementor-column elementor-col-33 elementor-inner-column elementor-element animated fadeIn\" \n             data-settings=\"{&quot;animation&quot;:&quot;fadeIn&quot;,&quot;animation_delay&quot;:2500}\">\n            <div class=\"elementor-widget-wrap elementor-element-populated\">\n                \n                <!-- Image du v\u00e9hicule -->\n                <div class=\"elementor-widget elementor-widget-image\">\n                    <div class=\"elementor-widget-container\">\n                        \n                            <img decoding=\"async\" \n                                src=\"https:\/\/cdn.photo-motion.com\/images\/bZeXzvku_NElUAuD\/db5bbcff-48c1-4fa2-99e3-36ba2ed31183\/62347148-e74a-41e4-bd7d-b4cecb0728a4.1920\" \n                                title=\"KIA EV3 Business Plus 81.4kWh FWD\" \n                                alt=\"KIA EV3 Business Plus 81.4kWh FWD\" \n                                loading=\"lazy\">\n\n                        \n                        <div class=\"price\">43.990,00 \u20ac<\/div>\n                    <\/div>\n                <\/div>\n\n                <!-- Titre du v\u00e9hicule -->\n                <div class=\"elementor-widget elementor-widget-heading\">\n                    <div class=\"elementor-widget-container\">\n                        <h3 class=\"elementor-heading-title elementor-size-default\">\n                            KIA EV3                                                            <br\/><span class=\"car-version\">Business plus <\/span>\n                                                    <\/h3>\n                    <\/div>\n                <\/div>\n\n                <!-- Liste des \u00e9l\u00e9ments -->\n                <div class=\"elementor-widget-container infos\">\n                    <ul class=\"elementor-icon-list-items\">\n                        \n                        <!-- Moteur -->\n                        <li class=\"elementor-icon-list-item\">\n                            <span class=\"elementor-icon-list-icon\">\n                                <i aria-hidden=\"true\" class=\"fas fa-cogs\"><\/i> <!-- Ic\u00f4ne moteur -->\n                            <\/span>\n                            <span class=\"elementor-icon-list-text elementor-inline-editing\" \n                                  data-elementor-setting-key=\"icon_list.0.text\">\n                                  81.4 kWh Long Range                            <\/span>\n                        <\/li>\n                        \n                        <!-- Date d'immatriculation -->\n                        <li class=\"elementor-icon-list-item\">\n                            <span class=\"elementor-icon-list-icon\">\n                                <i aria-hidden=\"true\" class=\"fas fa-calendar-alt\"><\/i> <!-- Ic\u00f4ne date -->\n                            <\/span>\n                            <span class=\"elementor-icon-list-text elementor-inline-editing\" \n                                  data-elementor-setting-key=\"icon_list.1.text\">\n                                  11\/12\/2025                            <\/span>\n                        <\/li>\n\n                        <!-- Kilom\u00e9trage -->\n                        <li class=\"elementor-icon-list-item\">\n                            <span class=\"elementor-icon-list-icon\">\n                                <i aria-hidden=\"true\" class=\"fas fa-tachometer-alt\"><\/i> <!-- Ic\u00f4ne kilom\u00e9trage -->\n                            <\/span>\n                            <span class=\"elementor-icon-list-text elementor-inline-editing\" \n                                  data-elementor-setting-key=\"icon_list.2.text\">\n                                  10 km\n                            <\/span>\n                        <\/li>\n                    <\/ul>\n                <\/div>\n\n                <!-- Bouton -->\n                <div class=\"elementor-widget elementor-align-center elementor-widget-button\">\n                    <div class=\"elementor-widget-container\">\n                        <div class=\"elementor-button-wrapper\">\n                            <a class=\"elementor-button elementor-button-link elementor-size-sm\" \n                               href=\"https:\/\/www.caralliance.be\/vehicule\/kia-ev3-business-plus-81-4kwh-fwd-331161\/\" target=\"_blank\">\n                                <span class=\"elementor-button-content-wrapper\">\n                                    <span class=\"elementor-button-text\">\n                                        Mehr erfahren                                    <\/span>\n                                <\/span>\n                            <\/a>\n                        <\/div>\n                    <\/div>\n                <\/div>\n            <\/div>\n        <\/div>\n    <\/a>\n    <a href=\"https:\/\/www.caralliance.be\/vehicule\/kia-ev3-gt-line-81-3kwh-fwd-331163\/\" target=\"_blank\" class=\"car-link\">\n        <div class=\"elementor-column elementor-col-33 elementor-inner-column elementor-element animated fadeIn\" \n             data-settings=\"{&quot;animation&quot;:&quot;fadeIn&quot;,&quot;animation_delay&quot;:3000}\">\n            <div class=\"elementor-widget-wrap elementor-element-populated\">\n                \n                <!-- Image du v\u00e9hicule -->\n                <div class=\"elementor-widget elementor-widget-image\">\n                    <div class=\"elementor-widget-container\">\n                        \n                            <img decoding=\"async\" \n                                src=\"https:\/\/cdn.photo-motion.com\/images\/bZeXzvku_NElUAuD\/9fed1d67-bc86-4211-be52-37c25195af5c\/7416ac07-e615-4141-9da3-20ad346f6acf.1920\" \n                                title=\"KIA EV3 GT Line 81.3kWh FWD\" \n                                alt=\"KIA EV3 GT Line 81.3kWh FWD\" \n                                loading=\"lazy\">\n\n                        \n                        <div class=\"price\">45.490,00 \u20ac<\/div>\n                    <\/div>\n                <\/div>\n\n                <!-- Titre du v\u00e9hicule -->\n                <div class=\"elementor-widget elementor-widget-heading\">\n                    <div class=\"elementor-widget-container\">\n                        <h3 class=\"elementor-heading-title elementor-size-default\">\n                            KIA EV3                                                            <br\/><span class=\"car-version\">GT Line <\/span>\n                                                    <\/h3>\n                    <\/div>\n                <\/div>\n\n                <!-- Liste des \u00e9l\u00e9ments -->\n                <div class=\"elementor-widget-container infos\">\n                    <ul class=\"elementor-icon-list-items\">\n                        \n                        <!-- Moteur -->\n                        <li class=\"elementor-icon-list-item\">\n                            <span class=\"elementor-icon-list-icon\">\n                                <i aria-hidden=\"true\" class=\"fas fa-cogs\"><\/i> <!-- Ic\u00f4ne moteur -->\n                            <\/span>\n                            <span class=\"elementor-icon-list-text elementor-inline-editing\" \n                                  data-elementor-setting-key=\"icon_list.0.text\">\n                                  81.4 kWh Long Range                            <\/span>\n                        <\/li>\n                        \n                        <!-- Date d'immatriculation -->\n                        <li class=\"elementor-icon-list-item\">\n                            <span class=\"elementor-icon-list-icon\">\n                                <i aria-hidden=\"true\" class=\"fas fa-calendar-alt\"><\/i> <!-- Ic\u00f4ne date -->\n                            <\/span>\n                            <span class=\"elementor-icon-list-text elementor-inline-editing\" \n                                  data-elementor-setting-key=\"icon_list.1.text\">\n                                  28\/10\/2024                            <\/span>\n                        <\/li>\n\n                        <!-- Kilom\u00e9trage -->\n                        <li class=\"elementor-icon-list-item\">\n                            <span class=\"elementor-icon-list-icon\">\n                                <i aria-hidden=\"true\" class=\"fas fa-tachometer-alt\"><\/i> <!-- Ic\u00f4ne kilom\u00e9trage -->\n                            <\/span>\n                            <span class=\"elementor-icon-list-text elementor-inline-editing\" \n                                  data-elementor-setting-key=\"icon_list.2.text\">\n                                  36500 km\n                            <\/span>\n                        <\/li>\n                    <\/ul>\n                <\/div>\n\n                <!-- Bouton -->\n                <div class=\"elementor-widget elementor-align-center elementor-widget-button\">\n                    <div class=\"elementor-widget-container\">\n                        <div class=\"elementor-button-wrapper\">\n                            <a class=\"elementor-button elementor-button-link elementor-size-sm\" \n                               href=\"https:\/\/www.caralliance.be\/vehicule\/kia-ev3-gt-line-81-3kwh-fwd-331163\/\" target=\"_blank\">\n                                <span class=\"elementor-button-content-wrapper\">\n                                    <span class=\"elementor-button-text\">\n                                        Mehr erfahren                                    <\/span>\n                                <\/span>\n                            <\/a>\n                        <\/div>\n                    <\/div>\n                <\/div>\n            <\/div>\n        <\/div>\n    <\/a>\n<\/div><\/section><\/div><\/div>\n\t\t\t\t\t\t<\/div>\n\t\t\t\t<\/div>\n\t\t\t\t\t<\/div>\n\t\t<\/div>\n\t\t\t\t\t<\/div>\n\t\t<\/section>\n\t\t\t\t<section class=\"elementor-section elementor-top-section elementor-element elementor-element-f2941b4 elementor-section-boxed elementor-section-height-default elementor-section-height-default\" data-id=\"f2941b4\" data-element_type=\"section\" data-e-type=\"section\" id=\"form\" data-settings=\"{&quot;background_background&quot;:&quot;classic&quot;}\">\n\t\t\t\t\t\t<div class=\"elementor-container elementor-column-gap-default\">\n\t\t\t\t\t<div class=\"elementor-column elementor-col-100 elementor-top-column elementor-element elementor-element-4b85284\" data-id=\"4b85284\" data-element_type=\"column\" data-e-type=\"column\">\n\t\t\t<div class=\"elementor-widget-wrap elementor-element-populated\">\n\t\t\t\t\t\t<div class=\"elementor-element elementor-element-b370478 elementor-widget elementor-widget-heading\" data-id=\"b370478\" data-element_type=\"widget\" data-e-type=\"widget\" data-widget_type=\"heading.default\">\n\t\t\t\t<div class=\"elementor-widget-container\">\n\t\t\t\t\t<h3 class=\"elementor-heading-title elementor-size-default\">Interessieren Sie sich f\u00fcr den Kia EV3?<\/h3>\t\t\t\t<\/div>\n\t\t\t\t<\/div>\n\t\t\t\t<div class=\"elementor-element elementor-element-ad89f97 elementor-widget elementor-widget-text-editor\" data-id=\"ad89f97\" data-element_type=\"widget\" data-e-type=\"widget\" data-widget_type=\"text-editor.default\">\n\t\t\t\t<div class=\"elementor-widget-container\">\n\t\t\t\t\t\t\t\t\t<p>Kontaktieren Sie uns jetzt, indem Sie das untenstehende Formular ausf\u00fcllen.<\/p>\t\t\t\t\t\t\t\t<\/div>\n\t\t\t\t<\/div>\n\t\t\t\t<div class=\"elementor-element elementor-element-a35a72a elementor-widget elementor-widget-html\" data-id=\"a35a72a\" data-element_type=\"widget\" data-e-type=\"widget\" data-widget_type=\"html.default\">\n\t\t\t\t<div class=\"elementor-widget-container\">\n\t\t\t\t\t<script charset=\"utf-8\" type=\"text\/javascript\" src=\"\/\/js.hsforms.net\/forms\/embed\/v2.js\"><\/script><script>if (location.href.match(\"\/de\/\")) {\r\n      hbspt.forms.create({\r\n        region: \"na1\",\r\n        portalId: \"6672575\",\r\n        formId: \"668c0ce1-fac7-4874-a48d-c4e3566dfbff\"\r\n      });\r\n  }\r\n  else\r\n  {\r\n      hbspt.forms.create({\r\n        region: \"na1\",\r\n        portalId: \"6672575\",\r\n        formId: \"572fa933-b980-48f0-a271-f4585be81de0\"\r\n      });\r\n  }\r\n<\/script>\t\t\t\t<\/div>\n\t\t\t\t<\/div>\n\t\t\t\t<section class=\"elementor-section elementor-inner-section elementor-element elementor-element-eed61a5 elementor-section-boxed elementor-section-height-default elementor-section-height-default\" data-id=\"eed61a5\" data-element_type=\"section\" data-e-type=\"section\">\n\t\t\t\t\t\t<div class=\"elementor-container elementor-column-gap-default\">\n\t\t\t\t\t<div class=\"elementor-column elementor-col-100 elementor-inner-column elementor-element elementor-element-6503e8f\" data-id=\"6503e8f\" data-element_type=\"column\" data-e-type=\"column\">\n\t\t\t<div class=\"elementor-widget-wrap elementor-element-populated\">\n\t\t\t\t\t\t<div class=\"elementor-element elementor-element-ab7e618 elementor-widget-divider--view-line elementor-widget elementor-widget-divider\" data-id=\"ab7e618\" data-element_type=\"widget\" data-e-type=\"widget\" data-widget_type=\"divider.default\">\n\t\t\t\t<div class=\"elementor-widget-container\">\n\t\t\t\t\t\t\t<div class=\"elementor-divider\">\n\t\t\t<span class=\"elementor-divider-separator\">\n\t\t\t\t\t\t<\/span>\n\t\t<\/div>\n\t\t\t\t\t\t<\/div>\n\t\t\t\t<\/div>\n\t\t\t\t<div class=\"elementor-element elementor-element-d556eac elementor-widget elementor-widget-heading\" data-id=\"d556eac\" data-element_type=\"widget\" data-e-type=\"widget\" data-widget_type=\"heading.default\">\n\t\t\t\t<div class=\"elementor-widget-container\">\n\t\t\t\t\t<h3 class=\"elementor-heading-title elementor-size-default\">Achtung: Geld leihen kostet auch Geld.<\/h3>\t\t\t\t<\/div>\n\t\t\t\t<\/div>\n\t\t\t\t<div class=\"elementor-element elementor-element-146fd97 elementor-widget elementor-widget-shortcode\" data-id=\"146fd97\" data-element_type=\"widget\" data-e-type=\"widget\" data-widget_type=\"shortcode.default\">\n\t\t\t\t<div class=\"elementor-widget-container\">\n\t\t\t\t\t\t\t<div class=\"elementor-shortcode\"><div class=\"elementor-text-editor elementor-clearfix elementor-inline-editing credit-details\" data-elementor-setting-key=\"editor\" data-elementor-inline-editing-toolbar=\"advanced\">\n                            <p>*EV3 Business : Ratenkredit mit erh\u00f6hter letzter Monatsrate.<\/p>\n                            <p>Kreditbetrag : 23.165,67 \u20ac. Anzahlung (optional) : 10.324,33 \u20ac. Barpreis : 33.490,00 \u20ac. Effektiver Jahreszins : 3,99 %, fester j\u00e4hrlicher Sollzinssatz : 3,99 %. Laufzeit des Kredits : 84 mois.<\/p>\n                            <p>Abzahlbar in 83 monatlichen Raten von 229,00 \u20ac. Letzte erh\u00f6hte Monatsrate : 8.601,00 \u20ac. Ausstehender Gesambetrag : 27.608,00 \u20ac.<\/p>\n                        <\/div>\n*Siehe Bedingungen im Showroom.<\/div>\n\t\t\t\t\t\t<\/div>\n\t\t\t\t<\/div>\n\t\t\t\t\t<\/div>\n\t\t<\/div>\n\t\t\t\t\t<\/div>\n\t\t<\/section>\n\t\t\t\t\t<\/div>\n\t\t<\/div>\n\t\t\t\t\t<\/div>\n\t\t<\/section>\n\t\t\t\t<\/div>\n\t\t","protected":false},"excerpt":{"rendered":"<p>Der EV3 100 % elektrisch. Definieren Sie die Standards neu. Erleben Sie die Vorpremiere am Donnerstag, den 26. September w\u00e4hrend der EV3 Roadshow ! Ich nehme teil Entdecken Sie den Kia EV3 Lassen Sie sich vom j\u00fcngsten Mitglied der Kia EV-Familie begeistern: dem EV3, unserem kompakten SUV mit 100 % Elektroantrieb, der die Standards in [&hellip;]<\/p>\n","protected":false},"author":6,"featured_media":0,"parent":2620,"menu_order":0,"comment_status":"closed","ping_status":"closed","template":"","meta":{"_acf_changed":false,"inline_featured_image":false,"footnotes":""},"class_list":["post-4304","page","type-page","status-publish","hentry"],"acf":[],"yoast_head":"<!-- This site is optimized with the Yoast SEO plugin v27.4 - https:\/\/yoast.com\/product\/yoast-seo-wordpress\/ -->\n<title>EV3 - Ebac-Auto<\/title>\n<meta name=\"robots\" content=\"index, follow, max-snippet:-1, max-image-preview:large, max-video-preview:-1\" \/>\n<link rel=\"canonical\" href=\"https:\/\/ebac-auto.be\/de\/kia\/modelle\/ev3\/\" \/>\n<meta property=\"og:locale\" content=\"de_DE\" \/>\n<meta property=\"og:type\" content=\"article\" \/>\n<meta property=\"og:title\" content=\"EV3 - Ebac-Auto\" \/>\n<meta property=\"og:description\" content=\"Der EV3 100 % elektrisch. Definieren Sie die Standards neu. Erleben Sie die Vorpremiere am Donnerstag, den 26. September w\u00e4hrend der EV3 Roadshow ! Ich nehme teil Entdecken Sie den Kia EV3 Lassen Sie sich vom j\u00fcngsten Mitglied der Kia EV-Familie begeistern: dem EV3, unserem kompakten SUV mit 100 % Elektroantrieb, der die Standards in [&hellip;]\" \/>\n<meta property=\"og:url\" content=\"https:\/\/ebac-auto.be\/de\/kia\/modelle\/ev3\/\" \/>\n<meta property=\"og:site_name\" content=\"Ebac-Auto\" \/>\n<meta property=\"article:modified_time\" content=\"2026-01-01T17:21:57+00:00\" \/>\n<meta property=\"og:image\" content=\"https:\/\/ebac-auto.be\/wp-content\/uploads\/2024\/08\/EV3-Front-1-768x432.jpg\" \/>\n<meta name=\"twitter:card\" content=\"summary_large_image\" \/>\n<meta name=\"twitter:label1\" content=\"Gesch\u00e4tzte Lesezeit\" \/>\n\t<meta name=\"twitter:data1\" content=\"6\u00a0Minuten\" \/>\n<script type=\"application\/ld+json\" class=\"yoast-schema-graph\">{\"@context\":\"https:\\\/\\\/schema.org\",\"@graph\":[{\"@type\":\"WebPage\",\"@id\":\"https:\\\/\\\/ebac-auto.be\\\/de\\\/kia\\\/modelle\\\/ev3\\\/\",\"url\":\"https:\\\/\\\/ebac-auto.be\\\/de\\\/kia\\\/modelle\\\/ev3\\\/\",\"name\":\"EV3 - Ebac-Auto\",\"isPartOf\":{\"@id\":\"https:\\\/\\\/ebac-auto.be\\\/de\\\/#website\"},\"primaryImageOfPage\":{\"@id\":\"https:\\\/\\\/ebac-auto.be\\\/de\\\/kia\\\/modelle\\\/ev3\\\/#primaryimage\"},\"image\":{\"@id\":\"https:\\\/\\\/ebac-auto.be\\\/de\\\/kia\\\/modelle\\\/ev3\\\/#primaryimage\"},\"thumbnailUrl\":\"https:\\\/\\\/ebac-auto.be\\\/wp-content\\\/uploads\\\/2024\\\/08\\\/EV3-Front-1-768x432.jpg\",\"datePublished\":\"2024-08-07T08:55:17+00:00\",\"dateModified\":\"2026-01-01T17:21:57+00:00\",\"breadcrumb\":{\"@id\":\"https:\\\/\\\/ebac-auto.be\\\/de\\\/kia\\\/modelle\\\/ev3\\\/#breadcrumb\"},\"inLanguage\":\"de\",\"potentialAction\":[{\"@type\":\"ReadAction\",\"target\":[\"https:\\\/\\\/ebac-auto.be\\\/de\\\/kia\\\/modelle\\\/ev3\\\/\"]}]},{\"@type\":\"ImageObject\",\"inLanguage\":\"de\",\"@id\":\"https:\\\/\\\/ebac-auto.be\\\/de\\\/kia\\\/modelle\\\/ev3\\\/#primaryimage\",\"url\":\"https:\\\/\\\/ebac-auto.be\\\/wp-content\\\/uploads\\\/2024\\\/08\\\/EV3-Front-1-768x432.jpg\",\"contentUrl\":\"https:\\\/\\\/ebac-auto.be\\\/wp-content\\\/uploads\\\/2024\\\/08\\\/EV3-Front-1-768x432.jpg\"},{\"@type\":\"BreadcrumbList\",\"@id\":\"https:\\\/\\\/ebac-auto.be\\\/de\\\/kia\\\/modelle\\\/ev3\\\/#breadcrumb\",\"itemListElement\":[{\"@type\":\"ListItem\",\"position\":1,\"name\":\"Accueil\",\"item\":\"https:\\\/\\\/ebac-auto.be\\\/de\\\/\"},{\"@type\":\"ListItem\",\"position\":2,\"name\":\"Kia\",\"item\":\"https:\\\/\\\/ebac-auto.be\\\/de\\\/kia\\\/\"},{\"@type\":\"ListItem\",\"position\":3,\"name\":\"Modelle\",\"item\":\"https:\\\/\\\/ebac-auto.be\\\/de\\\/kia\\\/modelle\\\/\"},{\"@type\":\"ListItem\",\"position\":4,\"name\":\"EV3\"}]},{\"@type\":\"WebSite\",\"@id\":\"https:\\\/\\\/ebac-auto.be\\\/de\\\/#website\",\"url\":\"https:\\\/\\\/ebac-auto.be\\\/de\\\/\",\"name\":\"Ebac-Auto\",\"description\":\"Partner f\u00fcr Ihre Mobilit\u00e4t in der Provinz L\u00fcttich\",\"publisher\":{\"@id\":\"https:\\\/\\\/ebac-auto.be\\\/de\\\/#organization\"},\"potentialAction\":[{\"@type\":\"SearchAction\",\"target\":{\"@type\":\"EntryPoint\",\"urlTemplate\":\"https:\\\/\\\/ebac-auto.be\\\/de\\\/?s={search_term_string}\"},\"query-input\":{\"@type\":\"PropertyValueSpecification\",\"valueRequired\":true,\"valueName\":\"search_term_string\"}}],\"inLanguage\":\"de\"},{\"@type\":\"Organization\",\"@id\":\"https:\\\/\\\/ebac-auto.be\\\/de\\\/#organization\",\"name\":\"Ebac\",\"url\":\"https:\\\/\\\/ebac-auto.be\\\/de\\\/\",\"logo\":{\"@type\":\"ImageObject\",\"inLanguage\":\"de\",\"@id\":\"https:\\\/\\\/ebac-auto.be\\\/de\\\/#\\\/schema\\\/logo\\\/image\\\/\",\"url\":\"\",\"contentUrl\":\"\",\"caption\":\"Ebac\"},\"image\":{\"@id\":\"https:\\\/\\\/ebac-auto.be\\\/de\\\/#\\\/schema\\\/logo\\\/image\\\/\"}}]}<\/script>\n<!-- \/ Yoast SEO plugin. -->","yoast_head_json":{"title":"EV3 - Ebac-Auto","robots":{"index":"index","follow":"follow","max-snippet":"max-snippet:-1","max-image-preview":"max-image-preview:large","max-video-preview":"max-video-preview:-1"},"canonical":"https:\/\/ebac-auto.be\/de\/kia\/modelle\/ev3\/","og_locale":"de_DE","og_type":"article","og_title":"EV3 - Ebac-Auto","og_description":"Der EV3 100 % elektrisch. Definieren Sie die Standards neu. Erleben Sie die Vorpremiere am Donnerstag, den 26. September w\u00e4hrend der EV3 Roadshow ! Ich nehme teil Entdecken Sie den Kia EV3 Lassen Sie sich vom j\u00fcngsten Mitglied der Kia EV-Familie begeistern: dem EV3, unserem kompakten SUV mit 100 % Elektroantrieb, der die Standards in [&hellip;]","og_url":"https:\/\/ebac-auto.be\/de\/kia\/modelle\/ev3\/","og_site_name":"Ebac-Auto","article_modified_time":"2026-01-01T17:21:57+00:00","og_image":[{"url":"https:\/\/ebac-auto.be\/wp-content\/uploads\/2024\/08\/EV3-Front-1-768x432.jpg","type":"","width":"","height":""}],"twitter_card":"summary_large_image","twitter_misc":{"Gesch\u00e4tzte Lesezeit":"6\u00a0Minuten"},"schema":{"@context":"https:\/\/schema.org","@graph":[{"@type":"WebPage","@id":"https:\/\/ebac-auto.be\/de\/kia\/modelle\/ev3\/","url":"https:\/\/ebac-auto.be\/de\/kia\/modelle\/ev3\/","name":"EV3 - Ebac-Auto","isPartOf":{"@id":"https:\/\/ebac-auto.be\/de\/#website"},"primaryImageOfPage":{"@id":"https:\/\/ebac-auto.be\/de\/kia\/modelle\/ev3\/#primaryimage"},"image":{"@id":"https:\/\/ebac-auto.be\/de\/kia\/modelle\/ev3\/#primaryimage"},"thumbnailUrl":"https:\/\/ebac-auto.be\/wp-content\/uploads\/2024\/08\/EV3-Front-1-768x432.jpg","datePublished":"2024-08-07T08:55:17+00:00","dateModified":"2026-01-01T17:21:57+00:00","breadcrumb":{"@id":"https:\/\/ebac-auto.be\/de\/kia\/modelle\/ev3\/#breadcrumb"},"inLanguage":"de","potentialAction":[{"@type":"ReadAction","target":["https:\/\/ebac-auto.be\/de\/kia\/modelle\/ev3\/"]}]},{"@type":"ImageObject","inLanguage":"de","@id":"https:\/\/ebac-auto.be\/de\/kia\/modelle\/ev3\/#primaryimage","url":"https:\/\/ebac-auto.be\/wp-content\/uploads\/2024\/08\/EV3-Front-1-768x432.jpg","contentUrl":"https:\/\/ebac-auto.be\/wp-content\/uploads\/2024\/08\/EV3-Front-1-768x432.jpg"},{"@type":"BreadcrumbList","@id":"https:\/\/ebac-auto.be\/de\/kia\/modelle\/ev3\/#breadcrumb","itemListElement":[{"@type":"ListItem","position":1,"name":"Accueil","item":"https:\/\/ebac-auto.be\/de\/"},{"@type":"ListItem","position":2,"name":"Kia","item":"https:\/\/ebac-auto.be\/de\/kia\/"},{"@type":"ListItem","position":3,"name":"Modelle","item":"https:\/\/ebac-auto.be\/de\/kia\/modelle\/"},{"@type":"ListItem","position":4,"name":"EV3"}]},{"@type":"WebSite","@id":"https:\/\/ebac-auto.be\/de\/#website","url":"https:\/\/ebac-auto.be\/de\/","name":"Ebac-Auto","description":"Partner f\u00fcr Ihre Mobilit\u00e4t in der Provinz L\u00fcttich","publisher":{"@id":"https:\/\/ebac-auto.be\/de\/#organization"},"potentialAction":[{"@type":"SearchAction","target":{"@type":"EntryPoint","urlTemplate":"https:\/\/ebac-auto.be\/de\/?s={search_term_string}"},"query-input":{"@type":"PropertyValueSpecification","valueRequired":true,"valueName":"search_term_string"}}],"inLanguage":"de"},{"@type":"Organization","@id":"https:\/\/ebac-auto.be\/de\/#organization","name":"Ebac","url":"https:\/\/ebac-auto.be\/de\/","logo":{"@type":"ImageObject","inLanguage":"de","@id":"https:\/\/ebac-auto.be\/de\/#\/schema\/logo\/image\/","url":"","contentUrl":"","caption":"Ebac"},"image":{"@id":"https:\/\/ebac-auto.be\/de\/#\/schema\/logo\/image\/"}}]}},"_links":{"self":[{"href":"https:\/\/ebac-auto.be\/de\/wp-json\/wp\/v2\/pages\/4304","targetHints":{"allow":["GET"]}}],"collection":[{"href":"https:\/\/ebac-auto.be\/de\/wp-json\/wp\/v2\/pages"}],"about":[{"href":"https:\/\/ebac-auto.be\/de\/wp-json\/wp\/v2\/types\/page"}],"author":[{"embeddable":true,"href":"https:\/\/ebac-auto.be\/de\/wp-json\/wp\/v2\/users\/6"}],"replies":[{"embeddable":true,"href":"https:\/\/ebac-auto.be\/de\/wp-json\/wp\/v2\/comments?post=4304"}],"version-history":[{"count":30,"href":"https:\/\/ebac-auto.be\/de\/wp-json\/wp\/v2\/pages\/4304\/revisions"}],"predecessor-version":[{"id":6432,"href":"https:\/\/ebac-auto.be\/de\/wp-json\/wp\/v2\/pages\/4304\/revisions\/6432"}],"up":[{"embeddable":true,"href":"https:\/\/ebac-auto.be\/de\/wp-json\/wp\/v2\/pages\/2620"}],"wp:attachment":[{"href":"https:\/\/ebac-auto.be\/de\/wp-json\/wp\/v2\/media?parent=4304"}],"curies":[{"name":"wp","href":"https:\/\/api.w.org\/{rel}","templated":true}]}}